{"id":4153,"date":"2022-12-22T13:07:35","date_gmt":"2022-12-22T12:07:35","guid":{"rendered":"https:\/\/ent2d.ac-bordeaux.fr\/disciplines\/svt\/?page_id=4153"},"modified":"2023-10-05T15:21:26","modified_gmt":"2023-10-05T14:21:26","slug":"contacts","status":"publish","type":"page","link":"https:\/\/ent2d.ac-bordeaux.fr\/disciplines\/svt\/informations\/contacts\/","title":{"rendered":"Contacts"},"content":{"rendered":"\n<h1 class=\"wp-block-heading\">Contact inspection<\/h1>\n\n\n\n<h4 class=\"wp-block-heading\"><strong>Jean-Marc MOULLET, <\/strong>Inspecteur G\u00e9n\u00e9ral de l\u2019Education Nationale est le doyen du groupe STVST<\/h4>\n\n\n\n<h4 class=\"wp-block-heading\"><strong>Bertrand PAJOT,<\/strong> Inspecteur G\u00e9n\u00e9ral de l\u2019Education Nationale, a en responsabilit\u00e9 notre acad\u00e9mie.<\/h4>\n\n\n\n<h4 class=\"wp-block-heading\">Les responsabilit\u00e9s de l\u2019inspection p\u00e9dagogique r\u00e9gionale se r\u00e9partissent comme suit&nbsp;:<\/h4>\n\n\n\n<figure class=\"wp-block-table is-style-stripes\"><table><thead><tr><th class=\"has-text-align-left\" data-align=\"left\"> <span class=\"has-inline-color has-luminous-vivid-orange-color\"><strong>Zones d\u2019animation p\u00e9dagogiques<\/strong><\/span> <\/th><th class=\"has-text-align-center\" data-align=\"center\"> <strong><span class=\"has-inline-color has-luminous-vivid-orange-color\">Inspecteurs<\/span><\/strong> <\/th><\/tr><\/thead><tbody><tr><td class=\"has-text-align-left\" data-align=\"left\"><strong>24 : Est-Dordogne<br>33 : Bordeaux Centre, Gradignan-Talence, Sud Gironde-<br>Sud Entre deux Mers,<br>40 : Dax et Mont de Marsan<br>64 : ensemble du d\u00e9partement.<\/strong><\/td><td class=\"has-text-align-center\" data-align=\"center\"><strong>F. BLANC<\/strong> <br><a rel=\"noreferrer noopener\" href=\"mailto:frederic.blanc2@ac-bordeaux.fr\" target=\"_blank\"><strong>frederic.blanc2@ac-bordeaux.fr<\/strong><\/a><\/td><\/tr><tr><td class=\"has-text-align-left\" data-align=\"left\"><strong>24&nbsp;: Nord Dordogne, Ouest Dordogne<\/strong> <strong>&nbsp;<\/strong><\/td><td class=\"has-text-align-center\" data-align=\"center\"><strong>B. FORESTIER<\/strong> <br><a rel=\"noreferrer noopener\" href=\"mailto:bruno.forestier@ac-bordeaux.fr\" target=\"_blank\"><strong>bruno.forestier@ac-bordeaux.fr<\/strong><\/a><\/td><\/tr><tr><td class=\"has-text-align-left\" data-align=\"left\"><strong>24 : Bergerac et P\u00e9rigueux<br>33 : Arcachon, Blaye, B\u00e8gles-Lormont, Bordeaux-St Medard en Jalles, Bordeaux-M\u00e9rignac, Libourne, Medoc.<br>47 : ensemble du d\u00e9partement.<br>40 : Parentis<\/strong><\/td><td class=\"has-text-align-center\" data-align=\"center\"><strong>F. SALLETTE <\/strong><br><strong><a rel=\"noreferrer noopener\" href=\"mailto:fabienne.sallette@ac-bordeaux.fr\" target=\"_blank\">fabienne.sallette@ac-bordeaux.fr<\/a><\/strong><\/td><\/tr><tr><td class=\"has-text-align-left\" data-align=\"left\">&nbsp;<\/td><td class=\"has-text-align-center\" data-align=\"center\"><strong><span class=\"has-inline-color has-luminous-vivid-orange-color\">Charg\u00e9s de mission d\u2019inspection<\/span><\/strong><\/td><\/tr><tr><td class=\"has-text-align-left\" data-align=\"left\">&nbsp;<\/td><td class=\"has-text-align-center\" data-align=\"center\"><strong>Bertrand Duval<\/strong><br><strong>Pierre-Yves Hiquet<\/strong><\/td><\/tr><\/tbody><\/table><\/figure>\n\n\n\n<h1 class=\"wp-block-heading\">Contact IAN ac-bordeaux<\/h1>\n\n\n\n<div class=\"wp-block-media-text alignwide is-stacked-on-mobile\" style=\"grid-template-columns:23% auto\"><figure class=\"wp-block-media-text__media\"><img loading=\"lazy\" decoding=\"async\" width=\"472\" height=\"381\" src=\"https:\/\/ent2d.ac-bordeaux.fr\/disciplines\/svt\/wp-content\/uploads\/sites\/4\/2023\/02\/IAN-SVT.png\" alt=\"\" class=\"wp-image-4415 size-full\" srcset=\"https:\/\/ent2d.ac-bordeaux.fr\/disciplines\/svt\/wp-content\/uploads\/sites\/4\/2023\/02\/IAN-SVT.png 472w, https:\/\/ent2d.ac-bordeaux.fr\/disciplines\/svt\/wp-content\/uploads\/sites\/4\/2023\/02\/IAN-SVT-300x242.png 300w\" sizes=\"auto, (max-width: 472px) 100vw, 472px\" \/><\/figure><div class=\"wp-block-media-text__content\">\n<h3 class=\"wp-block-heading\">IAN SVT :<\/h3>\n\n\n\n<ul class=\"wp-block-list\">\n<li>Damien DUDZINSKI : <a rel=\"noreferrer noopener\" href=\"mailto:Damien.Dudzinski@ac-bordeaux.fr\" target=\"_blank\">Damien.Dudzinski@ac-bordeaux.fr<\/a> <\/li>\n<\/ul>\n<\/div><\/div>\n\n\n\n<p><\/p>\n","protected":false},"excerpt":{"rendered":"<p>Contact inspection Jean-Marc MOULLET, Inspecteur G\u00e9n\u00e9ral de l\u2019Education Nationale est le doyen du groupe STVST Bertrand PAJOT, Inspecteur G\u00e9n\u00e9ral de l\u2019Education Nationale, a en responsabilit\u00e9 notre acad\u00e9mie. Les responsabilit\u00e9s de l\u2019inspection p\u00e9dagogique r\u00e9gionale se r\u00e9partissent comme suit&nbsp;: Zones d\u2019animation p\u00e9dagogiques Inspecteurs 24 : Est-Dordogne33 : Bordeaux Centre, Gradignan-Talence, Sud Gironde-Sud Entre deux Mers,40 : Dax &hellip; <\/p>\n<p><a class=\"more-link btn\" href=\"https:\/\/ent2d.ac-bordeaux.fr\/disciplines\/svt\/informations\/contacts\/\">Lire la suite<\/a><\/p>\n","protected":false},"author":1615,"featured_media":0,"parent":4063,"menu_order":1,"comment_status":"closed","ping_status":"closed","template":"","meta":{"footnotes":""},"class_list":["post-4153","page","type-page","status-publish","hentry","nodate","item-wrap"],"_links":{"self":[{"href":"https:\/\/ent2d.ac-bordeaux.fr\/disciplines\/svt\/wp-json\/wp\/v2\/pages\/4153","targetHints":{"allow":["GET"]}}],"collection":[{"href":"https:\/\/ent2d.ac-bordeaux.fr\/disciplines\/svt\/wp-json\/wp\/v2\/pages"}],"about":[{"href":"https:\/\/ent2d.ac-bordeaux.fr\/disciplines\/svt\/wp-json\/wp\/v2\/types\/page"}],"author":[{"embeddable":true,"href":"https:\/\/ent2d.ac-bordeaux.fr\/disciplines\/svt\/wp-json\/wp\/v2\/users\/1615"}],"replies":[{"embeddable":true,"href":"https:\/\/ent2d.ac-bordeaux.fr\/disciplines\/svt\/wp-json\/wp\/v2\/comments?post=4153"}],"version-history":[{"count":8,"href":"https:\/\/ent2d.ac-bordeaux.fr\/disciplines\/svt\/wp-json\/wp\/v2\/pages\/4153\/revisions"}],"predecessor-version":[{"id":5248,"href":"https:\/\/ent2d.ac-bordeaux.fr\/disciplines\/svt\/wp-json\/wp\/v2\/pages\/4153\/revisions\/5248"}],"up":[{"embeddable":true,"href":"https:\/\/ent2d.ac-bordeaux.fr\/disciplines\/svt\/wp-json\/wp\/v2\/pages\/4063"}],"wp:attachment":[{"href":"https:\/\/ent2d.ac-bordeaux.fr\/disciplines\/svt\/wp-json\/wp\/v2\/media?parent=4153"}],"curies":[{"name":"wp","href":"https:\/\/api.w.org\/{rel}","templated":true}]}}