{"id":8711,"date":"2026-09-04T17:00:50","date_gmt":"2026-09-04T15:00:50","guid":{"rendered":"https:\/\/ent2d.ac-bordeaux.fr\/disciplines\/semaine-des-maths\/?page_id=8711"},"modified":"2026-09-04T17:37:48","modified_gmt":"2026-09-04T15:37:48","slug":"presentation-de-la-semaine-des-mathematiques-2027","status":"publish","type":"page","link":"https:\/\/ent2d.ac-bordeaux.fr\/disciplines\/semaine-des-maths\/presentation-de-la-semaine-des-mathematiques-2027\/","title":{"rendered":"Pr\u00e9sentation de la semaine des math\u00e9matiques 2027"},"content":{"rendered":"\n<p>La 16<sup>e<\/sup>&nbsp;semaine des math\u00e9matiques se d\u00e9roule du <strong>8 au 18 mars 2027<\/strong> sur le th\u00e8me \u00ab&nbsp;<strong>A la lumi\u00e8re des Math\u00e9matiques<\/strong> \u00bb.<\/p>\n\n\n\n<p>La Semaine des math\u00e9matiques a pour objectif d\u2019offrir \u00e0 tous les \u00e9l\u00e8ves des \u00e9coles, coll\u00e8ges et lyc\u00e9es ainsi qu&#8217;\u00e0 leurs parents, <strong>une image actuelle, vivante et attractive des math\u00e9matiques<\/strong>.<\/p>\n\n\n\n<figure class=\"wp-block-image size-full\"><img loading=\"lazy\" decoding=\"async\" width=\"1024\" height=\"560\" src=\"https:\/\/ent2d.ac-bordeaux.fr\/disciplines\/semaine-des-maths\/wp-content\/uploads\/sites\/17\/2026\/09\/Banniere-semaine-des-maths3.jpg\" alt=\"\" class=\"wp-image-8720\" srcset=\"https:\/\/ent2d.ac-bordeaux.fr\/disciplines\/semaine-des-maths\/wp-content\/uploads\/sites\/17\/2026\/09\/Banniere-semaine-des-maths3.jpg 1024w, https:\/\/ent2d.ac-bordeaux.fr\/disciplines\/semaine-des-maths\/wp-content\/uploads\/sites\/17\/2026\/09\/Banniere-semaine-des-maths3-300x164.jpg 300w, https:\/\/ent2d.ac-bordeaux.fr\/disciplines\/semaine-des-maths\/wp-content\/uploads\/sites\/17\/2026\/09\/Banniere-semaine-des-maths3-768x420.jpg 768w, https:\/\/ent2d.ac-bordeaux.fr\/disciplines\/semaine-des-maths\/wp-content\/uploads\/sites\/17\/2026\/09\/Banniere-semaine-des-maths3-1536x840.jpg 1536w, https:\/\/ent2d.ac-bordeaux.fr\/disciplines\/semaine-des-maths\/wp-content\/uploads\/sites\/17\/2026\/09\/Banniere-semaine-des-maths3-825x451.jpg 825w\" sizes=\"auto, (max-width: 1024px) 100vw, 1024px\" \/><\/figure>\n\n\n\n<p><\/p>\n\n\n\n<p>Chaque printemps, cette semaine s&#8217;attache \u00e0 sensibiliser le grand public \u00e0 l&#8217;aspect culturel des math\u00e9matiques en montrant le r\u00f4le essentiel qu&#8217;elles jouent dans l&#8217;histoire de l&#8217;humanit\u00e9, notamment du point de vue de la compr\u00e9hension scientifique du monde. Elle entend ainsi valoriser les nombreuses actions mises en \u0153uvre tout au long de l&#8217;ann\u00e9e en faveur du rayonnement des math\u00e9matiques.<\/p>\n\n\n\n<p>Cette op\u00e9ration est \u00e9galement l&#8217;occasion de <strong>souligner l&#8217;importance qu&#8217;ont les math\u00e9matiques dans la formation des citoyens et citoyennes<\/strong> (contribution \u00e0 l&#8217;apprentissage du raisonnement, structuration de la pens\u00e9e, etc.) et dans leur vie quotidienne (nombres, formes, mesures, sciences du num\u00e9rique, etc.). Cette semaine permet \u00e9galement de mettre en \u00e9vidence la vari\u00e9t\u00e9 des m\u00e9tiers dans lesquels les math\u00e9matiques jouent un r\u00f4le majeur, ainsi que la <strong>richesse des liens que les math\u00e9matiques entretiennent avec d&#8217;autres disciplines, qu&#8217;elles soient scientifiques, techniques ou artistiques <\/strong>(musique, litt\u00e9rature, arts visuels).<\/p>\n\n\n\n<p>R\u00e9pondant pleinement \u00e0 la volont\u00e9 de r\u00e9concilier tous les \u00e9l\u00e8ves avec les math\u00e9matiques et promouvoir l&#8217;excellence, nuancer les repr\u00e9sentations sur les math\u00e9matiques et leur r\u00e9putation \u00e9litiste, encourager l\u2019\u00e9galit\u00e9 filles-gar\u00e7ons et la mixit\u00e9 sociale, <strong>la Semaine des math\u00e9matiques permet de faire d\u00e9couvrir \u00e0 tous les \u00e9l\u00e8ves le plaisir de faire des math\u00e9matiques et favorise l&#8217;\u00e9closion d&#8217;une v\u00e9ritable culture scientifique<\/strong>. Les \u00e9coles et les \u00e9tablissements sont alors des lieux d&#8217;exp\u00e9rimentation pour pouvoir mettre en place le triptyque \u00ab&nbsp;manipuler, verbaliser, abstraire&nbsp;\u00bb.<\/p>\n\n\n\n<h2 class=\"wp-block-heading\" id=\"summary-item-1\">\u00c9dition 2027 \u00ab&nbsp;A la lumi\u00e8re des Math\u00e9matiques \u00bb<\/h2>\n\n\n\n<p><strong>\u00ab \u00c0 la lumi\u00e8re des Math\u00e9matiques \u00bb<\/strong> invite \u00e0 porter un regard nouveau sur les math\u00e9matiques et \u00e0 d\u00e9couvrir leur pr\u00e9sence dans notre quotidien. Elles sont partout : dans la nature, les sciences, les technologies, l\u2019architecture, l\u2019art, le num\u00e9rique ou encore dans notre mani\u00e8re de comprendre et d\u2019analyser le monde.<\/p>\n\n\n\n<p>Ce th\u00e8me met en valeur les math\u00e9matiques comme un <strong>outil pour observer, questionner, raisonner et r\u00e9soudre des probl\u00e8mes<\/strong>. Il permet \u00e9galement de montrer leur richesse, leur cr\u00e9ativit\u00e9 et les liens qu\u2019elles entretiennent avec de nombreux domaines.<\/p>\n\n\n\n<p>En 2027, chacun est ainsi invit\u00e9 \u00e0 <strong>explorer, exp\u00e9rimenter et d\u00e9couvrir les math\u00e9matiques sous un autre \u00e9clairage<\/strong>, pour mieux comprendre leur r\u00f4le dans notre soci\u00e9t\u00e9 et dans notre vie de tous les jours.<\/p>\n\n\n\n<h2 class=\"wp-block-heading\" id=\"summary-item-2\">Objectifs<\/h2>\n\n\n\n<ul class=\"wp-block-list\">\n<li><strong>proposer<\/strong> une image actuelle, vivante et attractive des math\u00e9matiques&nbsp;;<\/li>\n\n\n\n<li><strong>insister<\/strong> sur l&#8217;importance des math\u00e9matiques dans la formation des citoyens et dans leur vie quotidienne (nombres, formes, mesures, sciences du num\u00e9rique)&nbsp;;<\/li>\n\n\n\n<li><strong>pr\u00e9senter<\/strong> la diversit\u00e9 des m\u00e9tiers dans lesquels les math\u00e9matiques jouent un r\u00f4le important ou essentiel ainsi que la richesse des liens existant entre les math\u00e9matiques et les autres disciplines (physique, chimie, sciences de la vie, environnement, informatique, sciences \u00e9conomiques et sociales, g\u00e9ographie, etc.)&nbsp;;<\/li>\n\n\n\n<li><strong>montrer<\/strong> que la pratique des math\u00e9matiques peut \u00eatre source d&#8217;\u00e9motions de nature esth\u00e9tique (\u00e9l\u00e9gance d&#8217;une th\u00e9orie, d&#8217;une formule, d&#8217;un raisonnement) afin de d\u00e9voiler le lien entre math\u00e9matiques, plaisir et cr\u00e9ativit\u00e9.<\/li>\n<\/ul>\n\n\n\n<p><\/p>\n","protected":false},"excerpt":{"rendered":"<p>La 16e&nbsp;semaine des math\u00e9matiques se d\u00e9roule du 8 au 18 mars 2027 sur le th\u00e8me \u00ab&nbsp;A la lumi\u00e8re des Math\u00e9matiques \u00bb. La Semaine des math\u00e9matiques a pour objectif d\u2019offrir \u00e0 tous les \u00e9l\u00e8ves des \u00e9coles, coll\u00e8ges et lyc\u00e9es ainsi qu&#8217;\u00e0 leurs parents, une image actuelle, vivante et attractive des math\u00e9matiques. Chaque printemps, cette semaine s&#8217;attache &hellip; <\/p>\n<p><a class=\"more-link btn\" href=\"https:\/\/ent2d.ac-bordeaux.fr\/disciplines\/semaine-des-maths\/presentation-de-la-semaine-des-mathematiques-2027\/\">Lire la suite<\/a><\/p>\n","protected":false},"author":895,"featured_media":0,"parent":0,"menu_order":0,"comment_status":"closed","ping_status":"closed","template":"","meta":{"footnotes":""},"class_list":["post-8711","page","type-page","status-publish","hentry","nodate","item-wrap"],"_links":{"self":[{"href":"https:\/\/ent2d.ac-bordeaux.fr\/disciplines\/semaine-des-maths\/wp-json\/wp\/v2\/pages\/8711","targetHints":{"allow":["GET"]}}],"collection":[{"href":"https:\/\/ent2d.ac-bordeaux.fr\/disciplines\/semaine-des-maths\/wp-json\/wp\/v2\/pages"}],"about":[{"href":"https:\/\/ent2d.ac-bordeaux.fr\/disciplines\/semaine-des-maths\/wp-json\/wp\/v2\/types\/page"}],"author":[{"embeddable":true,"href":"https:\/\/ent2d.ac-bordeaux.fr\/disciplines\/semaine-des-maths\/wp-json\/wp\/v2\/users\/895"}],"replies":[{"embeddable":true,"href":"https:\/\/ent2d.ac-bordeaux.fr\/disciplines\/semaine-des-maths\/wp-json\/wp\/v2\/comments?post=8711"}],"version-history":[{"count":2,"href":"https:\/\/ent2d.ac-bordeaux.fr\/disciplines\/semaine-des-maths\/wp-json\/wp\/v2\/pages\/8711\/revisions"}],"predecessor-version":[{"id":8721,"href":"https:\/\/ent2d.ac-bordeaux.fr\/disciplines\/semaine-des-maths\/wp-json\/wp\/v2\/pages\/8711\/revisions\/8721"}],"wp:attachment":[{"href":"https:\/\/ent2d.ac-bordeaux.fr\/disciplines\/semaine-des-maths\/wp-json\/wp\/v2\/media?parent=8711"}],"curies":[{"name":"wp","href":"https:\/\/api.w.org\/{rel}","templated":true}]}}