{"id":359,"date":"2017-06-04T01:57:50","date_gmt":"2017-06-03T23:57:50","guid":{"rendered":"https:\/\/ent2d.ac-bordeaux.fr\/disciplines\/philosophie\/?page_id=359"},"modified":"2025-12-28T18:52:09","modified_gmt":"2025-12-28T17:52:09","slug":"concours-general","status":"publish","type":"page","link":"https:\/\/ent2d.ac-bordeaux.fr\/disciplines\/philosophie\/concours-general\/","title":{"rendered":"Concours g\u00e9n\u00e9ral"},"content":{"rendered":"<h6><strong><img loading=\"lazy\" decoding=\"async\" class=\"alignnone wp-image-154\" src=\"https:\/\/ent2d.ac-bordeaux.fr\/disciplines\/philosophie\/wp-content\/uploads\/sites\/24\/2017\/06\/Minervas_ugle-1-124x300.png\" alt=\"\" width=\"10\" height=\"24\" srcset=\"https:\/\/ent2d.ac-bordeaux.fr\/disciplines\/philosophie\/wp-content\/uploads\/sites\/24\/2017\/06\/Minervas_ugle-1-124x300.png 124w, https:\/\/ent2d.ac-bordeaux.fr\/disciplines\/philosophie\/wp-content\/uploads\/sites\/24\/2017\/06\/Minervas_ugle-1-425x1024.png 425w, https:\/\/ent2d.ac-bordeaux.fr\/disciplines\/philosophie\/wp-content\/uploads\/sites\/24\/2017\/06\/Minervas_ugle-1.png 523w\" sizes=\"auto, (max-width: 10px) 100vw, 10px\" \/><span style=\"color: #800000\">\u00a0 Le concours g\u00e9n\u00e9ral<\/span><\/strong><\/h6>\n<ul>\n<li>Le concours g\u00e9n\u00e9ral s&#8217;adresse aux \u00e9l\u00e8ves de premi\u00e8re et de terminale des lyc\u00e9es d&#8217;enseignement g\u00e9n\u00e9ral et technologique publics et priv\u00e9s sous contrat. Il comporte 30 disciplines. Vous pouvez retrouver sa description compl\u00e8te ainsi que ses r\u00e9compenses sur le site de <a href=\"http:\/\/www.education.gouv.fr\/cid23025\/le-concours-general.html#Descriptif\">l&#8217;\u00e9ducation nationale<\/a>.<\/li>\n<\/ul>\n<h6><strong><img loading=\"lazy\" decoding=\"async\" class=\"alignnone wp-image-154\" src=\"https:\/\/ent2d.ac-bordeaux.fr\/disciplines\/philosophie\/wp-content\/uploads\/sites\/24\/2017\/06\/Minervas_ugle-1-124x300.png\" alt=\"\" width=\"10\" height=\"24\" srcset=\"https:\/\/ent2d.ac-bordeaux.fr\/disciplines\/philosophie\/wp-content\/uploads\/sites\/24\/2017\/06\/Minervas_ugle-1-124x300.png 124w, https:\/\/ent2d.ac-bordeaux.fr\/disciplines\/philosophie\/wp-content\/uploads\/sites\/24\/2017\/06\/Minervas_ugle-1-425x1024.png 425w, https:\/\/ent2d.ac-bordeaux.fr\/disciplines\/philosophie\/wp-content\/uploads\/sites\/24\/2017\/06\/Minervas_ugle-1.png 523w\" sizes=\"auto, (max-width: 10px) 100vw, 10px\" \/><span style=\"color: #800000\">\u00a0\u00a0Textes de r\u00e9f\u00e9rence relatifs au\u00a0<\/span><\/strong><span style=\"color: #800000\"><b>concours g\u00e9n\u00e9ral et proc\u00e9dures d&#8217;inscription<\/b><\/span><\/h6>\n<ul>\n<li><a href=\"http:\/\/www.education.gouv.fr\/pid285\/bulletin_officiel.html?cid_bo=108855\">Textes de r\u00e9f\u00e9rence relatifs au concours g\u00e9n\u00e9ral<\/a>.<\/li>\n<li>Vous pouvez retrouver ici <a href=\"http:\/\/applications.eduscol.education.fr\/D0073F\/cgweb.php?type_cg=cgl\">l&#8217;application CGweb<\/a> disponible par ailleurs sur le portail\u00a0<strong>Eduscol<\/strong>\u00a0sous la rubrique &#8220;<em>lyc\u00e9e et formation professionnelle \/ concours g\u00e9n\u00e9ral des lyc\u00e9es et des m\u00e9tiers \/ inscription au concours g\u00e9n\u00e9ral des lyc\u00e9es<\/em>&#8220;.<\/li>\n<\/ul>\n<h6><strong><img loading=\"lazy\" decoding=\"async\" class=\"alignnone wp-image-154\" src=\"https:\/\/ent2d.ac-bordeaux.fr\/disciplines\/philosophie\/wp-content\/uploads\/sites\/24\/2017\/06\/Minervas_ugle-1-124x300.png\" alt=\"\" width=\"10\" height=\"24\" srcset=\"https:\/\/ent2d.ac-bordeaux.fr\/disciplines\/philosophie\/wp-content\/uploads\/sites\/24\/2017\/06\/Minervas_ugle-1-124x300.png 124w, https:\/\/ent2d.ac-bordeaux.fr\/disciplines\/philosophie\/wp-content\/uploads\/sites\/24\/2017\/06\/Minervas_ugle-1-425x1024.png 425w, https:\/\/ent2d.ac-bordeaux.fr\/disciplines\/philosophie\/wp-content\/uploads\/sites\/24\/2017\/06\/Minervas_ugle-1.png 523w\" sizes=\"auto, (max-width: 10px) 100vw, 10px\" \/><span style=\"color: #800000\">\u00a0 Sujets et rapports du jury du\u00a0<\/span><\/strong><span style=\"color: #800000\"><b>concours g\u00e9n\u00e9ral<\/b><\/span><\/h6>\n<ul>\n<li>Session 2025\n<ul>\n<li><strong>Un monde plus humain\u00a0<\/strong>(6 heures)<\/li>\n<\/ul>\n<\/li>\n<li>Session 2024\n<ul>\n<li><strong>Jouer un r\u00f4le <\/strong>(6 heures)<\/li>\n<\/ul>\n<\/li>\n<li>Session 2023\n<ul>\n<li><strong>Le choix des mots <\/strong>(6 heures)<\/li>\n<\/ul>\n<\/li>\n<li>Session 2022\n<ul>\n<li><strong>Sauver les apparences <\/strong>(6 heures)<\/li>\n<\/ul>\n<\/li>\n<li>Session 2021\n<ul>\n<li><b>L&#8217;incertitude<\/b><strong>\u00a0<\/strong>(6 heures)<\/li>\n<\/ul>\n<\/li>\n<li>Session 2020\n<ul>\n<li>Sujet ES, S en philosophie:\u00a0<strong>Peut-on perdre confiance en la raison ?\u00a0<\/strong>(6 heures)<\/li>\n<li>Sujet L en philosophie :\u00a0<strong>L&#8217;\u00e9ducation du go\u00fbt\u00a0<\/strong>(6 heures).<\/li>\n<\/ul>\n<\/li>\n<li>Session 2019\n<ul>\n<li>Sujet ES, S en philosophie:\u00a0<strong>Que peut-on s&#8217;approprier ?\u00a0<\/strong>(6 heures)<\/li>\n<li>Sujet L en philosophie:\u00a0<strong>Oublier<\/strong><\/li>\n<\/ul>\n<\/li>\n<li>Session 2018\n<ul>\n<li>Sujet ES, S en philosophie:\u00a0<strong>Comment savoir ce qu&#8217;il faut faire ?\u00a0<\/strong>(6 heures)<\/li>\n<li>Sujet L en philosophie:\u00a0<strong>L&#8217;intelligence donne-t-elle des droits ?\u00a0<\/strong>(6 heures)<\/li>\n<\/ul>\n<\/li>\n<li>Session 2017\n<ul>\n<li>Sujet ES, S en philosophie:\u00a0<strong>La beaut\u00e9 peut-elle sauver le monde ?\u00a0<\/strong>(6 heures)<\/li>\n<li>Sujet L en philosophie:\u00a0<strong>Le pouvoir du peuple\u00a0<\/strong>(6 heures)<\/li>\n<\/ul>\n<\/li>\n<li>Session 2016\n<ul>\n<li>Sujet ES, S en philosophie:\u00a0<strong>Le r\u00e9el est-il ce que l&#8217;on croit ?<\/strong>\u00a0(6 heures)<\/li>\n<li>Sujet L en philosophie:\u00a0<strong>Mal faire<\/strong>\u00a0(6 heures)<\/li>\n<\/ul>\n<\/li>\n<li>Session 2015\n<ul>\n<li>Sujet ES, S en philosophie: <strong>le droit \u00e0 l&#8217;erreur<\/strong> (6 heures)<\/li>\n<li>Sujet L en philosophie: <strong>le besoin des autres<\/strong> (6 heures)<\/li>\n<\/ul>\n<\/li>\n<li>Session 2014\n<ul>\n<li>Sujet\u00a0ES, S en philosophie:\u00a0<strong>Faut-il toujours saisir l&#8217;occasion ?<\/strong>\u00a0(6 heures)<\/li>\n<li>Sujet L en philosophie:\u00a0<strong>L&#8217;ordre des choses\u00a0<\/strong>(6 heures)<\/li>\n<\/ul>\n<\/li>\n<li>Session 2013\n<ul>\n<li>Sujet ES, S en philosophie:\u00a0<strong>Peut-on abolir le hasard ?<\/strong>\u00a0(6 heures)<\/li>\n<li>Sujet L en philosophie:\u00a0<strong>Y a-t-il des limites au droit ?<\/strong>\u00a0(6 heures)<\/li>\n<\/ul>\n<\/li>\n<li>Session 2012\n<ul>\n<li>Sujet ES, S en philosophie: <strong>le lieu commun<\/strong> (6 heures)<\/li>\n<li>Sujet L en philosophie: <strong>\u00eatre de son temps<\/strong> (6 heures)<\/li>\n<li>Rapport du jury:\u00a0<a href=\"https:\/\/ent2d.ac-bordeaux.fr\/disciplines\/philosophie\/wp-content\/uploads\/sites\/24\/2017\/06\/CGL_Rapport2012_Philosophie_T_ES-L-S_232246.pdf\">CGL_Rapport2012_Philosophie_T_ES-L-S_232246<\/a><\/li>\n<\/ul>\n<\/li>\n<li>La liste des sujets de philosophie des sessions 1974 \u00e0 2016 (incompl\u00e8te) est\u00a0<a href=\"http:\/\/concoursgeneral.free.fr\/cg\/sujets\/sujets.html#philosophie_l\">disponible ici<\/a>.<\/li>\n<\/ul>\n","protected":false},"excerpt":{"rendered":"<p>\u00a0 Le concours g\u00e9n\u00e9ral Le concours g\u00e9n\u00e9ral s&#8217;adresse aux \u00e9l\u00e8ves de premi\u00e8re et de terminale des lyc\u00e9es d&#8217;enseignement g\u00e9n\u00e9ral et technologique publics et priv\u00e9s sous contrat. Il comporte 30 disciplines. Vous pouvez retrouver sa description compl\u00e8te ainsi que ses r\u00e9compenses sur le site de l&#8217;\u00e9ducation nationale. \u00a0\u00a0Textes de r\u00e9f\u00e9rence relatifs au\u00a0concours g\u00e9n\u00e9ral et proc\u00e9dures d&#8217;inscription &hellip; <\/p>\n<p><a class=\"more-link btn\" href=\"https:\/\/ent2d.ac-bordeaux.fr\/disciplines\/philosophie\/concours-general\/\">Lire la suite<\/a><\/p>\n","protected":false},"author":2078,"featured_media":0,"parent":0,"menu_order":0,"comment_status":"closed","ping_status":"closed","template":"","meta":{"footnotes":""},"class_list":["post-359","page","type-page","status-publish","hentry","nodate","item-wrap"],"_links":{"self":[{"href":"https:\/\/ent2d.ac-bordeaux.fr\/disciplines\/philosophie\/wp-json\/wp\/v2\/pages\/359","targetHints":{"allow":["GET"]}}],"collection":[{"href":"https:\/\/ent2d.ac-bordeaux.fr\/disciplines\/philosophie\/wp-json\/wp\/v2\/pages"}],"about":[{"href":"https:\/\/ent2d.ac-bordeaux.fr\/disciplines\/philosophie\/wp-json\/wp\/v2\/types\/page"}],"author":[{"embeddable":true,"href":"https:\/\/ent2d.ac-bordeaux.fr\/disciplines\/philosophie\/wp-json\/wp\/v2\/users\/2078"}],"replies":[{"embeddable":true,"href":"https:\/\/ent2d.ac-bordeaux.fr\/disciplines\/philosophie\/wp-json\/wp\/v2\/comments?post=359"}],"version-history":[{"count":4,"href":"https:\/\/ent2d.ac-bordeaux.fr\/disciplines\/philosophie\/wp-json\/wp\/v2\/pages\/359\/revisions"}],"predecessor-version":[{"id":1697,"href":"https:\/\/ent2d.ac-bordeaux.fr\/disciplines\/philosophie\/wp-json\/wp\/v2\/pages\/359\/revisions\/1697"}],"wp:attachment":[{"href":"https:\/\/ent2d.ac-bordeaux.fr\/disciplines\/philosophie\/wp-json\/wp\/v2\/media?parent=359"}],"curies":[{"name":"wp","href":"https:\/\/api.w.org\/{rel}","templated":true}]}}