{"id":1406,"date":"2020-03-16T10:34:54","date_gmt":"2020-03-16T09:34:54","guid":{"rendered":"https:\/\/ent2d.ac-bordeaux.fr\/disciplines\/musique\/?page_id=1406"},"modified":"2020-04-28T20:21:07","modified_gmt":"2020-04-28T18:21:07","slug":"continuite-pedagogique","status":"publish","type":"page","link":"https:\/\/ent2d.ac-bordeaux.fr\/disciplines\/musique\/continuite-pedagogique\/","title":{"rendered":"Continuit\u00e9 P\u00e9dagogique"},"content":{"rendered":"<hr \/>\n<h2><strong>Mise en place de la continuit\u00e9 p\u00e9dagogique en \u00c9ducation musicale<\/strong><\/h2>\n<h3>Extrait du pr\u00e9ambule de Vincent Maestracci, IG\u00c9SR,<\/h3>\n<h5>\u00e0 retrouver en int\u00e9gralit\u00e9 sur le <a href=\"http:\/\/musique.ac-creteil.fr\/spip.php?article502\" target=\"_blank\" rel=\"noopener noreferrer\">site musique de l&rsquo;Acad\u00e9mie de Cr\u00e9teil<\/a><\/h5>\n<p class=\"justif\">\u00ab\u00a0La mise en \u0153uvre de la continuit\u00e9 p\u00e9dagogique est un d\u00e9fi consid\u00e9rable \u00e0 la mesure de la situation sanitaire que connait notre pays. Les professeurs sont en premi\u00e8re ligne et doivent inventer dans l\u2019urgence des strat\u00e9gies p\u00e9dagogiques et \u00e9ducatives pour, quasi simultan\u00e9ment, les mettre en \u0153uvre en imaginant une nouvelle m\u00e9diation entre eux-m\u00eames, les \u00e9l\u00e8ves et les parents. Nous sommes tous mobilis\u00e9s pour y parvenir.<\/p>\n<p class=\"justif\">N\u2019ayons cependant pas d\u2019illusion sur la capacit\u00e9 qui serait la n\u00f4tre d\u2019assurer une stricte continuit\u00e9 entre ce qui se passait en classe les semaines pr\u00e9c\u00e9dentes et ce qui s\u2019engage aujourd\u2019hui dans un contexte boulevers\u00e9. Il nous faut cependant de l\u2019ambition empreinte de pragmatisme, de modestie et d\u2019inventivit\u00e9\u2026 pour \u00eatre efficace et jouer pleinement notre r\u00f4le \u00e9ducatif.<\/p>\n<ul>\n<li class=\"justif\"><strong>Pragmatisme<\/strong> en interrogeant sans cesse la vraisemblable faisabilit\u00e9 de ce que nous demandons ou proposons aux \u00e9l\u00e8ves, soit en mobilisant leurs capacit\u00e9s d\u2019autonomie, soit par l\u2019interm\u00e9diaire de leurs parents ;<\/li>\n<li class=\"justif\"><strong>Modestie<\/strong> en laissant de c\u00f4t\u00e9 l\u2019\u00e9quilibre complexe des contenus et activit\u00e9s qui fait la coh\u00e9rence d\u2019une s\u00e9quence d\u2019\u00e9ducation musicale\u2026 en pr\u00e9sence des \u00e9l\u00e8ves.<\/li>\n<li class=\"justif\"><strong>Inventivit\u00e9<\/strong> en osant des situations d\u2019apprentissage originales tirant pleinement parti de la distance, de l\u2019individualisation du travail men\u00e9 et mobilisant l\u2019autonomie des \u00e9l\u00e8ves.\u00a0\u00bb [&#8230;]<\/li>\n<\/ul>\n<p>&nbsp;<\/p>\n","protected":false},"excerpt":{"rendered":"<h2>Mise en place de la continuit\u00e9 p\u00e9dagogique en \u00c9ducation musicale<\/h2>\n<p> Extrait du pr\u00e9ambule de Vincent Maestracci, IG\u00c9SR, <\/p>\n<h5>\u00e0 retrouver en int\u00e9gralit\u00e9 sur le site musique de l&rsquo;Acad\u00e9mie de Cr\u00e9teil<\/h5>\n<p class=\"justif\">\u00ab\u00a0La mise en \u0153uvre de la continuit\u00e9 p\u00e9dagogique est un d\u00e9fi consid\u00e9rable \u00e0 la mesure de la situation sanitaire que connait notre pays. Les professeurs &hellip; <\/p>\n<p><a class=\"more-link block-button\" href=\"https:\/\/ent2d.ac-bordeaux.fr\/disciplines\/musique\/continuite-pedagogique\/\">Lire la Suite &raquo;<\/a><\/p>\n","protected":false},"author":178,"featured_media":0,"parent":0,"menu_order":0,"comment_status":"closed","ping_status":"closed","template":"","meta":{"footnotes":""},"class_list":["post-1406","page","type-page","status-publish","hentry","nodate"],"_links":{"self":[{"href":"https:\/\/ent2d.ac-bordeaux.fr\/disciplines\/musique\/wp-json\/wp\/v2\/pages\/1406","targetHints":{"allow":["GET"]}}],"collection":[{"href":"https:\/\/ent2d.ac-bordeaux.fr\/disciplines\/musique\/wp-json\/wp\/v2\/pages"}],"about":[{"href":"https:\/\/ent2d.ac-bordeaux.fr\/disciplines\/musique\/wp-json\/wp\/v2\/types\/page"}],"author":[{"embeddable":true,"href":"https:\/\/ent2d.ac-bordeaux.fr\/disciplines\/musique\/wp-json\/wp\/v2\/users\/178"}],"replies":[{"embeddable":true,"href":"https:\/\/ent2d.ac-bordeaux.fr\/disciplines\/musique\/wp-json\/wp\/v2\/comments?post=1406"}],"version-history":[{"count":40,"href":"https:\/\/ent2d.ac-bordeaux.fr\/disciplines\/musique\/wp-json\/wp\/v2\/pages\/1406\/revisions"}],"predecessor-version":[{"id":1559,"href":"https:\/\/ent2d.ac-bordeaux.fr\/disciplines\/musique\/wp-json\/wp\/v2\/pages\/1406\/revisions\/1559"}],"wp:attachment":[{"href":"https:\/\/ent2d.ac-bordeaux.fr\/disciplines\/musique\/wp-json\/wp\/v2\/media?parent=1406"}],"curies":[{"name":"wp","href":"https:\/\/api.w.org\/{rel}","templated":true}]}}