{"id":133,"date":"2017-05-02T12:00:57","date_gmt":"2017-05-02T10:00:57","guid":{"rendered":"https:\/\/ent2d.ac-bordeaux.fr\/disciplines\/musique\/?page_id=133"},"modified":"2022-09-21T19:24:56","modified_gmt":"2022-09-21T17:24:56","slug":"lettre-rentree","status":"publish","type":"page","link":"https:\/\/ent2d.ac-bordeaux.fr\/disciplines\/musique\/infos\/lettre-rentree\/","title":{"rendered":"Lettre de rentr\u00e9e"},"content":{"rendered":"<hr \/>\n<h2><strong>La Lettre de Rentr\u00e9e 2022-2023<\/strong><\/h2>\n<h5><strong>\u25ba Auteur<\/strong><\/h5>\n<p>Jean-Marie Caniard<br \/>\nInspecteur d&rsquo;Acad\u00e9mie &#8211; Inspecteur P\u00e9dagogique R\u00e9gional<br \/>\n\u00c9ducation Musicale &amp; Chant choral<\/p>\n<hr \/>\n<h5><strong>\u25ba T\u00e9l\u00e9chargement<\/strong><\/h5>\n<p class=\"justif\"><a href=\"https:\/\/ent2d.ac-bordeaux.fr\/disciplines\/musique\/wp-content\/uploads\/sites\/32\/2022\/09\/Lettre-6-22-23.pdf\" target=\"_blank\" rel=\"noopener noreferrer\">Lettre de rentr\u00e9e ann\u00e9e 2022-2023<\/a> (format pdf).<\/p>\n<hr \/>\n<h5><strong>\u25ba Sommaire<\/strong><\/h5>\n<ul>\n<li><strong>1. Pr\u00e9ambule commun \u00e0 l&rsquo;ensemble des disciplines<\/strong><\/li>\n<li><strong>2. Investissement des professeurs et remerciements<br \/>\n<\/strong><\/li>\n<li><strong>3. Enseignement de l&rsquo;\u00c9ducation musicale au coll\u00e8ge et du chant choral<\/strong><\/li>\n<\/ul>\n<p style=\"padding-left: 60px\"><span style=\"color: #ff99cc\">\u25a0<\/span> Cadre sanitaire, rappel des gestes barri\u00e8res<\/p>\n<p style=\"padding-left: 60px\"><span style=\"color: #ff99cc\">\u25a0<\/span> Enseignement facultatif du chant choral en coll\u00e8ge et ch\u0153ur en lyc\u00e9e : chanter pour bien grandir et r\u00e9ussir : la FNCS, <a href=\"https:\/\/ent2d.ac-bordeaux.fr\/disciplines\/musique\/actualites-departementales\/\" target=\"_blank\" rel=\"noopener\">les rencontres chorales d\u00e9partementales 2022-23<\/a>, d\u00e9veloppement du chant choral \u00e0 l&rsquo;\u00e9cole, un projet Op\u00e9ra en Dordogne<\/p>\n<ul>\n<li><strong>4. Enseignements de la musique au lyc\u00e9e et baccalaur\u00e9at<br \/>\n<\/strong><\/li>\n<\/ul>\n<p style=\"padding-left: 60px\"><span style=\"color: #ff99cc\">\u25a0<\/span> <a href=\"https:\/\/ent2d.ac-bordeaux.fr\/disciplines\/musique\/lycee\/baccalaureat\/bac-programmes\/\" target=\"_blank\" rel=\"noopener\">Baccalaur\u00e9at g\u00e9n\u00e9ral 2023<\/a><\/p>\n<p style=\"padding-left: 60px\"><span style=\"color: #ff99cc\">\u25a0<\/span> <a href=\"https:\/\/ent2d.ac-bordeaux.fr\/disciplines\/musique\/lycee\/baccalaureat\/bac-programmes\/\" target=\"_blank\" rel=\"noopener\">Baccalaur\u00e9ats g\u00e9n\u00e9ral et technologique 2023<\/a><\/p>\n<p style=\"padding-left: 60px\"><span style=\"color: #ff99cc\">\u25a0<\/span> Baccalaur\u00e9at g\u00e9n\u00e9ral 2024<\/p>\n<p style=\"padding-left: 60px\"><span style=\"color: #ff99cc\">\u25a0<\/span> Baccalaur\u00e9ats g\u00e9n\u00e9ral et technologique 2024<\/p>\n<ul>\n<li><strong>5. Plan acad\u00e9mique de formation (PAF)\u00a0<\/strong><\/li>\n<\/ul>\n<p style=\"padding-left: 60px\"><span style=\"color: #ff99cc\">\u25a0<\/span>\u00a0Offre collective et conforter la mise en \u0153uvre de la r\u00e9forme du lyc\u00e9e<\/p>\n<p style=\"padding-left: 60px\"><span style=\"color: #ff99cc\">\u25a0<\/span>\u00a0Perspectives de formation en \u00c9MCC<\/p>\n<p style=\"padding-left: 60px\"><span style=\"color: #ff99cc\">\u25a0<\/span>\u00a0Proc\u00e9dure d&rsquo;inscription aux stages<\/p>\n<p style=\"padding-left: 60px\"><span style=\"color: #ff99cc\">\u25a0<\/span>\u00a0Dispositifs d&rsquo;accompagnement \u00e0 la pr\u00e9paration des \u00e9preuves des concours internes<\/p>\n<p style=\"padding-left: 60px\"><span style=\"color: #ff99cc\">\u25a0<\/span>\u00a0Pr\u00e9parations aux concours internes (CAPES\/CAER et Agr\u00e9gation\/CAER)<\/p>\n<ul>\n<li><strong>6. \u00c9ducation artistique et culturelle (\u00c9AC)<\/strong><\/li>\n<\/ul>\n<p style=\"padding-left: 60px\"><span style=\"color: #ff99cc\">\u25a0<\/span> L&rsquo;application ADAGE<\/p>\n<p style=\"padding-left: 60px\"><span style=\"color: #ff99cc\">\u25a0<\/span> Le Pass&rsquo; Culture<\/p>\n<p style=\"padding-left: 60px\"><span style=\"color: #ff99cc\">\u25a0<\/span>\u00a0Une formation avec des inscriptions au cours de l&rsquo;ann\u00e9e<\/p>\n<p style=\"padding-left: 60px\"><span style=\"color: #ff99cc\">\u25a0<\/span>\u00a0Les professeurs relais musique aupr\u00e8s de la DAAC<\/p>\n<ul>\n<li><strong>7. Une dynamique disciplinaire collective : engagement individuel et travail en \u00e9quipe<\/strong><\/li>\n<\/ul>\n<p style=\"padding-left: 60px\"><span style=\"color: #ff99cc\">\u25a0<\/span>\u00a0Cr\u00e9ativit\u00e9 et \u00e9ducation musicale : responsabiliser et donner confiance aux \u00e9l\u00e8ves<\/p>\n<p style=\"padding-left: 60px\"><span style=\"color: #ff99cc\">\u25a0<\/span>\u00a0Innovation p\u00e9dagogique : TraAm<\/p>\n<p style=\"padding-left: 60px\"><span style=\"color: #ff99cc\">\u25a0<\/span>\u00a0Accompagnement p\u00e9dagogique des professeurs et d\u00e9veloppement professionnel<\/p>\n<p style=\"padding-left: 60px\"><span style=\"color: #ff99cc\">\u25a0<\/span>\u00a0L&rsquo;\u00e9ducation musicale en ligne &#8211; Portail national \u00c9duscol et site disciplinaire acad\u00e9mique<\/p>\n<p>&nbsp;<\/p>\n<hr \/>\n<h2><strong>Lettres de Rentr\u00e9e &#8211; ann\u00e9es pr\u00e9c\u00e9dentes<\/strong><\/h2>\n<p style=\"padding-left: 60px\"><span style=\"color: #ff99cc\">\u25a0<\/span> <a href=\"https:\/\/ent2d.ac-bordeaux.fr\/disciplines\/musique\/wp-content\/uploads\/sites\/32\/2017\/09\/Lettre-9-17-18.pdf\" target=\"_blank\" rel=\"noopener noreferrer\">2017-2018<\/a><\/p>\n<p style=\"padding-left: 60px\"><span style=\"color: #ff99cc\">\u25a0<\/span> <a href=\"https:\/\/ent2d.ac-bordeaux.fr\/disciplines\/musique\/wp-content\/uploads\/sites\/32\/2018\/09\/Lettre-de-rentr\u00e9e-2018_Education-musicale-et-chant-choral.pdf\" target=\"_blank\" rel=\"noopener noreferrer\">2018-2019<\/a><\/p>\n<p style=\"padding-left: 60px\"><span style=\"color: #ff99cc\">\u25a0<\/span> <a href=\"https:\/\/ent2d.ac-bordeaux.fr\/disciplines\/musique\/wp-content\/uploads\/sites\/32\/2019\/09\/Lettre-4-19-20.pdf\" target=\"_blank\" rel=\"noopener noreferrer\">2019-2020<\/a><\/p>\n<p style=\"padding-left: 60px\"><span style=\"color: #ff99cc\">\u25a0<\/span> <a href=\"https:\/\/ent2d.ac-bordeaux.fr\/disciplines\/musique\/wp-content\/uploads\/sites\/32\/2020\/09\/Lettre-4-20-21.pdf\" target=\"_blank\" rel=\"noopener noreferrer\">2020-2021<\/a><\/p>\n<p style=\"padding-left: 60px\"><span style=\"color: #ff99cc\">\u25a0<\/span> <a href=\"https:\/\/ent2d.ac-bordeaux.fr\/disciplines\/musique\/wp-content\/uploads\/sites\/32\/2021\/09\/Lettre-3-21-22-rentree-.pdf\" target=\"_blank\" rel=\"noopener\">2021-2022<\/a><\/p>\n<p>&nbsp;<\/p>\n<p>&nbsp;<\/p>\n<hr \/>\n","protected":false},"excerpt":{"rendered":"<h2>La Lettre de Rentr\u00e9e 2022-2023<\/h2>\n<h5>\u25ba Auteur<\/h5>\n<p>Jean-Marie Caniard Inspecteur d&rsquo;Acad\u00e9mie &#8211; Inspecteur P\u00e9dagogique R\u00e9gional \u00c9ducation Musicale &amp; Chant choral<\/p>\n<h5>\u25ba T\u00e9l\u00e9chargement<\/h5>\n<p class=\"justif\">Lettre de rentr\u00e9e ann\u00e9e 2022-2023 (format pdf).<\/p>\n<h5>\u25ba Sommaire<\/h5>\n<ul>\n<li>1. Pr\u00e9ambule commun \u00e0 l&rsquo;ensemble des disciplines<\/li>\n<li>2. Investissement des professeurs et remerciements <\/li>\n<li>3. Enseignement de l&rsquo;\u00c9ducation musicale au coll\u00e8ge et &hellip;\n<p><a class=\"more-link block-button\" href=\"https:\/\/ent2d.ac-bordeaux.fr\/disciplines\/musique\/infos\/lettre-rentree\/\">Lire la Suite &raquo;<\/a><\/p>\n<\/li>\n<\/ul>\n","protected":false},"author":178,"featured_media":0,"parent":33,"menu_order":1,"comment_status":"closed","ping_status":"closed","template":"","meta":{"footnotes":""},"class_list":["post-133","page","type-page","status-publish","hentry","nodate"],"_links":{"self":[{"href":"https:\/\/ent2d.ac-bordeaux.fr\/disciplines\/musique\/wp-json\/wp\/v2\/pages\/133","targetHints":{"allow":["GET"]}}],"collection":[{"href":"https:\/\/ent2d.ac-bordeaux.fr\/disciplines\/musique\/wp-json\/wp\/v2\/pages"}],"about":[{"href":"https:\/\/ent2d.ac-bordeaux.fr\/disciplines\/musique\/wp-json\/wp\/v2\/types\/page"}],"author":[{"embeddable":true,"href":"https:\/\/ent2d.ac-bordeaux.fr\/disciplines\/musique\/wp-json\/wp\/v2\/users\/178"}],"replies":[{"embeddable":true,"href":"https:\/\/ent2d.ac-bordeaux.fr\/disciplines\/musique\/wp-json\/wp\/v2\/comments?post=133"}],"version-history":[{"count":73,"href":"https:\/\/ent2d.ac-bordeaux.fr\/disciplines\/musique\/wp-json\/wp\/v2\/pages\/133\/revisions"}],"predecessor-version":[{"id":2937,"href":"https:\/\/ent2d.ac-bordeaux.fr\/disciplines\/musique\/wp-json\/wp\/v2\/pages\/133\/revisions\/2937"}],"up":[{"embeddable":true,"href":"https:\/\/ent2d.ac-bordeaux.fr\/disciplines\/musique\/wp-json\/wp\/v2\/pages\/33"}],"wp:attachment":[{"href":"https:\/\/ent2d.ac-bordeaux.fr\/disciplines\/musique\/wp-json\/wp\/v2\/media?parent=133"}],"curies":[{"name":"wp","href":"https:\/\/api.w.org\/{rel}","templated":true}]}}