{"id":96,"date":"2017-06-29T18:00:00","date_gmt":"2017-06-29T16:00:00","guid":{"rendered":"https:\/\/ent2d.ac-bordeaux.fr\/disciplines\/maintenance\/?page_id=96"},"modified":"2024-08-27T09:13:21","modified_gmt":"2024-08-27T07:13:21","slug":"etablissements-de-formation","status":"publish","type":"page","link":"https:\/\/ent2d.ac-bordeaux.fr\/disciplines\/maintenance\/presentation-de-la-filiere-maintenance-industrielle\/etablissements-de-formation\/","title":{"rendered":"Contacts des \u00e9tablissements de Formation"},"content":{"rendered":"<table border=\"0\" width=\"521\" cellspacing=\"0\" cellpadding=\"0\">\n<tbody>\n<tr>\n<td valign=\"bottom\" nowrap=\"nowrap\" width=\"343\">\n<p align=\"center\"><b>Nom et site internet<\/b><\/p>\n<\/td>\n<td valign=\"bottom\" nowrap=\"nowrap\" width=\"135\"><b>Ville<\/b><\/td>\n<\/tr>\n<tr>\n<td valign=\"bottom\" width=\"343\"><u><a href=\"http:\/\/www.onisep.fr\/Ressources\/Univers-Lycee\/Lycees\/Aquitaine\/Dordogne\/Lycee-professionnel-Arnaut-Daniel\">Lyc\u00e9e professionnel Arnaut Daniel<\/a><\/u><\/td>\n<td valign=\"bottom\" width=\"135\">Rib\u00e9rac<\/td>\n<\/tr>\n<tr>\n<td valign=\"bottom\" width=\"343\"><u><a href=\"http:\/\/www.onisep.fr\/Ressources\/Univers-Lycee\/Lycees\/Aquitaine\/Dordogne\/Lycee-professionnel-Pre-de-Cordy\">Lyc\u00e9e professionnel Pr\u00e9 de Cordy<\/a><\/u><\/td>\n<td valign=\"bottom\" width=\"135\">Sarlat-la-Can\u00e9da<\/td>\n<\/tr>\n<tr>\n<td valign=\"bottom\" width=\"343\"><\/td>\n<td valign=\"bottom\" width=\"135\"><\/td>\n<\/tr>\n<tr>\n<td valign=\"bottom\" width=\"343\"><u><a href=\"http:\/\/www.onisep.fr\/Ressources\/Univers-Lycee\/Lycees\/Aquitaine\/Gironde\/Lycee-professionnel-Charles-Peguy\">Lyc\u00e9e professionnel Charles P\u00e9guy<\/a><\/u><\/td>\n<td valign=\"bottom\" width=\"135\">Eysines<\/td>\n<\/tr>\n<tr>\n<td valign=\"bottom\" width=\"343\"><u><a href=\"http:\/\/www.onisep.fr\/Ressources\/Univers-Lycee\/Lycees\/Aquitaine\/Gironde\/Lycee-professionnel-Jacques-Brel\">Lyc\u00e9e professionnel Jacques Brel<\/a><\/u><\/td>\n<td valign=\"bottom\" width=\"135\">Lormont<\/td>\n<\/tr>\n<tr>\n<td valign=\"bottom\" width=\"343\"><u><a href=\"http:\/\/www.onisep.fr\/Ressources\/Univers-Lycee\/Lycees\/Aquitaine\/Gironde\/Lycee-professionnel-Odilon-Redon\">Lyc\u00e9e professionnel Odilon Redon<\/a><\/u><\/td>\n<td valign=\"bottom\" width=\"135\">Pauillac<\/td>\n<\/tr>\n<tr>\n<td valign=\"bottom\" width=\"343\"><u><a href=\"http:\/\/www.onisep.fr\/Ressources\/Univers-Lycee\/Lycees\/Aquitaine\/Gironde\/Lycee-professionnel-Philippe-Cousteau\">Lyc\u00e9e professionnel Philippe Cousteau<\/a><\/u><\/td>\n<td valign=\"bottom\" width=\"135\">Saint-Andr\u00e9-de-Cubzac<\/td>\n<\/tr>\n<tr>\n<td valign=\"bottom\" width=\"343\"><u><a href=\"http:\/\/www.onisep.fr\/Ressources\/Univers-Lycee\/Lycees\/Aquitaine\/Gironde\/Lycee-professionnel-Sud-Gironde\">Lyc\u00e9e professionnel Sud Gironde<\/a><\/u><\/td>\n<td valign=\"bottom\" width=\"135\">Langon<\/td>\n<\/tr>\n<tr>\n<td valign=\"bottom\" width=\"343\"><u><a href=\"http:\/\/www.onisep.fr\/Ressources\/Univers-Lycee\/Lycees\/Aquitaine\/Gironde\/Lycee-professionnel-industriel-et-hotelier-Jean-Monnet\">Lyc\u00e9e professionnel industriel et h\u00f4telier Jean Monnet<\/a><\/u><\/td>\n<td valign=\"bottom\" width=\"135\">Libourne<\/td>\n<\/tr>\n<tr>\n<td valign=\"bottom\" width=\"343\"><u><a href=\"http:\/\/www.onisep.fr\/Ressources\/Univers-Lycee\/Lycees\/Aquitaine\/Gironde\/Lycee-professionnel-prive-Jeanne-d-Arc\">Lyc\u00e9e professionnel priv\u00e9 Jeanne d&rsquo;Arc<\/a><\/u><\/td>\n<td valign=\"bottom\" width=\"135\">Saint-M\u00e9dard-de-Guizi\u00e8res<\/td>\n<\/tr>\n<tr>\n<td valign=\"bottom\" width=\"343\"><u><a href=\"http:\/\/www.onisep.fr\/Ressources\/Univers-Lycee\/Lycees\/Aquitaine\/Gironde\/Lycee-professionnel-prive-Saint-Joseph-Orphelins-Apprentis-d-Auteuil\">Lyc\u00e9e professionnel priv\u00e9 Saint-Joseph Orphelins Apprentis d&rsquo;Auteuil<\/a><\/u><\/td>\n<td valign=\"bottom\" width=\"135\">Blanquefort<\/td>\n<\/tr>\n<tr>\n<td valign=\"bottom\" width=\"343\"><\/td>\n<td valign=\"bottom\" width=\"135\"><\/td>\n<\/tr>\n<tr>\n<td valign=\"bottom\" width=\"343\"><\/td>\n<td valign=\"bottom\" width=\"135\"><\/td>\n<\/tr>\n<tr>\n<td valign=\"bottom\" width=\"343\"><\/td>\n<td valign=\"bottom\" width=\"135\"><\/td>\n<\/tr>\n<tr>\n<td valign=\"bottom\" width=\"343\"><\/td>\n<td valign=\"bottom\" width=\"135\"><\/td>\n<\/tr>\n<tr>\n<td valign=\"bottom\" width=\"343\"><u><a href=\"http:\/\/www.onisep.fr\/Ressources\/Univers-Lycee\/Lycees\/Aquitaine\/Landes\/Lycee-professionnel-Saint-Exupery\">Lyc\u00e9e professionnel Saint-Exup\u00e9ry<\/a><\/u><\/td>\n<td valign=\"bottom\" width=\"135\">Parentis-en-Born<\/td>\n<\/tr>\n<tr>\n<td valign=\"bottom\" width=\"343\"><\/td>\n<td valign=\"bottom\" width=\"135\"><\/td>\n<\/tr>\n<tr>\n<td valign=\"bottom\" width=\"343\"><\/td>\n<td valign=\"bottom\" width=\"135\"><\/td>\n<\/tr>\n<tr>\n<td valign=\"bottom\" width=\"343\"><u><a href=\"http:\/\/www.onisep.fr\/Ressources\/Univers-Lycee\/Lycees\/Aquitaine\/Lot-et-Garonne\/Lycee-professionnel-Porte-du-Lot\">Lyc\u00e9e professionnel Porte du Lot<\/a><\/u><\/td>\n<td valign=\"bottom\" width=\"135\">Clairac<\/td>\n<\/tr>\n<tr>\n<td valign=\"bottom\" width=\"343\"><u><a href=\"http:\/\/www.onisep.fr\/Ressources\/Univers-Lycee\/Lycees\/Aquitaine\/Pyrenees-Atlantiques\/Lycee-professionnel-Guynemer\">Lyc\u00e9e professionnel Guynemer<\/a><\/u><\/td>\n<td valign=\"bottom\" width=\"135\">Oloron-Sainte-Marie<\/td>\n<\/tr>\n<tr>\n<td valign=\"bottom\" width=\"343\"><u><a href=\"http:\/\/www.onisep.fr\/Ressources\/Univers-Lycee\/Lycees\/Aquitaine\/Pyrenees-Atlantiques\/Lycee-professionnel-Moliere\">Lyc\u00e9e professionnel Moli\u00e8re<\/a><\/u><\/td>\n<td valign=\"bottom\" width=\"135\">Orthez<\/td>\n<\/tr>\n<tr>\n<td valign=\"bottom\" width=\"343\"><u><a href=\"http:\/\/www.onisep.fr\/Ressources\/Univers-Lycee\/Lycees\/Aquitaine\/Pyrenees-Atlantiques\/Lycee-professionnel-prive-Immaculee-Conception-Beau-Frene\">Lyc\u00e9e professionnel priv\u00e9 Immacul\u00e9e Conception-Beau Fr\u00eane<\/a><\/u><\/td>\n<td valign=\"bottom\" width=\"135\">Pau<\/td>\n<\/tr>\n<tr>\n<td valign=\"bottom\" width=\"343\"><u><a href=\"http:\/\/www.onisep.fr\/Ressources\/Univers-Lycee\/Lycees\/Aquitaine\/Pyrenees-Atlantiques\/Lycee-professionnel-prive-Saint-Joseph\">Lyc\u00e9e professionnel priv\u00e9 Saint-Joseph<\/a><\/u><\/td>\n<td valign=\"bottom\" width=\"135\">Hasparren<\/td>\n<\/tr>\n<tr>\n<td valign=\"bottom\" width=\"343\"><\/td>\n<td valign=\"bottom\" width=\"135\"><\/td>\n<\/tr>\n<\/tbody>\n<\/table>\n","protected":false},"excerpt":{"rendered":"<p>Nom et site internet Ville Lyc\u00e9e professionnel Arnaut Daniel Rib\u00e9rac Lyc\u00e9e professionnel Pr\u00e9 de Cordy Sarlat-la-Can\u00e9da Lyc\u00e9e professionnel Charles P\u00e9guy Eysines Lyc\u00e9e professionnel Jacques Brel Lormont Lyc\u00e9e professionnel Odilon Redon Pauillac Lyc\u00e9e professionnel Philippe Cousteau Saint-Andr\u00e9-de-Cubzac Lyc\u00e9e professionnel Sud Gironde Langon Lyc\u00e9e professionnel industriel et h\u00f4telier Jean Monnet Libourne Lyc\u00e9e professionnel priv\u00e9 Jeanne d&rsquo;Arc Saint-M\u00e9dard-de-Guizi\u00e8res &hellip; <\/p>\n<p><a class=\"more-link block-button\" href=\"https:\/\/ent2d.ac-bordeaux.fr\/disciplines\/maintenance\/presentation-de-la-filiere-maintenance-industrielle\/etablissements-de-formation\/\">Lire la Suite &raquo;<\/a><\/p>\n","protected":false},"author":95,"featured_media":0,"parent":25,"menu_order":0,"comment_status":"closed","ping_status":"closed","template":"","meta":{"footnotes":""},"class_list":["post-96","page","type-page","status-publish","hentry","nodate"],"_links":{"self":[{"href":"https:\/\/ent2d.ac-bordeaux.fr\/disciplines\/maintenance\/wp-json\/wp\/v2\/pages\/96","targetHints":{"allow":["GET"]}}],"collection":[{"href":"https:\/\/ent2d.ac-bordeaux.fr\/disciplines\/maintenance\/wp-json\/wp\/v2\/pages"}],"about":[{"href":"https:\/\/ent2d.ac-bordeaux.fr\/disciplines\/maintenance\/wp-json\/wp\/v2\/types\/page"}],"author":[{"embeddable":true,"href":"https:\/\/ent2d.ac-bordeaux.fr\/disciplines\/maintenance\/wp-json\/wp\/v2\/users\/95"}],"replies":[{"embeddable":true,"href":"https:\/\/ent2d.ac-bordeaux.fr\/disciplines\/maintenance\/wp-json\/wp\/v2\/comments?post=96"}],"version-history":[{"count":7,"href":"https:\/\/ent2d.ac-bordeaux.fr\/disciplines\/maintenance\/wp-json\/wp\/v2\/pages\/96\/revisions"}],"predecessor-version":[{"id":583,"href":"https:\/\/ent2d.ac-bordeaux.fr\/disciplines\/maintenance\/wp-json\/wp\/v2\/pages\/96\/revisions\/583"}],"up":[{"embeddable":true,"href":"https:\/\/ent2d.ac-bordeaux.fr\/disciplines\/maintenance\/wp-json\/wp\/v2\/pages\/25"}],"wp:attachment":[{"href":"https:\/\/ent2d.ac-bordeaux.fr\/disciplines\/maintenance\/wp-json\/wp\/v2\/media?parent=96"}],"curies":[{"name":"wp","href":"https:\/\/api.w.org\/{rel}","templated":true}]}}