{"id":32,"date":"2017-06-29T16:08:46","date_gmt":"2017-06-29T14:08:46","guid":{"rendered":"https:\/\/ent2d.ac-bordeaux.fr\/disciplines\/maintenance\/?page_id=32"},"modified":"2025-06-30T10:32:39","modified_gmt":"2025-06-30T08:32:39","slug":"liens","status":"publish","type":"page","link":"https:\/\/ent2d.ac-bordeaux.fr\/disciplines\/maintenance\/liens\/","title":{"rendered":"Liens"},"content":{"rendered":"\n<figure class=\"wp-block-table\"><table><tbody><tr><td><strong>Orientation \u2013 Formation<\/strong><\/td><td><\/td><\/tr><tr><td>Cap M\u00e9tiers Nouvelle-Aquitaine<\/td><td><a href=\"https:\/\/www.cap-metiers.pro\/\" target=\"_blank\" rel=\"noreferrer noopener\">https:\/\/www.cap-metiers.pro\/<\/a><\/td><\/tr><tr><td>Onisep<\/td><td><a href=\"https:\/\/www.onisep.fr\/\" target=\"_blank\" rel=\"noreferrer noopener\">https:\/\/www.onisep.fr\/<\/a><\/td><\/tr><tr><td>La d\u00e9couverte des m\u00e9tiers au coll\u00e8ge<\/td><td><a href=\"https:\/\/eduscol.education.fr\/3875\/la-decouverte-des-metiers-au-college\" target=\"_blank\" rel=\"noreferrer noopener\">https:\/\/eduscol.education.fr\/3875\/la-decouverte-des-metiers-au-college<\/a><\/td><\/tr><tr><td>Le BAC PRO<\/td><td><a href=\"https:\/\/eduscol.education.fr\/1916\/le-baccalaureat-professionnel\" target=\"_blank\" rel=\"noreferrer noopener\">https:\/\/eduscol.education.fr\/1916\/le-baccalaureat-professionnel<\/a><\/td><\/tr><tr><td>Le CAP<\/td><td><a href=\"https:\/\/eduscol.education.fr\/1923\/le-certificat-d-aptitude-professionnelle-cap\" target=\"_blank\" rel=\"noreferrer noopener\">https:\/\/eduscol.education.fr\/1923\/le-certificat-d-aptitude-professionnelle-cap<\/a><\/td><\/tr><tr><td>Le BP<\/td><td><a href=\"https:\/\/eduscol.education.fr\/1915\/le-brevet-professionnel-bp\" target=\"_blank\" rel=\"noreferrer noopener\">https:\/\/eduscol.education.fr\/1915\/le-brevet-professionnel-bp<\/a><\/td><\/tr><tr><td>Les CS<\/td><td><a href=\"https:\/\/eduscol.education.fr\/1903\/la-mention-complementaire-de-niveau-4\" target=\"_blank\" rel=\"noreferrer noopener\">https:\/\/eduscol.education.fr\/1903\/la-mention-complementaire-de-niveau-4<\/a><\/td><\/tr><tr><td>Forindustrie<\/td><td><a href=\"https:\/\/www.forindustrie.fr\/\" target=\"_blank\" rel=\"noreferrer noopener\">https:\/\/www.forindustrie.fr\/<\/a><\/td><\/tr><tr><td>Les familles de m\u00e9tiers en 2DE professionnelle<\/td><td><a href=\"https:\/\/www.education.gouv.fr\/reussir-au-lycee\/les-familles-de-metiers-en-2de-professionnelle-324404\" target=\"_blank\" rel=\"noreferrer noopener\">https:\/\/www.education.gouv.fr\/reussir-au-lycee\/les-familles-de-metiers-en-2de-professionnelle-324404<\/a><\/td><\/tr><\/tbody><\/table><\/figure>\n\n\n\n<figure class=\"wp-block-table\"><table><tbody><tr><td><strong>Ressources<\/strong><\/td><td><\/td><\/tr><tr><td>Eduscol STI<\/td><td><a href=\"https:\/\/eduscol.education.fr\/sti\/formations\/bac-pro\/bac-pro-metiers-de-lelectricite-et-de-ses-environnements-connectes-melec\" target=\"_blank\" rel=\"noreferrer noopener\">https:\/\/eduscol.education.fr\/sti\/formations\/bac-pro\/bac-pro-metiers-de-lelectricite-et-de-ses-environnements-connectes-melec<\/a><\/td><\/tr><tr><td>R\u00e9forme des lyc\u00e9es professionnels<\/td><td><a href=\"https:\/\/eduscol.education.fr\/2224\/reforme-des-lycees-professionnels\" target=\"_blank\" rel=\"noreferrer noopener\">https:\/\/eduscol.education.fr\/2224\/reforme-des-lycees-professionnels<\/a><\/td><\/tr><\/tbody><\/table><\/figure>\n\n\n\n<figure class=\"wp-block-image size-full\"><a href=\"https:\/\/www.monavenirdanslenucleaire.fr\/a-propos-de-l-universite-des-metiers-du-nucleaire2\"><img loading=\"lazy\" decoding=\"async\" width=\"266\" height=\"84\" src=\"https:\/\/ent2d.ac-bordeaux.fr\/disciplines\/maintenance\/wp-content\/uploads\/sites\/21\/2025\/06\/image.png\" alt=\"\" class=\"wp-image-636\" \/><\/a><\/figure>\n\n\n<h5><strong><u>Les r\u00e9seaux nationaux de ressources STI : <\/u><a href=\"http:\/\/eduscol.education.fr\/sti\/\">http:\/\/eduscol.education.fr\/sti<\/a><\/strong><\/h5>\n<h5><strong><u><img loading=\"lazy\" decoding=\"async\" class=\"wp-image-187 alignleft\" src=\"https:\/\/ent2d.ac-bordeaux.fr\/disciplines\/maintenance\/wp-content\/uploads\/sites\/21\/2017\/06\/AFIM.jpg\" alt=\"\" width=\"104\" height=\"65\" \/>L&rsquo;association fran\u00e7aise des ing\u00e9nieurs de maintenance : <\/u><a href=\"http:\/\/www.afim.asso.fr\/\">http:\/\/www.afim.asso.fr\/<\/a><\/strong><\/h5>\n<h5><strong><u>Le centre national de ressources pour la maintenance : <\/u><a href=\"http:\/\/www.rpmi.fr\/\">http:\/\/www.rpmi.fr\/<\/a><\/strong><\/h5>\n<h5><strong>Maintenance &amp; Innovation :<a href=\"http:\/\/www.iut-lps.fr\/iut-schiltigheim\/page-innova-maintenance-2016.html\"> site de l&rsquo;IUT PASTEUR \u00e0 SCHILTIGHEIM (67)<\/a><\/strong><\/h5>\n<h5><strong><a href=\"http:\/\/www.inrs.fr\/\"><img loading=\"lazy\" decoding=\"async\" class=\"wp-image-186 alignleft\" src=\"https:\/\/ent2d.ac-bordeaux.fr\/disciplines\/maintenance\/wp-content\/uploads\/sites\/21\/2017\/06\/INRS.png\" alt=\"\" width=\"76\" height=\"76\" srcset=\"https:\/\/ent2d.ac-bordeaux.fr\/disciplines\/maintenance\/wp-content\/uploads\/sites\/21\/2017\/06\/INRS.png 200w, https:\/\/ent2d.ac-bordeaux.fr\/disciplines\/maintenance\/wp-content\/uploads\/sites\/21\/2017\/06\/INRS-150x150.png 150w\" sizes=\"auto, (max-width: 76px) 100vw, 76px\" \/>SITE INRS<\/a><\/strong><\/h5>\n<h5><strong><a href=\"https:\/\/www.edf.fr\/groupe-edf\/nos-energies\/nucleaire\">SITE EDF<\/a> <img loading=\"lazy\" decoding=\"async\" class=\"wp-image-185 alignleft\" src=\"https:\/\/ent2d.ac-bordeaux.fr\/disciplines\/maintenance\/wp-content\/uploads\/sites\/21\/2017\/06\/EDF-300x129.png\" alt=\"\" width=\"161\" height=\"69\" srcset=\"https:\/\/ent2d.ac-bordeaux.fr\/disciplines\/maintenance\/wp-content\/uploads\/sites\/21\/2017\/06\/EDF-300x129.png 300w, https:\/\/ent2d.ac-bordeaux.fr\/disciplines\/maintenance\/wp-content\/uploads\/sites\/21\/2017\/06\/EDF.png 343w\" sizes=\"auto, (max-width: 161px) 100vw, 161px\" \/><br \/><\/strong><\/h5>\n<h5><strong> <a href=\"https:\/\/www.edf.fr\/groupe-edf\/producteur-industriel\/nucleaire\/enjeux\/intervenir-sur-une-centrale\">\u00c9NERGIES NUCL\u00c9AIRES : S\u00c9CURIT\u00c9 DES INSTALLATIONS ; INTERVENIR SUR UNE CENTRALE ; D\u00c9CHETS RADIOACTIFS ; ENVIRONNEMENT<\/a><\/strong><\/h5>\n<h5 style=\"text-align: left\">\u00a0<\/h5>\n<h5 style=\"text-align: left\"><strong><a href=\"https:\/\/www.asn.fr\/\">https:\/\/www.asn.fr\/<\/a><\/strong><\/h5>\n<h5 style=\"text-align: left\"><img loading=\"lazy\" decoding=\"async\" class=\"wp-image-155 alignleft\" src=\"https:\/\/ent2d.ac-bordeaux.fr\/disciplines\/maintenance\/wp-content\/uploads\/sites\/21\/2017\/06\/asn.jpg\" alt=\"\" width=\"134\" height=\"74\" \/><\/h5>","protected":false},"excerpt":{"rendered":"<p>Orientation \u2013 Formation Cap M\u00e9tiers Nouvelle-Aquitaine https:\/\/www.cap-metiers.pro\/ Onisep https:\/\/www.onisep.fr\/ La d\u00e9couverte des m\u00e9tiers au coll\u00e8ge https:\/\/eduscol.education.fr\/3875\/la-decouverte-des-metiers-au-college Le BAC PRO https:\/\/eduscol.education.fr\/1916\/le-baccalaureat-professionnel Le CAP https:\/\/eduscol.education.fr\/1923\/le-certificat-d-aptitude-professionnelle-cap Le BP https:\/\/eduscol.education.fr\/1915\/le-brevet-professionnel-bp Les CS https:\/\/eduscol.education.fr\/1903\/la-mention-complementaire-de-niveau-4 Forindustrie https:\/\/www.forindustrie.fr\/ Les familles de m\u00e9tiers en 2DE professionnelle https:\/\/www.education.gouv.fr\/reussir-au-lycee\/les-familles-de-metiers-en-2de-professionnelle-324404 Ressources Eduscol STI https:\/\/eduscol.education.fr\/sti\/formations\/bac-pro\/bac-pro-metiers-de-lelectricite-et-de-ses-environnements-connectes-melec R\u00e9forme des lyc\u00e9es professionnels https:\/\/eduscol.education.fr\/2224\/reforme-des-lycees-professionnels Les r\u00e9seaux nationaux de ressources STI : &hellip; <\/p>\n<p><a class=\"more-link block-button\" href=\"https:\/\/ent2d.ac-bordeaux.fr\/disciplines\/maintenance\/liens\/\">Lire la Suite &raquo;<\/a><\/p>\n","protected":false},"author":95,"featured_media":0,"parent":0,"menu_order":0,"comment_status":"closed","ping_status":"closed","template":"","meta":{"footnotes":""},"class_list":["post-32","page","type-page","status-publish","hentry","nodate"],"_links":{"self":[{"href":"https:\/\/ent2d.ac-bordeaux.fr\/disciplines\/maintenance\/wp-json\/wp\/v2\/pages\/32","targetHints":{"allow":["GET"]}}],"collection":[{"href":"https:\/\/ent2d.ac-bordeaux.fr\/disciplines\/maintenance\/wp-json\/wp\/v2\/pages"}],"about":[{"href":"https:\/\/ent2d.ac-bordeaux.fr\/disciplines\/maintenance\/wp-json\/wp\/v2\/types\/page"}],"author":[{"embeddable":true,"href":"https:\/\/ent2d.ac-bordeaux.fr\/disciplines\/maintenance\/wp-json\/wp\/v2\/users\/95"}],"replies":[{"embeddable":true,"href":"https:\/\/ent2d.ac-bordeaux.fr\/disciplines\/maintenance\/wp-json\/wp\/v2\/comments?post=32"}],"version-history":[{"count":8,"href":"https:\/\/ent2d.ac-bordeaux.fr\/disciplines\/maintenance\/wp-json\/wp\/v2\/pages\/32\/revisions"}],"predecessor-version":[{"id":637,"href":"https:\/\/ent2d.ac-bordeaux.fr\/disciplines\/maintenance\/wp-json\/wp\/v2\/pages\/32\/revisions\/637"}],"wp:attachment":[{"href":"https:\/\/ent2d.ac-bordeaux.fr\/disciplines\/maintenance\/wp-json\/wp\/v2\/media?parent=32"}],"curies":[{"name":"wp","href":"https:\/\/api.w.org\/{rel}","templated":true}]}}