{"id":164,"date":"2022-05-10T07:29:42","date_gmt":"2022-05-10T05:29:42","guid":{"rendered":"https:\/\/ent2d.ac-bordeaux.fr\/disciplines\/logistique-transport\/?page_id=164"},"modified":"2025-02-24T22:18:41","modified_gmt":"2025-02-24T21:18:41","slug":"textes-officiels","status":"publish","type":"page","link":"https:\/\/ent2d.ac-bordeaux.fr\/disciplines\/logistique-transport\/textes-officiels\/","title":{"rendered":"Textes officiels"},"content":{"rendered":"\n<p><\/p>\n\n\n<p style=\"text-align: center\"><span style=\"text-decoration: underline\"><span style=\"font-size: 14pt\"><strong>Derniers textes<\/strong><\/span><\/span><\/p>\n<table style=\"width: 729.03125px\">\n<tbody>\n<tr style=\"height: 24px\">\n<td style=\"width: 522px;text-align: center;height: 24px\"><span style=\"color: #808000\"><strong>F\u00e9vrier 2025<\/strong><\/span><\/td>\n<td style=\"width: 193.03125px;text-align: center;height: 24px\">\u00a0<\/td>\n<\/tr>\n<tr style=\"height: 24px\">\n<td style=\"width: 522px;height: 24px;text-align: left\">\n<p>&#8211; <span class=\"koowa_wrapped_content\"><span class=\"whitespace_preserver\">BAC PRO OTM &#8211; <strong>Circulaire nationale d&#8217;organisation<br \/><\/strong><\/span><\/span><span class=\"koowa_wrapped_content\"><span class=\"whitespace_preserver\"><strong>session juin 2025 et annexes<\/strong><\/span><\/span><\/p>\n<p>&#8211; <span class=\"koowa_wrapped_content\"><span class=\"whitespace_preserver\">BAC PRO Logistique &#8211; <strong>Circulaire nationale d&#8217;organisation<br \/><\/strong><\/span><\/span><span class=\"koowa_wrapped_content\"><span class=\"whitespace_preserver\"><strong>session juin 2025 et annexes<\/strong><\/span><\/span><\/p>\n<\/td>\n<td style=\"width: 193.03125px;text-align: center;height: 24px\">\n<p>Partie OTM<br \/>ci-dessous<br \/><br \/>Partie Logistique<br \/>ci-dessous<\/p>\n<\/td>\n<\/tr>\n<tr style=\"height: 24px\">\n<td style=\"width: 522px;text-align: center;height: 24px\"><span style=\"color: #808000\"><strong>Septembre 2024<\/strong><\/span><\/td>\n<td style=\"width: 193.03125px;text-align: center;height: 24px\">\u00a0<\/td>\n<\/tr>\n<tr style=\"height: 24px\">\n<td style=\"width: 522px;height: 24px;text-align: left\">\n<p>&#8211; FAQ\u00a0<span style=\"font-size: revert;font-family: inherit\">R\u00e9organisation du cursus de pr\u00e9paration au baccalaur\u00e9at professionnel<br \/><\/span>&#8211; Webinaire : pr\u00e9sentation<\/p>\n<\/td>\n<td style=\"width: 193.03125px;text-align: center;height: 24px\">\n<p><a href=\"https:\/\/ent2d.ac-bordeaux.fr\/disciplines\/logistique-transport\/wp-content\/uploads\/sites\/58\/2025\/02\/faq-_reorganisation-bac-professionnel-mars2024_0_1.pdf\">ICI<\/a><\/p>\n<p><a href=\"https:\/\/ent2d.ac-bordeaux.fr\/disciplines\/logistique-transport\/wp-content\/uploads\/sites\/58\/2025\/02\/2024-03-18_-perdir_vf.pdf\">ICI<\/a><\/p>\n<\/td>\n<\/tr>\n<tr style=\"height: 24px\">\n<td style=\"width: 522px;text-align: center;height: 24px\"><span style=\"color: #808000\"><strong>Novembre 2O22<\/strong><\/span><\/td>\n<td style=\"width: 193.03125px;text-align: center;height: 24px\">\u00a0<\/td>\n<\/tr>\n<tr style=\"height: 13px\">\n<td style=\"width: 522px;text-align: left;height: 13px\">\n<p>&#8211; <span class=\"koowa_wrapped_content\"><span class=\"whitespace_preserver\">BAC PRO OTM &#8211; <span style=\"font-weight: 600\">Sujet Z\u00e9ro<\/span><\/span><\/span><\/p>\n<\/td>\n<td style=\"width: 193.03125px;text-align: center;height: 13px\">\n<p><a href=\"https:\/\/ent2d.ac-bordeaux.fr\/disciplines\/logistique-transport\/wp-content\/uploads\/sites\/58\/2022\/11\/BAC_Pro_OTM_E2_-SUJET_ZERO_MOVE_FURNITURES_SUJET_VERSION_FINALE.doc\" target=\"_blank\" rel=\"noopener\">ICI<\/a><\/p>\n<\/td>\n<\/tr>\n<tr style=\"height: 24px\">\n<td style=\"width: 522px;text-align: center;height: 24px\"><span style=\"color: #808000\"><strong>Mai 2022<\/strong><\/span><\/td>\n<td style=\"width: 193.03125px;text-align: center;height: 24px\">\u00a0<\/td>\n<\/tr>\n<tr style=\"height: 4px\">\n<td style=\"width: 522px;text-align: left;height: 4px\">\n<p>&#8211; FAQ Examens 2022<\/p>\n<\/td>\n<td style=\"width: 193.03125px;text-align: center;height: 4px\">\n<p><a href=\"https:\/\/ent2d.ac-bordeaux.fr\/disciplines\/logistique-transport\/wp-content\/uploads\/sites\/58\/2022\/05\/FAQ-Amenagement-examens-Session-2022.pdf\" target=\"_blank\" rel=\"noopener\">ICI<\/a><\/p>\n<\/td>\n<\/tr>\n<tr style=\"height: 24px\">\n<td style=\"width: 522px;height: 24px;text-align: center\"><span style=\"color: #808000\"><strong>F\u00e9vrier 2022<\/strong><\/span><\/td>\n<td style=\"width: 193.03125px;text-align: center;height: 24px\">\u00a0<\/td>\n<\/tr>\n<tr style=\"height: 44px\">\n<td style=\"width: 522px;height: 44px\">&#8211; Circulaire BCP Logistique<br \/>&#8211; Circulaire organisation CAP OL<\/td>\n<td style=\"width: 193.03125px;text-align: center;height: 44px\"><a href=\"https:\/\/ent2d.ac-bordeaux.fr\/disciplines\/logistique-transport\/wp-content\/uploads\/sites\/58\/2022\/04\/Circulaire-BCP-logistique-2022.pdf\" target=\"_blank\" rel=\"noopener\">ICI<\/a><br \/><a href=\"https:\/\/ent2d.ac-bordeaux.fr\/disciplines\/logistique-transport\/wp-content\/uploads\/sites\/58\/2022\/04\/circulaire-dorganisation-CAP-OL.pdf\" target=\"_blank\" rel=\"noopener\">ICI<\/a><\/td>\n<\/tr>\n<tr style=\"height: 24px\">\n<td style=\"width: 522px;height: 24px\">&#8211; Information RGPD<\/td>\n<td style=\"width: 193.03125px;text-align: center;height: 24px\"><a href=\"https:\/\/ent2d.ac-bordeaux.fr\/disciplines\/logistique-transport\/wp-content\/uploads\/sites\/58\/2020\/04\/Information_RGPD1.pptx\" target=\"_blank\" rel=\"noopener noreferrer\">T\u00e9l\u00e9charger<\/a><\/td>\n<\/tr>\n<tr style=\"height: 44px\">\n<td style=\"width: 522px;height: 44px\">&#8211; Vigilance dans l\u2019utilisation des outils num\u00e9riques<\/td>\n<td style=\"width: 193.03125px;text-align: center;height: 44px\"><a href=\"https:\/\/ent2d.ac-bordeaux.fr\/disciplines\/logistique-transport\/wp-content\/uploads\/sites\/58\/2020\/04\/2020-03-30-Fiche-outils-num\u00e9riques-1.41.pdf\" target=\"_blank\" rel=\"noopener noreferrer\">T\u00e9l\u00e9charger<\/a><\/td>\n<\/tr>\n<\/tbody>\n<\/table>\n<p>____________________________________________________________________________<\/p>\n<p><span style=\"text-decoration: underline\"><span style=\"font-size: 14pt\"><strong>Famille des m\u00e9tiers GATL<\/strong><\/span><\/span><\/p>\n<table style=\"width: 747px\">\n<tbody>\n<tr style=\"height: 46.5px\">\n<td style=\"width: 533.046875px;height: 46.5px\">Ressources pour la classe de 2de professionnelle<br \/>Juin 2020<\/td>\n<td style=\"width: 204.953125px;height: 46.5px;text-align: center\"><a href=\"https:\/\/ent2d.ac-bordeaux.fr\/disciplines\/logistique-transport\/wp-content\/uploads\/sites\/58\/2020\/07\/Ressources-pour-la-classe-de-2nde-GA-T-L_version-2020.pdf\">T\u00e9l\u00e9charger<\/a><\/td>\n<\/tr>\n<\/tbody>\n<\/table>\n<p><span style=\"text-decoration: underline\"><span style=\"font-size: 14pt\"><strong>Transformation de la voie professionnelle<\/strong><\/span><\/span><\/p>\n<table style=\"width: 758px\">\n<tbody>\n<tr>\n<td style=\"width: 540.5px\">&#8211; Vade-mecum :\u00a0Module de pr\u00e9paration \u00e0 l\u2019insertion professionnelle<\/td>\n<td style=\"width: 209.5px;text-align: center\"><a href=\"https:\/\/ent2d.ac-bordeaux.fr\/disciplines\/logistique-transport\/wp-content\/uploads\/sites\/58\/2020\/04\/VM_Module_insertion_professionnelle_1128465.pdf\">T\u00e9l\u00e9charger<\/a><\/td>\n<\/tr>\n<tr>\n<td style=\"width: 540.5px\">&#8211; Vade-mecum :\u00a0Mettre en \u0153uvre la co-intervention<\/td>\n<td style=\"width: 209.5px;text-align: center\"><a href=\"https:\/\/ent2d.ac-bordeaux.fr\/disciplines\/logistique-transport\/wp-content\/uploads\/sites\/58\/2020\/04\/Vade-mecum_co-intervention.pdf\">T\u00e9l\u00e9charger<\/a><\/td>\n<\/tr>\n<tr>\n<td style=\"width: 540.5px;text-align: left\">&#8211; Vade-mecum<br \/>La r\u00e9alisation du chef d\u2019\u0153uvre<br \/>Arr\u00eat\u00e9 du 28 nov 2019<\/td>\n<td style=\"width: 209.5px;text-align: center\">\n<p><a href=\"https:\/\/ent2d.ac-bordeaux.fr\/disciplines\/logistique-transport\/wp-content\/uploads\/sites\/58\/2020\/04\/Vade-mecum_realisation_chef-d_oeuvre.pdf\">T\u00e9l\u00e9charger<\/a><br \/><a style=\"font-family: inherit\" href=\"https:\/\/ent2d.ac-bordeaux.fr\/disciplines\/logistique-transport\/wp-content\/uploads\/sites\/58\/2020\/04\/arrete-du-28-nov-19-Eval\u00b0-CO.pdf\">T\u00e9l\u00e9charger<\/a><\/p>\n<\/td>\n<\/tr>\n<tr>\n<td style=\"width: 540.5px\">&#8211; Vade-mecum :\u00a0Pr\u00e9paration \u00e0 la poursuite d&#8217;\u00e9tudes<\/td>\n<td style=\"width: 209.5px;text-align: center\"><a href=\"https:\/\/ent2d.ac-bordeaux.fr\/disciplines\/logistique-transport\/wp-content\/uploads\/sites\/58\/2020\/04\/VM_Poursuite_etudes_1128467.pdf\">T\u00e9l\u00e9charger<\/a><\/td>\n<\/tr>\n<tr>\n<td style=\"width: 540.5px\">&#8211; Livret scolaire pour examen du baccalaur\u00e9at &#8211; Voie professionnelle<\/td>\n<td style=\"width: 209.5px;text-align: center\"><a href=\"https:\/\/ent2d.ac-bordeaux.fr\/disciplines\/logistique-transport\/wp-content\/uploads\/sites\/58\/2020\/10\/LIVRET-BAC-PRO-2022.pdf\">T\u00e9l\u00e9charger<\/a><\/td>\n<\/tr>\n<tr>\n<td style=\"width: 540.5px\">&#8211; Comp\u00e9tences pour LSL &#8211; Livret Scolaire Lyc\u00e9e<\/td>\n<td style=\"width: 209.5px;text-align: center\"><a href=\"https:\/\/ent2d.ac-bordeaux.fr\/disciplines\/logistique-transport\/wp-content\/uploads\/sites\/58\/2020\/10\/competences-pour-LSL.pdf\">T\u00e9l\u00e9charger<\/a><\/td>\n<\/tr>\n<tr>\n<td style=\"width: 540.5px\">&#8211; Attestation de r\u00e9ussite interm\u00e9diaire en baccalaur\u00e9at professionnel<\/td>\n<td style=\"width: 209.5px;text-align: center\"><a href=\"https:\/\/ent2d.ac-bordeaux.fr\/disciplines\/logistique-transport\/wp-content\/uploads\/sites\/58\/2021\/01\/Arr\u00eat\u00e9-16-d\u00e9c-2020-AIP.pdf\" target=\"_blank\" rel=\"noopener noreferrer\">T\u00e9l\u00e9charger<\/a><\/td>\n<\/tr>\n<tr>\n<td style=\"width: 540.5px\">&#8211; Fiche DGESCO pour module en classe de terminale.<\/td>\n<td style=\"width: 209.5px;text-align: center\"><a href=\"https:\/\/ent2d.ac-bordeaux.fr\/disciplines\/logistique-transport\/wp-content\/uploads\/sites\/58\/2021\/01\/Fiche-DGESCO_Terminale-bac-pro_7-janv-21.pdf\" target=\"_blank\" rel=\"noopener noreferrer\">T\u00e9l\u00e9charger<\/a><\/td>\n<\/tr>\n<\/tbody>\n<\/table>\n<table style=\"height: 5px;width: 535.75px\" border=\"3\">\n<tbody>\n<tr>\n<td style=\"width: 529.75px;text-align: center\"><span style=\"text-decoration: underline\"><span style=\"font-size: 18pt;color: #ff0000;text-decoration: underline\"><strong>LES DIPL\u00d4MES<\/strong><\/span><\/span><\/td>\n<\/tr>\n<\/tbody>\n<\/table>\n<ul>\n<li><span style=\"color: #99cc00;font-size: 14pt\"><strong>CAP OP\u00c9RATEUR LOGISTIQUE<\/strong><\/span><\/li>\n<\/ul>\n<table style=\"width: 782px\">\n<tbody>\n<tr style=\"height: 31px\">\n<td style=\"width: 546.125px;height: 31px\">\n<h3><strong style=\"font-size: revert;font-family: inherit\">&#8211; Circulaire nationale d&#8217;organisation session juin 2025<\/strong><\/h3>\n<p>&#8211; <strong>R\u00e9f\u00e9rentiel<\/strong><\/p>\n<\/td>\n<td style=\"width: 221.875px;height: 31px;text-align: center\">\n<p><a href=\"https:\/\/ent2d.ac-bordeaux.fr\/disciplines\/logistique-transport\/wp-content\/uploads\/sites\/58\/2025\/02\/Circulaire-CAP-OOL-session-2025.pdf\">ICI<\/a><\/p>\n<p><a href=\"https:\/\/ent2d.ac-bordeaux.fr\/disciplines\/logistique-transport\/wp-content\/uploads\/sites\/58\/2018\/05\/CAP-Op\u00e9rateur-Logistique-R\u00e9f\u00e9rentiel.pdf\" target=\"_blank\" rel=\"noopener noreferrer\">ICI<\/a><\/p>\n<\/td>\n<\/tr>\n<tr style=\"height: 37.5px\">\n<td style=\"width: 546.125px;height: 37.5px\">&#8211; <strong>Grilles d&#8217;\u00e9valuation<\/strong><\/td>\n<td style=\"width: 221.875px;height: 37.5px;text-align: center\"><a href=\"https:\/\/ent2d.ac-bordeaux.fr\/disciplines\/logistique-transport\/wp-content\/uploads\/sites\/58\/2020\/05\/CAP-OP\u00c9RATEUR-OP\u00c9RATRICE-LOGISTIQUE-Grilles-d\u00e9valuations-.docx\" target=\"_blank\" rel=\"noopener noreferrer\">ICI<\/a><\/td>\n<\/tr>\n<tr style=\"height: 37.5px\">\n<td style=\"width: 546.125px;height: 37.5px\">&#8211; <strong>GAP<\/strong> : Guide d&#8217;Accompagnement P\u00e9dagogique<\/td>\n<td style=\"width: 221.875px;height: 37.5px;text-align: center\"><a href=\"https:\/\/ent2d.ac-bordeaux.fr\/disciplines\/logistique-transport\/wp-content\/uploads\/sites\/58\/2020\/09\/GAP-CAP-OL.pdf\" target=\"_blank\" rel=\"noopener noreferrer\">ICI<\/a><\/td>\n<\/tr>\n<\/tbody>\n<\/table>\n<ul>\n<li><span style=\"color: #ff6600;font-size: 14pt\"><strong>BAC PRO LOGISTIQUE<\/strong><\/span><\/li>\n<\/ul>\n<table style=\"width: 780px\">\n<tbody>\n<tr>\n<td style=\"width: 548.671875px\">&#8211; <strong>R\u00e9f\u00e9rentiel<\/strong><\/td>\n<td style=\"width: 220.328125px;text-align: center\"><a href=\"https:\/\/ent2d.ac-bordeaux.fr\/disciplines\/logistique-transport\/wp-content\/uploads\/sites\/58\/2018\/02\/TELECHARGEMENT-1.pdf\" target=\"_blank\" rel=\"noopener noreferrer\">ICI<\/a><\/td>\n<\/tr>\n<tr>\n<td style=\"width: 548.671875px\">\n<h4><strong style=\"font-size: revert;font-family: inherit\">&#8211; Circulaire nationale d&#8217;organisation session juin 2025<\/strong><\/h4>\n<\/td>\n<td style=\"width: 220.328125px;text-align: center\">\n<p><a href=\"https:\/\/ent2d.ac-bordeaux.fr\/disciplines\/logistique-transport\/wp-content\/uploads\/sites\/58\/2025\/02\/Circulaire-BCP-logistique-2025.pdf\">ICI<\/a><\/p>\n<\/td>\n<\/tr>\n<tr>\n<td style=\"width: 548.671875px\">\n<p>&#8211; ANNEXE 01 CALENDRIERS<br \/><br \/>&#8211; ANNEXE 02 LIVRET DE COMPETENCES<br \/><br \/>&#8211; ANNEXE 06 GRILLE EVALUATION E31 CCF Situation n\u00b01<br \/><br \/>&#8211; ANNEXE 07 : GRILLE EVALUATION E31 CCF Situation n\u00b02<br \/><br \/>&#8211; ANNEXE 08 : GRILLE EVALUATION E31 PONCTUEL<br \/><br \/>&#8211; ANNEXE 09 : GRILLE EVALUATION E32<br \/><br \/>&#8211; ANNEXE 10 : ATTESTATION DE CONDUITE<\/p>\n<\/td>\n<td style=\"width: 220.328125px;text-align: center\">\n<p><a href=\"https:\/\/ent2d.ac-bordeaux.fr\/disciplines\/logistique-transport\/wp-content\/uploads\/sites\/58\/2025\/02\/ANNEXE-01-CALENDRIERS.pdf\" target=\"_blank\" rel=\"noopener\">ICI<\/a><br \/><br \/><a href=\"https:\/\/ent2d.ac-bordeaux.fr\/disciplines\/logistique-transport\/wp-content\/uploads\/sites\/58\/2025\/02\/ANNEXE-02-LIVRET-DE-COMPETENCES.pdf\" target=\"_blank\" rel=\"noopener\">ICI<\/a><\/p>\n<p><a href=\"https:\/\/ent2d.ac-bordeaux.fr\/disciplines\/logistique-transport\/wp-content\/uploads\/sites\/58\/2025\/02\/ANNEXE-06-GRILLE-EVALUATION-E31-CCF-Situation-n\u00b01.pdf\" target=\"_blank\" rel=\"noopener\">ICI<\/a><br \/><br \/><a href=\"https:\/\/ent2d.ac-bordeaux.fr\/disciplines\/logistique-transport\/wp-content\/uploads\/sites\/58\/2025\/02\/ANNEXE-07-GRILLE-EVALUATION-E31-CCF-Situation-n\u00b02.pdf\" target=\"_blank\" rel=\"noopener\">ICI<\/a><\/p>\n<p><a href=\"https:\/\/ent2d.ac-bordeaux.fr\/disciplines\/logistique-transport\/wp-content\/uploads\/sites\/58\/2025\/02\/ANNEXE-08-GRILLE-EVALUATION-E31-PONCTUEL.pdf\" target=\"_blank\" rel=\"noopener\">ICI<\/a><br \/><br \/><a href=\"https:\/\/ent2d.ac-bordeaux.fr\/disciplines\/logistique-transport\/wp-content\/uploads\/sites\/58\/2025\/02\/ANNEXE-09-GRILLE-EVALUATION-E32.docx\">ICI<\/a><br \/><br \/><a href=\"https:\/\/ent2d.ac-bordeaux.fr\/disciplines\/logistique-transport\/wp-content\/uploads\/sites\/58\/2025\/02\/ANNEXE-10-ATTESTATION-DE-CONDUITE.pdf\">ICI<\/a><\/p>\n<\/td>\n<\/tr>\n<\/tbody>\n<\/table>\n<ul>\n<li><span style=\"font-size: 14pt\"><strong><span style=\"color: #800080\">BAC PRO OTM\u00a0 &#8211; <\/span><\/strong><\/span><strong><span style=\"color: #800080;font-size: 14pt\">Organisation de Transport de Marchandises<\/span><br \/><\/strong><\/li>\n<\/ul>\n<table style=\"width: 929px\">\n<tbody>\n<tr style=\"height: 23px\">\n<td style=\"width: 716.859375px;height: 23px;text-align: center\"><span style=\"color: #ff0000\"><strong>NOUVEAU<\/strong><\/span><\/td>\n<td style=\"width: 338.140625px;height: 23px;text-align: right\" colspan=\"2\"><span style=\"font-size: 8pt\"><span style=\"color: #3366ff\">*<\/span> Documents avec le logo de l&#8217;acad\u00e9mie<\/span><\/td>\n<\/tr>\n<tr style=\"height: 23px\">\n<td style=\"width: 716.859375px;height: 23px\">\n<h4><strong>Circulaire nationale d&#8217;organisation session juin 2025<\/strong><\/h4>\n<p>Annexe 1-1 Calendrier Organisation-transport-marchandises_MM<\/p>\n<p>Annexe 1-2 Calendrier Organisation-transport-marchandises_AG<\/p>\n<p>Annexe 1-3 Calendrier Organisation-transport-marchandises_PO<\/p>\n<\/td>\n<td style=\"width: 214.140625px;height: 23px;text-align: center\">\n<h4>\u00a0<\/h4>\n&#8211; M\u00e9tropole &#8211; Mayotte\n<p>&#8211; Guadeloupe &#8211; Guynane- Martinique<\/p>\n<p>&#8211; Polyn\u00e9sie fran\u00e7aise<\/p>\n<\/td>\n<td style=\"width: 124px;height: 23px;text-align: center\">\n<h4><span style=\"color: #ff9900\"><a style=\"color: #ff9900\" href=\"https:\/\/ent2d.ac-bordeaux.fr\/disciplines\/logistique-transport\/wp-content\/uploads\/sites\/58\/2025\/02\/20250108_Circulaire-nationale-BCP-OTM-2025.pdf\" target=\"_blank\" rel=\"noopener\">ICI<\/a><\/span><\/h4>\n<p><a href=\"https:\/\/ent2d.ac-bordeaux.fr\/disciplines\/logistique-transport\/wp-content\/uploads\/sites\/58\/2025\/02\/Annexe-1-1-Calendrier-Organisation-transport-marchandises_MM.pdf\" target=\"_blank\" rel=\"noopener\">ICI<\/a><\/p>\n<p><a href=\"https:\/\/ent2d.ac-bordeaux.fr\/disciplines\/logistique-transport\/wp-content\/uploads\/sites\/58\/2025\/02\/Annexe-1-2-Calendrier-Organisation-transport-marchandises_AG.pdf\">IC<\/a><a href=\"https:\/\/ent2d.ac-bordeaux.fr\/disciplines\/logistique-transport\/wp-content\/uploads\/sites\/58\/2025\/02\/Annexe-1-2-Calendrier-Organisation-transport-marchandises_AG.pdf\">I<\/a><\/p>\n<p><a href=\"https:\/\/ent2d.ac-bordeaux.fr\/disciplines\/logistique-transport\/wp-content\/uploads\/sites\/58\/2025\/02\/Annexe-1-3-Calendrier-Organisation-transport-marchandises_PO.pdf\">ICI<\/a><\/p>\n<\/td>\n<\/tr>\n<tr style=\"height: 23px\">\n<td style=\"width: 716.859375px;height: 23px\"><span class=\"koowa_wrapped_content\"><span class=\"whitespace_preserver\"><strong>Annexe 2<\/strong>\u00a0: \u00a0Fiche descriptive n\u00b01 (C2.1)\u00a0<span style=\"font-size: 8pt\">Constituer le dossier de transport<\/span><br \/><\/span><\/span><\/td>\n<td style=\"width: 214.140625px;text-align: left;height: 23px\">CCF &#8211;\u00a0\u00c9preuve ponctuelle<\/td>\n<td style=\"width: 124px;text-align: left;height: 23px\"><a href=\"https:\/\/ent2d.ac-bordeaux.fr\/disciplines\/logistique-transport\/wp-content\/uploads\/sites\/58\/2025\/02\/ANNEXE-2-E31-ModSle-de-fiches-en-CCF-Epreuve-ponctuelle-C2.1.docx\" target=\"_blank\" rel=\"noopener\">Annexe 2<\/a><a href=\"https:\/\/ent2d.ac-bordeaux.fr\/disciplines\/logistique-transport\/wp-content\/uploads\/sites\/58\/2022\/10\/BAC_PRO_OTM_ANNEXE_3_E31_Modele_de_fiches_en_CCF_Epreuve_ponctuelle.docx\" target=\"_blank\" rel=\"noopener\">*<\/a><\/td>\n<\/tr>\n<tr style=\"height: 23px\">\n<td style=\"width: 716.859375px;height: 23px\"><span class=\"koowa_wrapped_content\"><span class=\"whitespace_preserver\"><strong>Annexe 3<\/strong>\u00a0: \u00a0Fiche descriptive n\u00b02 (C2.2)\u00a0<span style=\"font-size: 8pt\">Ex\u00e9cuter la demande du client\/donneur d&#8217;ordre<\/span><\/span><\/span><\/td>\n<td style=\"width: 214.140625px;text-align: left;height: 23px\">CCF &#8211;\u00a0\u00c9preuve ponctuelle<\/td>\n<td style=\"width: 124px;text-align: left;height: 23px\"><a href=\"https:\/\/ent2d.ac-bordeaux.fr\/disciplines\/logistique-transport\/wp-content\/uploads\/sites\/58\/2022\/10\/BAC_PRO_ANNEXE_4_E31_Modele_de_fiches_en_CCF_Epreuve_ponctuelle.docx\" target=\"_blank\" rel=\"noopener\">Annexe 3*<\/a><\/td>\n<\/tr>\n<tr style=\"height: 23px\">\n<td style=\"width: 716.859375px;height: 23px\"><strong>Annexe 4<\/strong>\u00a0: \u00a0Fiche descriptive n\u00b03 (C2.3)\u00a0<span class=\"koowa_wrapped_content\" style=\"font-size: 8pt\"><span class=\"whitespace_preserver\">Suivre l&#8217;op\u00e9ration de transport et communique&#8230;<\/span><\/span><\/td>\n<td style=\"width: 214.140625px;text-align: left;height: 23px\">CCF &#8211;\u00a0\u00c9preuve ponctuelle<\/td>\n<td style=\"width: 124px;text-align: left;height: 23px\"><a href=\"https:\/\/ent2d.ac-bordeaux.fr\/disciplines\/logistique-transport\/wp-content\/uploads\/sites\/58\/2022\/10\/BAC_PRO_ANNEXE_4_E31_Modele_de_fiches_en_CCF_Epreuve_ponctuelle.docx\" target=\"_blank\" rel=\"noopener\">Annexe 4 *<\/a><\/td>\n<\/tr>\n<tr style=\"height: 15.5px\">\n<td style=\"width: 716.859375px;height: 15.5px\"><strong>Annexe 5<\/strong>\u00a0: \u00a0\u00c9preuve E3 &#8211; Sous-\u00e9preuve E31 &#8211;\u00a0<span style=\"font-size: 8pt\">V\u00e9rification de la conformit\u00e9 du dossier<\/span><\/td>\n<td style=\"width: 214.140625px;text-align: left;height: 15.5px\">\u00c9preuve ponctuelle<\/td>\n<td style=\"width: 124px;text-align: left;height: 15.5px\"><a href=\"https:\/\/ent2d.ac-bordeaux.fr\/disciplines\/logistique-transport\/wp-content\/uploads\/sites\/58\/2022\/10\/BAC_PRO_ANNEXE_4_E31_Modele_de_fiches_en_CCF_Epreuve_ponctuelle.docx\" target=\"_blank\" rel=\"noopener\">Annexe 5 *<\/a><\/td>\n<\/tr>\n<tr style=\"height: 23px\">\n<td style=\"width: 716.859375px;height: 23px\"><span style=\"color: #000000\"><strong>Annexe 6<\/strong>\u00a0<\/span>: \u00a0\u00c9preuve E3 &#8211; Sous-\u00e9preuve E31 &#8211;\u00a0<span style=\"font-size: 8pt\">Mise en oeuvre et suivi d&#8217;op\u00e9rations de transport<\/span><\/td>\n<td style=\"width: 214.140625px;text-align: left;height: 23px\">CCF<\/td>\n<td style=\"width: 124px;text-align: left;height: 23px\"><a href=\"https:\/\/ent2d.ac-bordeaux.fr\/disciplines\/logistique-transport\/wp-content\/uploads\/sites\/58\/2022\/10\/BAC_PRO_ANNEXE_4_E31_Modele_de_fiches_en_CCF_Epreuve_ponctuelle.docx\" target=\"_blank\" rel=\"noopener\">Annexe 6<\/a><a href=\"https:\/\/ent2d.ac-bordeaux.fr\/disciplines\/logistique-transport\/wp-content\/uploads\/sites\/58\/2022\/10\/BAC_PRO_ANNEXE_4_E31_Modele_de_fiches_en_CCF_Epreuve_ponctuelle.docx\" target=\"_blank\" rel=\"noopener\">*<\/a><\/td>\n<\/tr>\n<tr style=\"height: 23px\">\n<td style=\"width: 716.859375px;height: 23px\"><span style=\"color: #000000\"><strong>Annexe 7<\/strong>\u00a0: <\/span>\u00a0\u00c9preuve E3 &#8211; Sous-\u00e9preuve E31 &#8211;\u00a0<span style=\"font-size: 8pt\">Mise en oeuvre et suivi d&#8217;op\u00e9rations de transport<\/span><\/td>\n<td style=\"width: 214.140625px;text-align: left;height: 23px\">\u00c9preuve ponctuelle<\/td>\n<td style=\"width: 124px;text-align: left;height: 23px\"><a href=\"https:\/\/ent2d.ac-bordeaux.fr\/disciplines\/logistique-transport\/wp-content\/uploads\/sites\/58\/2025\/02\/ANNEXE-7-E31-GRILLE-DEVALUATION-EPREUVE-PONCTUELLE.docx\" target=\"_blank\" rel=\"noopener\">Annexe 7 *<\/a><\/td>\n<\/tr>\n<tr style=\"height: 23px\">\n<td style=\"width: 716.859375px;height: 23px\"><span style=\"color: #000000\"><strong>Annexe 8<\/strong>\u00a0: <\/span>\u00a0\u00c9preuve E3 &#8211; Sous-\u00e9preuve E32 &#8211;\u00a0<span style=\"font-size: 8pt\">Contribution \u00e0 l&#8217;am\u00e9lioration de l&#8217;activit\u00e9 de transport<\/span><\/td>\n<td style=\"width: 214.140625px;text-align: left;height: 23px\">CCF<\/td>\n<td style=\"width: 124px;text-align: left;height: 23px\"><a href=\"https:\/\/ent2d.ac-bordeaux.fr\/disciplines\/logistique-transport\/wp-content\/uploads\/sites\/58\/2025\/02\/ANNEXE-8-E32-Dossier-modSle-en-CCF.docx\">Annexe 8 *<\/a><\/td>\n<\/tr>\n<tr style=\"height: 23px\">\n<td style=\"width: 716.859375px;height: 23px\"><span style=\"color: #000000\">A<strong>nnexe 9<\/strong>\u00a0: <\/span>\u00c9preuve E3 &#8211; Sous-\u00e9preuve E32 &#8211;\u00a0<span style=\"font-size: 8pt\">Contribution \u00e0 l&#8217;am\u00e9lioration de l&#8217;activit\u00e9 de transport<\/span><\/td>\n<td style=\"width: 214.140625px;text-align: left;height: 23px\">\u00c9preuve ponctuelle<\/td>\n<td style=\"width: 124px;text-align: left;height: 23px\"><a href=\"https:\/\/ent2d.ac-bordeaux.fr\/disciplines\/logistique-transport\/wp-content\/uploads\/sites\/58\/2025\/02\/ANNEXE-9-E32-Dossier-modSle-en-\u201apreuve-ponctuelle.docx\" target=\"_blank\" rel=\"noopener\">Annexe 9 *<\/a><\/td>\n<\/tr>\n<tr style=\"height: 23px\">\n<td style=\"width: 716.859375px;height: 23px\"><span style=\"color: #000000\"><strong>Annexe 10<\/strong>\u00a0:<\/span> \u00c9preuve E3 &#8211; Sous-\u00e9preuve E32 &#8211;\u00a0<span style=\"font-size: 8pt\">V\u00e9rification de la conformit\u00e9 du dossier<\/span><\/td>\n<td style=\"width: 214.140625px;text-align: left;height: 23px\">\u00c9preuve ponctuelle<\/td>\n<td style=\"width: 124px;text-align: left;height: 23px\"><a href=\"https:\/\/ent2d.ac-bordeaux.fr\/disciplines\/logistique-transport\/wp-content\/uploads\/sites\/58\/2025\/02\/ANNEXE-10-V\u201arification-de-conformit\u201a-du-dossier-E32.docx\" target=\"_blank\" rel=\"noopener\">Annexe 10 *<\/a><\/td>\n<\/tr>\n<tr style=\"height: 23px\">\n<td style=\"width: 716.859375px;height: 23px\"><strong>Annexe 11<\/strong>\u00a0: \u00c9preuve E3 &#8211; Sous-\u00e9preuve E32 &#8211;\u00a0<span style=\"font-size: 8pt\">Grille d&#8217;\u00e9valuation<\/span><\/td>\n<td style=\"width: 214.140625px;text-align: left;height: 23px\">CCF<\/td>\n<td style=\"width: 124px;text-align: left;height: 23px\"><a href=\"https:\/\/ent2d.ac-bordeaux.fr\/disciplines\/logistique-transport\/wp-content\/uploads\/sites\/58\/2025\/02\/ANNEXE-11-E32-GRILLE-DEVALUATION-CCF.docx\" target=\"_blank\" rel=\"noopener\">Annexe 11 *<\/a><\/td>\n<\/tr>\n<tr style=\"height: 23px\">\n<td style=\"width: 716.859375px;height: 23px\"><strong>Annexe 12<\/strong>\u00a0: \u00c9preuve E3 &#8211; Sous-\u00e9preuve E32 &#8211;\u00a0<span style=\"font-size: 8pt\">Grille d&#8217;\u00e9valuation<\/span><\/td>\n<td style=\"width: 214.140625px;text-align: left;height: 23px\">\u00c9preuve ponctuelle<\/td>\n<td style=\"width: 124px;text-align: left;height: 23px\"><a href=\"https:\/\/ent2d.ac-bordeaux.fr\/disciplines\/logistique-transport\/wp-content\/uploads\/sites\/58\/2025\/02\/ANNEXE-12-E32-GRILLE-DEVALUATION-Epreuve-ponctuelle.docx\" target=\"_blank\" rel=\"noopener\">Annexe 12 *<\/a><\/td>\n<\/tr>\n<tr style=\"height: 23px\">\n<td style=\"width: 716.859375px;height: 23px;text-align: left\"><em><span class=\"koowa_wrapped_content\"><span class=\"whitespace_preserver\">Circulaire nationale d&#8217;organisation et toutes les annexes Crcm-tl<\/span><\/span><\/em><\/td>\n<td style=\"width: 214.140625px;text-align: left;height: 23px\">\u00a0<\/td>\n<td style=\"width: 124px;text-align: left;height: 23px\"><a href=\"http:\/\/crcm-tl.fr\/index.php\/diplomes\/transport-et-logistique\/bac-pro-otm\/bac-pro-otm-documents-officiels\/bac-pro-otm-ciculaire-nationale-d-organisation-et-annexes\">ICI<\/a>\u00a0<span style=\"font-size: 8pt\"><em>(Crcm-tl)<\/em><\/span><\/td>\n<\/tr>\n<tr style=\"height: 23px\">\n<td style=\"width: 716.859375px;height: 23px\">\u00a0<\/td>\n<td style=\"width: 214.140625px;text-align: left;height: 23px\">\u00a0<\/td>\n<td style=\"width: 124px;text-align: left;height: 23px\">\u00a0<\/td>\n<\/tr>\n<tr style=\"height: 23px\">\n<td style=\"width: 716.859375px;height: 23px\">&#8211; <strong>R\u00e9f\u00e9rentiel<\/strong><\/td>\n<td style=\"width: 214.140625px;text-align: left;height: 23px\">\u00a0<\/td>\n<td style=\"width: 124px;text-align: left;height: 23px\"><a href=\"https:\/\/ent2d.ac-bordeaux.fr\/disciplines\/logistique-transport\/wp-content\/uploads\/sites\/58\/2020\/04\/joe_20200319_0068_0016_referentiel_bac_pro_otm.pdf\" target=\"_blank\" rel=\"noopener noreferrer\">ICI<\/a><\/td>\n<\/tr>\n<tr style=\"height: 63px\">\n<td style=\"width: 716.859375px;height: 63px\">&#8211; <strong>GAP<\/strong> : Guide d&#8217;Accompagnement P\u00e9dagogique &#8211;\u00a0Juin 2020<\/td>\n<td style=\"width: 214.140625px;text-align: left;height: 63px\">\u00a0<\/td>\n<td style=\"width: 124px;text-align: left;height: 63px\"><a href=\"https:\/\/ent2d.ac-bordeaux.fr\/disciplines\/logistique-transport\/wp-content\/uploads\/sites\/58\/2020\/09\/GAP-BCP-OTM.pdf\" target=\"_blank\" rel=\"noopener noreferrer\">ICI<\/a><\/td>\n<\/tr>\n<tr style=\"height: 63px\">\n<td style=\"width: 716.859375px;height: 63px\">&#8211; <strong>Livret de suivi PFMP<\/strong> Bac pro OTM<\/td>\n<td style=\"width: 214.140625px;text-align: left;height: 63px\">\u00a0<\/td>\n<td style=\"width: 124px;text-align: left;height: 63px\"><a href=\"https:\/\/ent2d.ac-bordeaux.fr\/disciplines\/logistique-transport\/wp-content\/uploads\/sites\/58\/2021\/11\/LIVRET-DE-SUIVI-PFMP-BAC-PRO-OTM.docx\" target=\"_blank\" rel=\"noopener\">ICI<\/a><\/td>\n<\/tr>\n<tr style=\"height: 63px\">\n<td style=\"width: 716.859375px;height: 63px\">&#8211; Pr\u00e9sentation r\u00e9union Bordeaux 23 novembre 2021<\/td>\n<td style=\"width: 214.140625px;text-align: left;height: 63px\">\u00a0<\/td>\n<td style=\"width: 124px;text-align: left;height: 63px\"><a href=\"https:\/\/ent2d.ac-bordeaux.fr\/disciplines\/logistique-transport\/wp-content\/uploads\/sites\/58\/2021\/11\/Pr\u00e9sentation.pptx\" target=\"_blank\" rel=\"noopener\">ICI<\/a><\/td>\n<\/tr>\n<\/tbody>\n<\/table>\n<p><!--more--><\/p>\n\n\n<p><\/p>\n\n\n\n<p><\/p>\n\n\n\n<p><\/p>\n","protected":false},"excerpt":{"rendered":"<p>Derniers textes F\u00e9vrier 2025 \u00a0 &#8211; BAC PRO OTM &#8211; Circulaire nationale d&#8217;organisationsession juin 2025 et annexes &#8211; BAC PRO Logistique &#8211; Circulaire nationale d&#8217;organisationsession juin 2025 et annexes Partie OTMci-dessous Partie Logistiqueci-dessous Septembre 2024 \u00a0 &#8211; FAQ\u00a0R\u00e9organisation du cursus de pr\u00e9paration au baccalaur\u00e9at professionnel&#8211; Webinaire : pr\u00e9sentation ICI ICI Novembre 2O22 \u00a0 &#8211; BAC &hellip; <\/p>\n<p><a class=\"more-link btn\" href=\"https:\/\/ent2d.ac-bordeaux.fr\/disciplines\/logistique-transport\/textes-officiels\/\">Lire la suite<\/a><\/p>\n","protected":false},"author":278,"featured_media":0,"parent":0,"menu_order":0,"comment_status":"closed","ping_status":"closed","template":"template-twocolumnsleft.php","meta":{"_bbp_topic_count":0,"_bbp_reply_count":0,"_bbp_total_topic_count":0,"_bbp_total_reply_count":0,"_bbp_voice_count":0,"_bbp_anonymous_reply_count":0,"_bbp_topic_count_hidden":0,"_bbp_reply_count_hidden":0,"_bbp_forum_subforum_count":0,"footnotes":""},"class_list":["post-164","page","type-page","status-publish","hentry","nodate","item-wrap"],"_links":{"self":[{"href":"https:\/\/ent2d.ac-bordeaux.fr\/disciplines\/logistique-transport\/wp-json\/wp\/v2\/pages\/164","targetHints":{"allow":["GET"]}}],"collection":[{"href":"https:\/\/ent2d.ac-bordeaux.fr\/disciplines\/logistique-transport\/wp-json\/wp\/v2\/pages"}],"about":[{"href":"https:\/\/ent2d.ac-bordeaux.fr\/disciplines\/logistique-transport\/wp-json\/wp\/v2\/types\/page"}],"author":[{"embeddable":true,"href":"https:\/\/ent2d.ac-bordeaux.fr\/disciplines\/logistique-transport\/wp-json\/wp\/v2\/users\/278"}],"replies":[{"embeddable":true,"href":"https:\/\/ent2d.ac-bordeaux.fr\/disciplines\/logistique-transport\/wp-json\/wp\/v2\/comments?post=164"}],"version-history":[{"count":115,"href":"https:\/\/ent2d.ac-bordeaux.fr\/disciplines\/logistique-transport\/wp-json\/wp\/v2\/pages\/164\/revisions"}],"predecessor-version":[{"id":1560,"href":"https:\/\/ent2d.ac-bordeaux.fr\/disciplines\/logistique-transport\/wp-json\/wp\/v2\/pages\/164\/revisions\/1560"}],"wp:attachment":[{"href":"https:\/\/ent2d.ac-bordeaux.fr\/disciplines\/logistique-transport\/wp-json\/wp\/v2\/media?parent=164"}],"curies":[{"name":"wp","href":"https:\/\/api.w.org\/{rel}","templated":true}]}}