{"id":772,"date":"2018-11-02T15:50:42","date_gmt":"2018-11-02T14:50:42","guid":{"rendered":"https:\/\/ent2d.ac-bordeaux.fr\/disciplines\/lithotheque\/?page_id=772"},"modified":"2019-04-28T16:54:56","modified_gmt":"2019-04-28T14:54:56","slug":"40-courant-dhuchet","status":"publish","type":"page","link":"https:\/\/ent2d.ac-bordeaux.fr\/disciplines\/lithotheque\/40-courant-dhuchet\/","title":{"rendered":"40 &#8211; Courant d&#8217;Huchet"},"content":{"rendered":"<h6 style=\"text-align: center\"><strong>LE COURANT D&#8217;HUCHET DE PICHELEBE A L&#8217;EMBOUCHURE<\/strong><\/h6>\n<table style=\"height: 89px\" width=\"100%\">\n<tbody>\n<tr>\n<td style=\"text-align: center\" colspan=\"2\" width=\"241\"><span style=\"color: #00ccff\"><a style=\"color: #00ccff\" href=\"http:\/\/u.osmfr.org\/m\/227979\/\"><strong>Coordonn\u00e9es g\u00e9ographiques et GPS du parking<\/strong><\/a><\/span><\/td>\n<\/tr>\n<tr>\n<td style=\"text-align: center\" width=\"121\"><span style=\"color: #000000\">43\u00b053&#8217;15.1&#8243;N<\/span><\/td>\n<td style=\"text-align: center\" width=\"121\"><span style=\"color: #000000\">1\u00b022&#8217;04.3&#8243;W<\/span><\/td>\n<\/tr>\n<tr>\n<td style=\"text-align: center\" width=\"121\"><span style=\"color: #000000\">43.887516<\/span><\/td>\n<td style=\"text-align: center\" width=\"121\"><span style=\"color: #000000\">-1.367865<\/span><\/td>\n<\/tr>\n<\/tbody>\n<\/table>\n<div>\n<p><span style=\"color: #000000\">Commune de Moliets et Maa, dans la R\u00e9serve Naturelle du Courant d&#8217;Huchet.<\/span><\/p>\n<figure id=\"attachment_774\" aria-describedby=\"caption-attachment-774\" style=\"width: 673px\" class=\"wp-caption alignleft\"><a href=\"https:\/\/ent2d.ac-bordeaux.fr\/disciplines\/lithotheque\/wp-content\/uploads\/sites\/59\/2018\/11\/Carte.png\"><img loading=\"lazy\" decoding=\"async\" class=\"size-full wp-image-774\" src=\"https:\/\/ent2d.ac-bordeaux.fr\/disciplines\/lithotheque\/wp-content\/uploads\/sites\/59\/2018\/11\/Carte.png\" alt=\"\" width=\"673\" height=\"611\" srcset=\"https:\/\/ent2d.ac-bordeaux.fr\/disciplines\/lithotheque\/wp-content\/uploads\/sites\/59\/2018\/11\/Carte.png 673w, https:\/\/ent2d.ac-bordeaux.fr\/disciplines\/lithotheque\/wp-content\/uploads\/sites\/59\/2018\/11\/Carte-300x272.png 300w\" sizes=\"auto, (max-width: 673px) 100vw, 673px\" \/><\/a><figcaption id=\"caption-attachment-774\" class=\"wp-caption-text\">Localisation _ Google Earth<\/figcaption><\/figure>\n<\/div>\n<table>\n<tbody>\n<tr>\n<td align=\"center\" width=\"49%\">\n<p><figure id=\"attachment_777\" aria-describedby=\"caption-attachment-777\" style=\"width: 493px\" class=\"wp-caption alignnone\"><a style=\"font-weight: bold;font-style: italic;font-family: inherit;font-size: inherit\" href=\"https:\/\/ent2d.ac-bordeaux.fr\/disciplines\/lithotheque\/wp-content\/uploads\/sites\/59\/2018\/11\/Carte-ge\u0301ologique.png\"><img loading=\"lazy\" decoding=\"async\" class=\"wp-image-777 size-full\" src=\"https:\/\/ent2d.ac-bordeaux.fr\/disciplines\/lithotheque\/wp-content\/uploads\/sites\/59\/2018\/11\/Carte-ge\u0301ologique.png\" alt=\"\" width=\"493\" height=\"567\" srcset=\"https:\/\/ent2d.ac-bordeaux.fr\/disciplines\/lithotheque\/wp-content\/uploads\/sites\/59\/2018\/11\/Carte-ge\u0301ologique.png 493w, https:\/\/ent2d.ac-bordeaux.fr\/disciplines\/lithotheque\/wp-content\/uploads\/sites\/59\/2018\/11\/Carte-ge\u0301ologique-261x300.png 261w\" sizes=\"auto, (max-width: 493px) 100vw, 493px\" \/><\/a><figcaption id=\"caption-attachment-777\" class=\"wp-caption-text\">Carte g\u00e9ologique 1\/50 000 n\u00b0949, Soustons<\/figcaption><\/figure><\/td>\n<td width=\"213\">\n<p><figure id=\"attachment_778\" aria-describedby=\"caption-attachment-778\" style=\"width: 361px\" class=\"wp-caption alignleft\"><a href=\"https:\/\/ent2d.ac-bordeaux.fr\/disciplines\/lithotheque\/wp-content\/uploads\/sites\/59\/2018\/11\/Le\u0301gende.png\"><img loading=\"lazy\" decoding=\"async\" class=\"size-full wp-image-778\" src=\"https:\/\/ent2d.ac-bordeaux.fr\/disciplines\/lithotheque\/wp-content\/uploads\/sites\/59\/2018\/11\/Le\u0301gende.png\" alt=\"\" width=\"361\" height=\"194\" srcset=\"https:\/\/ent2d.ac-bordeaux.fr\/disciplines\/lithotheque\/wp-content\/uploads\/sites\/59\/2018\/11\/Le\u0301gende.png 361w, https:\/\/ent2d.ac-bordeaux.fr\/disciplines\/lithotheque\/wp-content\/uploads\/sites\/59\/2018\/11\/Le\u0301gende-300x161.png 300w\" sizes=\"auto, (max-width: 361px) 100vw, 361px\" \/><\/a><figcaption id=\"caption-attachment-778\" class=\"wp-caption-text\">Cartouche<\/figcaption><\/figure><\/td>\n<\/tr>\n<tr>\n<td colspan=\"2\" width=\"426\">\n<p><figure id=\"attachment_779\" aria-describedby=\"caption-attachment-779\" style=\"width: 1038px\" class=\"wp-caption alignleft\"><a href=\"https:\/\/ent2d.ac-bordeaux.fr\/disciplines\/lithotheque\/wp-content\/uploads\/sites\/59\/2018\/11\/Coupe.png\"><img loading=\"lazy\" decoding=\"async\" class=\"size-full wp-image-779\" src=\"https:\/\/ent2d.ac-bordeaux.fr\/disciplines\/lithotheque\/wp-content\/uploads\/sites\/59\/2018\/11\/Coupe.png\" alt=\"\" width=\"1038\" height=\"744\" srcset=\"https:\/\/ent2d.ac-bordeaux.fr\/disciplines\/lithotheque\/wp-content\/uploads\/sites\/59\/2018\/11\/Coupe.png 1038w, https:\/\/ent2d.ac-bordeaux.fr\/disciplines\/lithotheque\/wp-content\/uploads\/sites\/59\/2018\/11\/Coupe-300x215.png 300w, https:\/\/ent2d.ac-bordeaux.fr\/disciplines\/lithotheque\/wp-content\/uploads\/sites\/59\/2018\/11\/Coupe-768x550.png 768w, https:\/\/ent2d.ac-bordeaux.fr\/disciplines\/lithotheque\/wp-content\/uploads\/sites\/59\/2018\/11\/Coupe-1024x734.png 1024w\" sizes=\"auto, (max-width: 1038px) 100vw, 1038px\" \/><\/a><figcaption id=\"caption-attachment-779\" class=\"wp-caption-text\">Coupe g\u00e9ologique sch\u00e9matique<\/figcaption><\/figure><\/td>\n<\/tr>\n<\/tbody>\n<\/table>\n<h6><span style=\"color: #000000\"><u style=\"font-weight: bold\">Description du site<\/u> :<\/span><\/h6>\n<h5><span style=\"color: #000000\">Cartes pal\u00e9og\u00e9ographiques du bassin aquitain au Plio-Quaternaire<\/span><br \/>\n<a href=\"https:\/\/ent2d.ac-bordeaux.fr\/disciplines\/lithotheque\/wp-content\/uploads\/sites\/59\/2018\/11\/Pale\u0301o.png\"><img loading=\"lazy\" decoding=\"async\" class=\"size-full wp-image-782\" src=\"https:\/\/ent2d.ac-bordeaux.fr\/disciplines\/lithotheque\/wp-content\/uploads\/sites\/59\/2018\/11\/Pale\u0301o.png\" alt=\"\" width=\"1335\" height=\"697\" srcset=\"https:\/\/ent2d.ac-bordeaux.fr\/disciplines\/lithotheque\/wp-content\/uploads\/sites\/59\/2018\/11\/Pale\u0301o.png 1335w, https:\/\/ent2d.ac-bordeaux.fr\/disciplines\/lithotheque\/wp-content\/uploads\/sites\/59\/2018\/11\/Pale\u0301o-300x157.png 300w, https:\/\/ent2d.ac-bordeaux.fr\/disciplines\/lithotheque\/wp-content\/uploads\/sites\/59\/2018\/11\/Pale\u0301o-768x401.png 768w, https:\/\/ent2d.ac-bordeaux.fr\/disciplines\/lithotheque\/wp-content\/uploads\/sites\/59\/2018\/11\/Pale\u0301o-1024x535.png 1024w\" sizes=\"auto, (max-width: 1335px) 100vw, 1335px\" \/><\/a><\/h5>\n<h5><span style=\"color: #000000\"><strong><u>Extrait du plan de gestion de la R\u00e9serve Naturelle du Courant d\u2019Huchet<\/u><\/strong><\/span><\/h5>\n<h6><span style=\"color: #000000\"><strong>G\u00e9ologie et g\u00e9omorphologie (cf. coupe g\u00e9ologique et carte g\u00e9ologique au 1\/50000 de Soustons, feuille n\u00b0949)<\/strong><\/span><\/h6>\n<p><span style=\"color: #000000\">La morphologie et la composition du substratum de la R\u00e9serve r\u00e9sultent des phases de transgressions marines, des s\u00e9quences de transports fluviatiles et du modelage \u00e9olien.<\/span><\/p>\n<p><span style=\"color: #000000\">La couche profonde IV s\u2019est mise en place au pl\u00e9istoc\u00e8ne inf\u00e9rieur . Elle est constitu\u00e9e de sables d\u00e9tritiques grossiers et d\u2019argiles d\u00e9pos\u00e9s lors de l\u2019avant derni\u00e8re s\u00e9quence de transports <strong>fluviatiles<\/strong> importants.<\/span><br \/>\n<span style=\"color: #000000\">Par la suite, toujours au pl\u00e9istoc\u00e8ne sup\u00e9rieur, une derni\u00e8re s\u00e9quence du comblement landais a eu lieu, recouvrant la couche IV par un d\u00e9p\u00f4t de sables fins, blanch\u00e2tres d\u2019origine <strong>fluviatile<\/strong> (NF1).<\/span><br \/>\n<span style=\"color: #000000\">A l\u2019extr\u00e9mit\u00e9 ouest (littoral), cette couche est remplac\u00e9e par des sables coquilliers d\u2019origine <strong>marine<\/strong> (MFy) qui se sont d\u00e9pos\u00e9s \u00e0 l&#8217;holoc\u00e8ne dans d\u2019anciennes vall\u00e9es.<\/span><\/p>\n<p><span style=\"color: #000000\">Durant l\u2019holoc\u00e8ne, s\u2019est mis en place le syst\u00e8me dunaire de la fa\u00e7ade atlantique, sous l\u2019effet des <strong>vents<\/strong> :<\/span><br \/>\n<span style=\"color: #000000\">&#8211; les dunes protohistoriques de type parabolique il y a 3000 \u00e0 5000 ans, sous l\u2019effet des <strong>vents<\/strong> d\u2019ouest,<\/span><br \/>\n<span style=\"color: #000000\">&#8211; les dunes historiques de type \u00ab barkhane \u00bb, fix\u00e9es par la v\u00e9g\u00e9tation dunaire, o\u00f9 s\u2019intercalent des lettes, il y a 1000 et 3000 ans, sous l\u2019effet du <strong>vent<\/strong>,<\/span><br \/>\n<span style=\"color: #000000\">&#8211; les dunes actuelles, form\u00e9es de sables et de d\u00e9bris coquilliers l\u00e9g\u00e8rement carbonat\u00e9s, constamment remani\u00e9es par les <strong>mar\u00e9es<\/strong> et le <strong>vent<\/strong>.<\/span><\/p>\n<figure id=\"attachment_799\" aria-describedby=\"caption-attachment-799\" style=\"width: 4592px\" class=\"wp-caption aligncenter\"><a href=\"https:\/\/ent2d.ac-bordeaux.fr\/disciplines\/lithotheque\/wp-content\/uploads\/sites\/59\/2018\/11\/courant-dhuchet-de\u0301vie\u0301-par-la-dune.jpg\"><img loading=\"lazy\" decoding=\"async\" class=\"wp-image-799 size-full\" src=\"https:\/\/ent2d.ac-bordeaux.fr\/disciplines\/lithotheque\/wp-content\/uploads\/sites\/59\/2018\/11\/courant-dhuchet-de\u0301vie\u0301-par-la-dune.jpg\" alt=\"\" width=\"4592\" height=\"3448\" srcset=\"https:\/\/ent2d.ac-bordeaux.fr\/disciplines\/lithotheque\/wp-content\/uploads\/sites\/59\/2018\/11\/courant-dhuchet-de\u0301vie\u0301-par-la-dune.jpg 4592w, https:\/\/ent2d.ac-bordeaux.fr\/disciplines\/lithotheque\/wp-content\/uploads\/sites\/59\/2018\/11\/courant-dhuchet-de\u0301vie\u0301-par-la-dune-300x225.jpg 300w, https:\/\/ent2d.ac-bordeaux.fr\/disciplines\/lithotheque\/wp-content\/uploads\/sites\/59\/2018\/11\/courant-dhuchet-de\u0301vie\u0301-par-la-dune-768x577.jpg 768w, https:\/\/ent2d.ac-bordeaux.fr\/disciplines\/lithotheque\/wp-content\/uploads\/sites\/59\/2018\/11\/courant-dhuchet-de\u0301vie\u0301-par-la-dune-1024x769.jpg 1024w\" sizes=\"auto, (max-width: 4592px) 100vw, 4592px\" \/><\/a><figcaption id=\"caption-attachment-799\" class=\"wp-caption-text\">Courant d&#8217;Huchet d\u00e9vi\u00e9 par la dune<\/figcaption><\/figure>\n<figure id=\"attachment_800\" aria-describedby=\"caption-attachment-800\" style=\"width: 4592px\" class=\"wp-caption aligncenter\"><a href=\"https:\/\/ent2d.ac-bordeaux.fr\/disciplines\/lithotheque\/wp-content\/uploads\/sites\/59\/2018\/11\/contournement-de-la-dune.jpg\"><img loading=\"lazy\" decoding=\"async\" class=\"size-full wp-image-800\" src=\"https:\/\/ent2d.ac-bordeaux.fr\/disciplines\/lithotheque\/wp-content\/uploads\/sites\/59\/2018\/11\/contournement-de-la-dune.jpg\" alt=\"\" width=\"4592\" height=\"3448\" srcset=\"https:\/\/ent2d.ac-bordeaux.fr\/disciplines\/lithotheque\/wp-content\/uploads\/sites\/59\/2018\/11\/contournement-de-la-dune.jpg 4592w, https:\/\/ent2d.ac-bordeaux.fr\/disciplines\/lithotheque\/wp-content\/uploads\/sites\/59\/2018\/11\/contournement-de-la-dune-300x225.jpg 300w, https:\/\/ent2d.ac-bordeaux.fr\/disciplines\/lithotheque\/wp-content\/uploads\/sites\/59\/2018\/11\/contournement-de-la-dune-768x577.jpg 768w, https:\/\/ent2d.ac-bordeaux.fr\/disciplines\/lithotheque\/wp-content\/uploads\/sites\/59\/2018\/11\/contournement-de-la-dune-1024x769.jpg 1024w\" sizes=\"auto, (max-width: 4592px) 100vw, 4592px\" \/><\/a><figcaption id=\"caption-attachment-800\" class=\"wp-caption-text\">Contournement de la dune<\/figcaption><\/figure>\n<figure id=\"attachment_801\" aria-describedby=\"caption-attachment-801\" style=\"width: 4592px\" class=\"wp-caption alignleft\"><a href=\"https:\/\/ent2d.ac-bordeaux.fr\/disciplines\/lithotheque\/wp-content\/uploads\/sites\/59\/2018\/11\/dune-re\u0301cente.jpg\"><img loading=\"lazy\" decoding=\"async\" class=\"size-full wp-image-801\" src=\"https:\/\/ent2d.ac-bordeaux.fr\/disciplines\/lithotheque\/wp-content\/uploads\/sites\/59\/2018\/11\/dune-re\u0301cente.jpg\" alt=\"\" width=\"4592\" height=\"3448\" srcset=\"https:\/\/ent2d.ac-bordeaux.fr\/disciplines\/lithotheque\/wp-content\/uploads\/sites\/59\/2018\/11\/dune-re\u0301cente.jpg 4592w, https:\/\/ent2d.ac-bordeaux.fr\/disciplines\/lithotheque\/wp-content\/uploads\/sites\/59\/2018\/11\/dune-re\u0301cente-300x225.jpg 300w, https:\/\/ent2d.ac-bordeaux.fr\/disciplines\/lithotheque\/wp-content\/uploads\/sites\/59\/2018\/11\/dune-re\u0301cente-768x577.jpg 768w, https:\/\/ent2d.ac-bordeaux.fr\/disciplines\/lithotheque\/wp-content\/uploads\/sites\/59\/2018\/11\/dune-re\u0301cente-1024x769.jpg 1024w\" sizes=\"auto, (max-width: 4592px) 100vw, 4592px\" \/><\/a><figcaption id=\"caption-attachment-801\" class=\"wp-caption-text\">Dune r\u00e9cente<\/figcaption><\/figure>\n<p><span style=\"color: #000000\">\u00c9galement durant l\u2019holoc\u00e8ne, sur des terrains bas et prot\u00e9g\u00e9s du vent, des d\u00e9p\u00f4ts d\u2019alluvions ont eu lieu, aboutissant aux formations des marais et tourbi\u00e8res ou aux alluvions r\u00e9centes du r\u00e9seau hydrographique.<\/span><\/p>\n<figure id=\"attachment_802\" aria-describedby=\"caption-attachment-802\" style=\"width: 4592px\" class=\"wp-caption alignleft\"><a href=\"https:\/\/ent2d.ac-bordeaux.fr\/disciplines\/lithotheque\/wp-content\/uploads\/sites\/59\/2018\/11\/marais-de-la-Pipe.jpg\"><img loading=\"lazy\" decoding=\"async\" class=\"size-full wp-image-802\" src=\"https:\/\/ent2d.ac-bordeaux.fr\/disciplines\/lithotheque\/wp-content\/uploads\/sites\/59\/2018\/11\/marais-de-la-Pipe.jpg\" alt=\"\" width=\"4592\" height=\"3448\" srcset=\"https:\/\/ent2d.ac-bordeaux.fr\/disciplines\/lithotheque\/wp-content\/uploads\/sites\/59\/2018\/11\/marais-de-la-Pipe.jpg 4592w, https:\/\/ent2d.ac-bordeaux.fr\/disciplines\/lithotheque\/wp-content\/uploads\/sites\/59\/2018\/11\/marais-de-la-Pipe-300x225.jpg 300w, https:\/\/ent2d.ac-bordeaux.fr\/disciplines\/lithotheque\/wp-content\/uploads\/sites\/59\/2018\/11\/marais-de-la-Pipe-768x577.jpg 768w, https:\/\/ent2d.ac-bordeaux.fr\/disciplines\/lithotheque\/wp-content\/uploads\/sites\/59\/2018\/11\/marais-de-la-Pipe-1024x769.jpg 1024w\" sizes=\"auto, (max-width: 4592px) 100vw, 4592px\" \/><\/a><figcaption id=\"caption-attachment-802\" class=\"wp-caption-text\">Marais de la Pipe<\/figcaption><\/figure>\n<p><span style=\"color: #000000\">La formation de ce syst\u00e8me dunaire a bloqu\u00e9 les \u00e9coulements d\u2019eau superficiels, ce qui a permis la formation de marais et de plans d\u2019eau littoraux.<\/span><br \/>\n<span style=\"color: #000000\">Ce pass\u00e9 mouvement\u00e9 permet de rep\u00e9rer et d\u2019expliquer les \u00e9l\u00e9ments originaux de la R\u00e9serve (en surface ou sous un sol de quelques m\u00e8tres d\u2019\u00e9paisseur) :<\/span><br \/>\n<span style=\"color: #000000\">&#8211; la pr\u00e9sence simultan\u00e9e de 3 syst\u00e8mes dunaires,<\/span><br \/>\n<span style=\"color: #000000\">&#8211; la pr\u00e9sence de sables coquilliers au niveau de Pichel\u00e8be,<\/span><br \/>\n<span style=\"color: #000000\">&#8211; la pr\u00e9sence d\u2019horizons tourbeux plus ou moins \u00e9pais sur le Cout de Mountagne,<\/span><br \/>\n<span style=\"color: #000000\">&#8211; l\u2019existence d\u2019un d\u00e9p\u00f4t de s\u00e9diments fluviatile perch\u00e9 sur la dune ancienne, au niveau d\u2019une ancienne d\u00e9pression encore perceptible (actuel GR8).<\/span><\/p>\n<h6><span style=\"color: #000000\">P\u00e9dologie<\/span><\/h6>\n<p><span style=\"color: #000000\">Les conditions p\u00e9dog\u00e9n\u00e9tiques (sable \u00e9olien tr\u00e8s pauvre en argile, en limons, et en fer libre, v\u00e9g\u00e9tation acidifiante) favorisent le d\u00e9veloppement de la podzolisation.<\/span><br \/>\n<span style=\"color: #000000\">Ce sol \u00e0 humus de type mor (humus tr\u00e8s acide \u00e0 liti\u00e8re \u00e9paisse) pr\u00e9sente un horizon A1 de 10 \u00e0 20 cm compos\u00e9 de d\u00e9bris v\u00e9g\u00e9taux noirs peu d\u00e9compos\u00e9s (A1 : horizon humif\u00e8re gris plus ou moins fonc\u00e9 ). Cette mati\u00e8re organique subit une d\u00e9composition partielle ; les \u00e9l\u00e9ments solubles sont lessiv\u00e9s vers les horizons min\u00e9raux, alt\u00e8rent les silicates et entra\u00eenent les ions Al3+ et Fe3+ sous forme de complexes organo-m\u00e9talliques. D&#8217;o\u00f9 l&#8217;horizon A2 clair correspondant \u00e0 une zone lessiv\u00e9e<\/span><br \/>\n<span style=\"color: #000000\">Ces complexes pr\u00e9cipitent dans l&#8217;horizon Bh en faisant appara\u00eetre des teintes jaune-brun\u00e2tres (Bh : accumulation humique brun-jaune ).<\/span><br \/>\n<span style=\"color: #000000\">En profondeur le sable redevient identique aux mat\u00e9riaux \u00e9oliens d&#8217;origine.<\/span><\/p>\n<h6><span style=\"color: #000000\">Hydrog\u00e9ologie<\/span><\/h6>\n<p><span style=\"color: #000000\">Le d\u00e9partement des Landes est tr\u00e8s riche en ressource d&#8217;eau souterraine. Parmi ces aquif\u00e8res, l&#8217;aquif\u00e8re plio-quaternaire, situ\u00e9 en zone littorale concerne le lac de L\u00e9on et son bassin versant. C&#8217;est une nappe libre d&#8217;une \u00e9paisseur d&#8217;environ 30 \u00e0 50 m\u00e8tres.<\/span><br \/>\n<span style=\"color: #000000\">L&#8217;alimentation de cette nappe est due aux pr\u00e9cipitations qui s\u2019infiltrent dans le sable des landes jusqu\u2019aux formations argileuses imperm\u00e9ables de la couche IV.<\/span><\/p>\n<p><span style=\"color: #000000\">Le r\u00e9seau hydrographique est en liaison directe avec la nappe phr\u00e9atique. Seule la partie nord-ouest de la nappe s&#8217;\u00e9coule directement dans la mer, le reste s&#8217;\u00e9coule dans les ruisseaux.<\/span><br \/>\n<span style=\"color: #000000\">La nappe est tr\u00e8s proche du sol ( 4 \u00e0 6 m), sa surface est influenc\u00e9e par la morphologie de celui-ci. On note ainsi une analogie entre les bassins versants hydrographiques et hydrog\u00e9ologiques.<\/span><\/p>\n<p><span style=\"color: #000000\"><strong><u>Activit\u00e9s envisageables<\/u> :<\/strong><\/span><\/p>\n<p align=\"JUSTIFY\"><span style=\"color: #000000\">Se rep\u00e9rer \u00e0 l&#8217;aide de carte ou d&#8217;un syst\u00e8me de g\u00e9olocalisation.<\/span><\/p>\n<p align=\"JUSTIFY\"><span style=\"color: #000000\">Communiquer en utilisant une expression graphique (croquis des dunes) ou \u00e0 l&#8217;aide d&#8217;acquisition d&#8217;images num\u00e9riques.<\/span><\/p>\n<p align=\"JUSTIFY\"><span style=\"color: #000000\">Etudier les diff\u00e9rents sables \u00e0 la loupe.<\/span><\/p>\n<p align=\"JUSTIFY\"><span style=\"color: #000000\">Se rep\u00e9rer dans le temps et dans l&#8217;espace, \u00e0 l&#8217;aide d&#8217;une \u00e9chelle des temps g\u00e9ologiques et de carte pal\u00e9og\u00e9ographique.<\/span><\/p>\n<p align=\"JUSTIFY\"><span style=\"color: #000000\">D\u00e9terminer la salinit\u00e9, la temp\u00e9rature, la conductivit\u00e9 de l&#8217;eau \u00e0 diff\u00e9rents endroits.<\/span><\/p>\n<p align=\"JUSTIFY\"><span style=\"color: #000000\">Chercher des traces de l&#8217;impact de l&#8217;Homme sur l&#8217;environnement du courant d&#8217;Huchet.<\/span><\/p>\n<figure id=\"attachment_803\" aria-describedby=\"caption-attachment-803\" style=\"width: 4592px\" class=\"wp-caption aligncenter\"><a href=\"https:\/\/ent2d.ac-bordeaux.fr\/disciplines\/lithotheque\/wp-content\/uploads\/sites\/59\/2018\/11\/embouchure.jpg\"><img loading=\"lazy\" decoding=\"async\" class=\"size-full wp-image-803\" src=\"https:\/\/ent2d.ac-bordeaux.fr\/disciplines\/lithotheque\/wp-content\/uploads\/sites\/59\/2018\/11\/embouchure.jpg\" alt=\"\" width=\"4592\" height=\"3448\" srcset=\"https:\/\/ent2d.ac-bordeaux.fr\/disciplines\/lithotheque\/wp-content\/uploads\/sites\/59\/2018\/11\/embouchure.jpg 4592w, https:\/\/ent2d.ac-bordeaux.fr\/disciplines\/lithotheque\/wp-content\/uploads\/sites\/59\/2018\/11\/embouchure-300x225.jpg 300w, https:\/\/ent2d.ac-bordeaux.fr\/disciplines\/lithotheque\/wp-content\/uploads\/sites\/59\/2018\/11\/embouchure-768x577.jpg 768w, https:\/\/ent2d.ac-bordeaux.fr\/disciplines\/lithotheque\/wp-content\/uploads\/sites\/59\/2018\/11\/embouchure-1024x769.jpg 1024w\" sizes=\"auto, (max-width: 4592px) 100vw, 4592px\" \/><\/a><figcaption id=\"caption-attachment-803\" class=\"wp-caption-text\">Embouchure<\/figcaption><\/figure>\n<figure id=\"attachment_804\" aria-describedby=\"caption-attachment-804\" style=\"width: 4592px\" class=\"wp-caption aligncenter\"><a href=\"https:\/\/ent2d.ac-bordeaux.fr\/disciplines\/lithotheque\/wp-content\/uploads\/sites\/59\/2018\/11\/Tentative-de-fixation-du-couraht-dhuchet.jpg\"><img loading=\"lazy\" decoding=\"async\" class=\"size-full wp-image-804\" src=\"https:\/\/ent2d.ac-bordeaux.fr\/disciplines\/lithotheque\/wp-content\/uploads\/sites\/59\/2018\/11\/Tentative-de-fixation-du-couraht-dhuchet.jpg\" alt=\"\" width=\"4592\" height=\"3448\" srcset=\"https:\/\/ent2d.ac-bordeaux.fr\/disciplines\/lithotheque\/wp-content\/uploads\/sites\/59\/2018\/11\/Tentative-de-fixation-du-couraht-dhuchet.jpg 4592w, https:\/\/ent2d.ac-bordeaux.fr\/disciplines\/lithotheque\/wp-content\/uploads\/sites\/59\/2018\/11\/Tentative-de-fixation-du-couraht-dhuchet-300x225.jpg 300w, https:\/\/ent2d.ac-bordeaux.fr\/disciplines\/lithotheque\/wp-content\/uploads\/sites\/59\/2018\/11\/Tentative-de-fixation-du-couraht-dhuchet-768x577.jpg 768w, https:\/\/ent2d.ac-bordeaux.fr\/disciplines\/lithotheque\/wp-content\/uploads\/sites\/59\/2018\/11\/Tentative-de-fixation-du-couraht-dhuchet-1024x769.jpg 1024w\" sizes=\"auto, (max-width: 4592px) 100vw, 4592px\" \/><\/a><figcaption id=\"caption-attachment-804\" class=\"wp-caption-text\">Tentative de fixation du courant d&#8217;Huchet<\/figcaption><\/figure>\n<h6 align=\"JUSTIFY\"><span style=\"color: #000000\">Pour aller plus loin<\/span><\/h6>\n<p align=\"JUSTIFY\"><span style=\"color: #000000\">Il y a un chalet d&#8217;accueil pr\u00e8s du parking de Pichel\u00e8be, avec des informations et des expositions, lieu de d\u00e9part de visites guid\u00e9es p\u00e9destres ou d&#8217;excursions en barque. Il est ouvert du 1er avril au 30 septembre.<\/span><\/p>\n<figure id=\"attachment_805\" aria-describedby=\"caption-attachment-805\" style=\"width: 4592px\" class=\"wp-caption alignleft\"><a href=\"https:\/\/ent2d.ac-bordeaux.fr\/disciplines\/lithotheque\/wp-content\/uploads\/sites\/59\/2018\/11\/chalet-.jpg\"><img loading=\"lazy\" decoding=\"async\" class=\"size-full wp-image-805\" src=\"https:\/\/ent2d.ac-bordeaux.fr\/disciplines\/lithotheque\/wp-content\/uploads\/sites\/59\/2018\/11\/chalet-.jpg\" alt=\"\" width=\"4592\" height=\"3448\" srcset=\"https:\/\/ent2d.ac-bordeaux.fr\/disciplines\/lithotheque\/wp-content\/uploads\/sites\/59\/2018\/11\/chalet-.jpg 4592w, https:\/\/ent2d.ac-bordeaux.fr\/disciplines\/lithotheque\/wp-content\/uploads\/sites\/59\/2018\/11\/chalet--300x225.jpg 300w, https:\/\/ent2d.ac-bordeaux.fr\/disciplines\/lithotheque\/wp-content\/uploads\/sites\/59\/2018\/11\/chalet--768x577.jpg 768w, https:\/\/ent2d.ac-bordeaux.fr\/disciplines\/lithotheque\/wp-content\/uploads\/sites\/59\/2018\/11\/chalet--1024x769.jpg 1024w\" sizes=\"auto, (max-width: 4592px) 100vw, 4592px\" \/><\/a><figcaption id=\"caption-attachment-805\" class=\"wp-caption-text\">Chalet<\/figcaption><\/figure>\n<p><span style=\"color: #000000\"><strong><u>Acc\u00e8s \/ S\u00e9curit\u00e9<\/u> :<\/strong><\/span><\/p>\n<p><span style=\"color: #000000\">1h10 de mont de Marsan, 40 mn de Dax.<\/span><br \/>\n<span style=\"color: #000000\">Voici la feuille de route \u00e0 suivre depuis Moliets, en arrivant de Magescq.<\/span><br \/>\n<a href=\"https:\/\/ent2d.ac-bordeaux.fr\/disciplines\/lithotheque\/wp-content\/uploads\/sites\/59\/2018\/11\/Etapes.png\"><img loading=\"lazy\" decoding=\"async\" class=\"size-full wp-image-773 aligncenter\" src=\"https:\/\/ent2d.ac-bordeaux.fr\/disciplines\/lithotheque\/wp-content\/uploads\/sites\/59\/2018\/11\/Etapes.png\" alt=\"\" width=\"374\" height=\"415\" srcset=\"https:\/\/ent2d.ac-bordeaux.fr\/disciplines\/lithotheque\/wp-content\/uploads\/sites\/59\/2018\/11\/Etapes.png 374w, https:\/\/ent2d.ac-bordeaux.fr\/disciplines\/lithotheque\/wp-content\/uploads\/sites\/59\/2018\/11\/Etapes-270x300.png 270w\" sizes=\"auto, (max-width: 374px) 100vw, 374px\" \/><\/a><\/p>\n<figure id=\"attachment_776\" aria-describedby=\"caption-attachment-776\" style=\"width: 720px\" class=\"wp-caption aligncenter\"><a href=\"https:\/\/ent2d.ac-bordeaux.fr\/disciplines\/lithotheque\/wp-content\/uploads\/sites\/59\/2018\/11\/Carte2.png\"><img loading=\"lazy\" decoding=\"async\" class=\"size-full wp-image-776\" src=\"https:\/\/ent2d.ac-bordeaux.fr\/disciplines\/lithotheque\/wp-content\/uploads\/sites\/59\/2018\/11\/Carte2.png\" alt=\"\" width=\"720\" height=\"377\" srcset=\"https:\/\/ent2d.ac-bordeaux.fr\/disciplines\/lithotheque\/wp-content\/uploads\/sites\/59\/2018\/11\/Carte2.png 720w, https:\/\/ent2d.ac-bordeaux.fr\/disciplines\/lithotheque\/wp-content\/uploads\/sites\/59\/2018\/11\/Carte2-300x157.png 300w\" sizes=\"auto, (max-width: 720px) 100vw, 720px\" \/><\/a><figcaption id=\"caption-attachment-776\" class=\"wp-caption-text\">Localisation Parking_Google Earth<\/figcaption><\/figure>\n<figure id=\"attachment_775\" aria-describedby=\"caption-attachment-775\" style=\"width: 4592px\" class=\"wp-caption aligncenter\"><a href=\"https:\/\/ent2d.ac-bordeaux.fr\/disciplines\/lithotheque\/wp-content\/uploads\/sites\/59\/2018\/11\/parking.jpg\"><img loading=\"lazy\" decoding=\"async\" class=\"size-full wp-image-775\" src=\"https:\/\/ent2d.ac-bordeaux.fr\/disciplines\/lithotheque\/wp-content\/uploads\/sites\/59\/2018\/11\/parking.jpg\" alt=\"\" width=\"4592\" height=\"3448\" srcset=\"https:\/\/ent2d.ac-bordeaux.fr\/disciplines\/lithotheque\/wp-content\/uploads\/sites\/59\/2018\/11\/parking.jpg 4592w, https:\/\/ent2d.ac-bordeaux.fr\/disciplines\/lithotheque\/wp-content\/uploads\/sites\/59\/2018\/11\/parking-300x225.jpg 300w, https:\/\/ent2d.ac-bordeaux.fr\/disciplines\/lithotheque\/wp-content\/uploads\/sites\/59\/2018\/11\/parking-768x577.jpg 768w, https:\/\/ent2d.ac-bordeaux.fr\/disciplines\/lithotheque\/wp-content\/uploads\/sites\/59\/2018\/11\/parking-1024x769.jpg 1024w\" sizes=\"auto, (max-width: 4592px) 100vw, 4592px\" \/><\/a><figcaption id=\"caption-attachment-775\" class=\"wp-caption-text\">Parking<\/figcaption><\/figure>\n<p><span style=\"color: #000000\">Il y a 4,5km du parking de Pichel\u00e8be \u00e0 l&#8217;embouchure, le sentier ne pr\u00e9sente aucune difficult\u00e9 majeure, ni d\u00e9nivel\u00e9. Il d\u00e9marre au niveau d&#8217;un panneau.<\/span><\/p>\n<figure id=\"attachment_780\" aria-describedby=\"caption-attachment-780\" style=\"width: 4592px\" class=\"wp-caption alignleft\"><a href=\"https:\/\/ent2d.ac-bordeaux.fr\/disciplines\/lithotheque\/wp-content\/uploads\/sites\/59\/2018\/11\/de\u0301part-vers-lembouchure.jpg\"><img loading=\"lazy\" decoding=\"async\" class=\"size-full wp-image-780\" src=\"https:\/\/ent2d.ac-bordeaux.fr\/disciplines\/lithotheque\/wp-content\/uploads\/sites\/59\/2018\/11\/de\u0301part-vers-lembouchure.jpg\" alt=\"\" width=\"4592\" height=\"3448\" srcset=\"https:\/\/ent2d.ac-bordeaux.fr\/disciplines\/lithotheque\/wp-content\/uploads\/sites\/59\/2018\/11\/de\u0301part-vers-lembouchure.jpg 4592w, https:\/\/ent2d.ac-bordeaux.fr\/disciplines\/lithotheque\/wp-content\/uploads\/sites\/59\/2018\/11\/de\u0301part-vers-lembouchure-300x225.jpg 300w, https:\/\/ent2d.ac-bordeaux.fr\/disciplines\/lithotheque\/wp-content\/uploads\/sites\/59\/2018\/11\/de\u0301part-vers-lembouchure-768x577.jpg 768w, https:\/\/ent2d.ac-bordeaux.fr\/disciplines\/lithotheque\/wp-content\/uploads\/sites\/59\/2018\/11\/de\u0301part-vers-lembouchure-1024x769.jpg 1024w\" sizes=\"auto, (max-width: 4592px) 100vw, 4592px\" \/><\/a><figcaption id=\"caption-attachment-780\" class=\"wp-caption-text\">D\u00e9part vers l&#8217;embouchure<\/figcaption><\/figure>\n<p><span style=\"color: #000000\">L&#8217;int\u00e9gralit\u00e9 du sentier se trouve au sein de la R\u00e9serve Naturelle, consulter les panneaux indicatifs au d\u00e9part.<\/span><br \/>\n<span style=\"color: #000000\">Si on traverse la route, en suivant \u00e0 pied le chemin vers L\u00e9on, le site des cypr\u00e8s chauves est \u00e0 500m du parking.<\/span><\/p>\n<figure id=\"attachment_781\" aria-describedby=\"caption-attachment-781\" style=\"width: 4592px\" class=\"wp-caption alignleft\"><a href=\"https:\/\/ent2d.ac-bordeaux.fr\/disciplines\/lithotheque\/wp-content\/uploads\/sites\/59\/2018\/11\/cypre\u0300s-chauves.jpg\"><img loading=\"lazy\" decoding=\"async\" class=\"size-full wp-image-781\" src=\"https:\/\/ent2d.ac-bordeaux.fr\/disciplines\/lithotheque\/wp-content\/uploads\/sites\/59\/2018\/11\/cypre\u0300s-chauves.jpg\" alt=\"\" width=\"4592\" height=\"3448\" srcset=\"https:\/\/ent2d.ac-bordeaux.fr\/disciplines\/lithotheque\/wp-content\/uploads\/sites\/59\/2018\/11\/cypre\u0300s-chauves.jpg 4592w, https:\/\/ent2d.ac-bordeaux.fr\/disciplines\/lithotheque\/wp-content\/uploads\/sites\/59\/2018\/11\/cypre\u0300s-chauves-300x225.jpg 300w, https:\/\/ent2d.ac-bordeaux.fr\/disciplines\/lithotheque\/wp-content\/uploads\/sites\/59\/2018\/11\/cypre\u0300s-chauves-768x577.jpg 768w, https:\/\/ent2d.ac-bordeaux.fr\/disciplines\/lithotheque\/wp-content\/uploads\/sites\/59\/2018\/11\/cypre\u0300s-chauves-1024x769.jpg 1024w\" sizes=\"auto, (max-width: 4592px) 100vw, 4592px\" \/><\/a><figcaption id=\"caption-attachment-781\" class=\"wp-caption-text\">Cypr\u00e8s Chauves<\/figcaption><\/figure>\n<p><span style=\"color: #000000\"><strong><u>Mots-cl\u00e9s et liens avec les programmes<\/u>\u00a0:<\/strong><\/span><\/p>\n<table style=\"height: 200px;width: 100%\">\n<tbody>\n<tr style=\"height: 29px\">\n<td style=\"width: 285px;text-align: center;height: 29px\" colspan=\"2\"><strong><span style=\"color: #000000\">Coll\u00e8ge<\/span><\/strong><\/td>\n<td style=\"width: 286px;text-align: center;height: 29px\" colspan=\"2\"><strong><span style=\"color: #000000\">Lyc\u00e9e<\/span><\/strong><\/td>\n<\/tr>\n<tr style=\"height: 855px\">\n<td style=\"width: 10px;height: 855px\"><strong><span style=\"color: #000000\">Cycle 3<\/span><\/strong><\/td>\n<td style=\"width: 275px;height: 855px\"><span style=\"color: #000000\">Identifier les composantes biologiques et g\u00e9ologiques d\u2019un paysage : Paysages, g\u00e9ologie locale, interactions avec l\u2019environnement et le peuplement.<\/span><\/p>\n<p><span style=\"font-family: inherit;font-size: inherit;font-weight: inherit;color: #000000\">Relier les besoins de l\u2019\u00eatre humain, la gestion des ressources naturelles et les impacts \u00e0 pr\u00e9voir et g\u00e9rer.<\/span><\/td>\n<td style=\"width: 143px;height: 855px\"><strong><span style=\"color: #000000\">Seconde<\/span><\/strong><\/td>\n<td style=\"width: 143px;height: 855px\"><span style=\"color: #000000\"><strong>Biodiversit\u00e9, r\u00e9sultat et \u00e9tape de l\u2019\u00e9volution<\/strong><\/span><span style=\"color: #000000\">Ce th\u00e8me prend appui sur l\u2019\u00e9tude de la biodiversit\u00e9 actuelle et pass\u00e9e \u00e0 diff\u00e9rentes \u00e9chelles (diversit\u00e9 des \u00e9cosyst\u00e8mes, des esp\u00e8ces et des individus).\u00a0<\/span><\/p>\n<p><span style=\"color: #000000\">L\u2019\u00e9tude de la biodiversit\u00e9 du pass\u00e9 par l\u2019examen des fossiles montre que l\u2019\u00e9tat actuel de la biodiversit\u00e9 correspond \u00e0 une \u00e9tape de l\u2019histoire du vivant<\/span><\/p>\n<p><span style=\"color: #000000\"><strong>G\u00e9osciences et dynamique des paysages<\/strong><\/span><\/p>\n<p><span style=\"color: #000000\">Dans ce th\u00e8me, l\u2019\u00e9tude des paysages actuels permet de comprendre les m\u00e9canismes de leur \u00e9volution, le caract\u00e8re inexorable de l\u2019\u00e9rosion et l\u2019importance des m\u00e9canismes s\u00e9dimentaires.<\/span><\/p>\n<p><span style=\"color: #000000\">&#8211; L\u2019\u00e9rosion, processus et cons\u00e9quences<\/span><\/p>\n<p><span style=\"color: #000000\">&#8211; \u00c9rosion et activit\u00e9 humaine<\/span><\/p>\n<p><span style=\"color: #000000\"><strong>Caract\u00e9ristiques des sols et production de biomasse<\/strong><\/span><\/p>\n<p><span style=\"color: #000000\"><strong>\u00a0<\/strong>En dehors des agents \u00e9rosifs, la nature et la composition des sols r\u00e9sultent aussi de l\u2019interaction entre les roches et la biosph\u00e8re, par le biais de plantes, d\u2019animaux et de microbes. La biosph\u00e8re pr\u00e9l\u00e8ve dans les sols des \u00e9l\u00e9ments min\u00e9raux participant \u00e0 la production de biomasse.<\/span><\/p>\n<p><span style=\"font-family: inherit;font-size: inherit;font-weight: inherit;color: #000000\">L&#8217;organisation, la composition et l\u2019origine des sols sont \u00e9tudi\u00e9es \u00e0 partir d\u2019un exemple local. L&#8217;influence de la nature du sous-sol sur les caract\u00e9ristiques du sol est \u00e9tablie.<\/span><\/td>\n<\/tr>\n<tr style=\"height: 81px\">\n<td style=\"width: 10px;height: 81px\"><strong><span style=\"color: #000000\">Cycle 4<\/span><\/strong><\/td>\n<td style=\"width: 275px;height: 81px\"><span style=\"color: #000000\">Les changements climatiques pass\u00e9s (temps g\u00e9ologiques)<\/span><br \/>\n<span style=\"color: #000000\">Donn\u00e9es sur les pal\u00e9omilieux de vie.<\/span><\/td>\n<td style=\"width: 143px;height: 81px\"><strong><span style=\"color: #000000\">Premi\u00e8re<\/span><\/strong><\/p>\n<p><strong><span style=\"color: #000000\">Enseignement scientifique<\/span><\/strong><\/td>\n<td style=\"width: 143px;height: 81px\"><span style=\"color: #000000\"><strong>Des \u00e9difices ordonn\u00e9s : les cristaux<\/strong><\/span><span style=\"color: #000000\">Une roche est form\u00e9e de l\u2019association de cristaux d\u2019un m\u00eame min\u00e9ral ou de plusieurs min\u00e9raux.<\/span><\/p>\n<p><span style=\"color: #000000\">Des structures cristallines existent aussi dans les organismes biologiques (coquille, squelette, calcul r\u00e9nal, etc.).<\/span><\/p>\n<p><span style=\"color: #000000\"><strong>Le bilan radiatif terrestre<\/strong><\/span><\/p>\n<p><span style=\"color: #000000\">Expliquer qualitativement l\u2019influence des diff\u00e9rents facteurs (albedo, effet de serre) sur la temp\u00e9rature terrestre moyenne.<\/span><\/td>\n<\/tr>\n<\/tbody>\n<\/table>\n<p><span style=\"text-decoration: underline\"><strong><span style=\"color: #000000;text-decoration: underline\">Bibliographie<\/span><\/strong><\/span><strong><span style=\"color: #000000\">\u00a0:<\/span><\/strong><\/p>\n<p align=\"JUSTIFY\"><span style=\"color: #000000\">Carte IGN 1341 ET Castets. Lit-et-Mixe. L\u00e9on (1:25000)<\/span><\/p>\n","protected":false},"excerpt":{"rendered":"<p>LE COURANT D&#8217;HUCHET DE PICHELEBE A L&#8217;EMBOUCHURE Coordonn\u00e9es g\u00e9ographiques et GPS du parking 43\u00b053&#8217;15.1&#8243;N 1\u00b022&#8217;04.3&#8243;W 43.887516 -1.367865 Commune de Moliets et Maa, dans la R\u00e9serve Naturelle du Courant d&#8217;Huchet. Description &#8230;<\/p>\n","protected":false},"author":8,"featured_media":0,"parent":0,"menu_order":0,"comment_status":"closed","ping_status":"closed","template":"","meta":{"footnotes":""},"class_list":["post-772","page","type-page","status-publish","hentry"],"_links":{"self":[{"href":"https:\/\/ent2d.ac-bordeaux.fr\/disciplines\/lithotheque\/wp-json\/wp\/v2\/pages\/772","targetHints":{"allow":["GET"]}}],"collection":[{"href":"https:\/\/ent2d.ac-bordeaux.fr\/disciplines\/lithotheque\/wp-json\/wp\/v2\/pages"}],"about":[{"href":"https:\/\/ent2d.ac-bordeaux.fr\/disciplines\/lithotheque\/wp-json\/wp\/v2\/types\/page"}],"author":[{"embeddable":true,"href":"https:\/\/ent2d.ac-bordeaux.fr\/disciplines\/lithotheque\/wp-json\/wp\/v2\/users\/8"}],"replies":[{"embeddable":true,"href":"https:\/\/ent2d.ac-bordeaux.fr\/disciplines\/lithotheque\/wp-json\/wp\/v2\/comments?post=772"}],"version-history":[{"count":9,"href":"https:\/\/ent2d.ac-bordeaux.fr\/disciplines\/lithotheque\/wp-json\/wp\/v2\/pages\/772\/revisions"}],"predecessor-version":[{"id":1076,"href":"https:\/\/ent2d.ac-bordeaux.fr\/disciplines\/lithotheque\/wp-json\/wp\/v2\/pages\/772\/revisions\/1076"}],"wp:attachment":[{"href":"https:\/\/ent2d.ac-bordeaux.fr\/disciplines\/lithotheque\/wp-json\/wp\/v2\/media?parent=772"}],"curies":[{"name":"wp","href":"https:\/\/api.w.org\/{rel}","templated":true}]}}