{"id":31,"date":"2016-09-20T18:22:19","date_gmt":"2016-09-20T16:22:19","guid":{"rendered":"https:\/\/ent2d.ac-bordeaux.fr\/disciplines\/italien\/?page_id=31"},"modified":"2025-01-29T10:22:55","modified_gmt":"2025-01-29T09:22:55","slug":"ressources","status":"publish","type":"page","link":"https:\/\/ent2d.ac-bordeaux.fr\/disciplines\/italien\/ressources\/","title":{"rendered":"Ressources mutualis\u00e9es"},"content":{"rendered":"<div style=\"text-align: center;border-left: 5px solid pink;width: 80%;margin: auto\">Si vous souhaitez enrichir cet espace, contactez votre IA-IPR, M. Labb\u00e9,<br \/>\nou\u00a0<a href=\"http:\/\/www.italien-aquitaine.fr\/contact.php\" target=\"_blank\" rel=\"noopener\">M<sup>me<\/sup>\u00a0Sabathier<\/a>, co-administratrice et co-r\u00e9f\u00e9rente du site.<\/div>\n<div style=\"text-align: center;border-left: 5px solid pink;width: 80%;margin: auto\">\n<hr \/>\n<\/div>\n<ul>\n<li>\n<h5>Outils num\u00e9riques de capture<\/h5>\n<\/li>\n<\/ul>\n<pre style=\"text-align: center\"><strong><a href=\"https:\/\/ent2d.ac-bordeaux.fr\/disciplines\/italien\/ressources\/outils-et-veille-numeriques\/\" target=\"_blank\" rel=\"noopener\">&gt; Acc\u00e9der \u00e0 la page<\/a><\/strong><\/pre>\n<ul>\n<li>\n<h5>Stages PAF<\/h5>\n<\/li>\n<\/ul>\n<p style=\"text-align: center\"><strong>&gt;\u00a0<a class=\"block-button\" href=\"https:\/\/ent2d.ac-bordeaux.fr\/disciplines\/italien\/ressources\/stages-paf\/\" target=\"_blank\" rel=\"noopener\">Acc\u00e9der \u00e0 la page<\/a><\/strong><br \/>\nGestion de l&rsquo;h\u00e9t\u00e9rog\u00e9n\u00e9it\u00e9 en classe de langue<strong> \/<\/strong> Enseigner par comp\u00e9tences <strong>\/\u00a0<\/strong>Mise en oeuvre des programmes du cycle terminal<\/p>\n<ul>\n<li>\n<h5><a href=\"https:\/\/ent2d.ac-bordeaux.fr\/disciplines\/italien\/ressources\/sequences-il-giallo\/\" target=\"_blank\" rel=\"noopener\">Activit\u00e9s p\u00e9dagogiques<\/a> : S\u00e9quences et supports, coll\u00e8ge et lyc\u00e9e<\/h5>\n<\/li>\n<\/ul>\n<pre style=\"text-align: center\"><strong>&gt;\u00a0<a href=\"https:\/\/ent2d.ac-bordeaux.fr\/disciplines\/italien\/ressources\/sequences-il-giallo\/\" target=\"_blank\" rel=\"noopener\">Acc\u00e9der \u00e0 la page<\/a><\/strong><\/pre>\n<div style=\"text-align: center;border-left: 5px solid pink;width: 80%;margin: auto\">Vous pouvez pr\u00e9senter la trame de votre s\u00e9quence<\/div>\n<div style=\"text-align: center;border-left: 5px solid pink;width: 80%;margin: auto\">en t\u00e9l\u00e9chargeant ce fichier-guide :\u00a0<strong><a href=\"https:\/\/ent2d.ac-bordeaux.fr\/disciplines\/italien\/wp-content\/uploads\/sites\/12\/2018\/10\/Prototype-de-s\u00e9quence-BDX-LIM-PTIERS.docx\" target=\"_blank\" rel=\"noopener\">canevas de s\u00e9quence<\/a><\/strong>.<\/div>\n<div><\/div>\n<ul>\n<li>\n<h5><strong>EPI (<\/strong><strong style=\"color: #555555;font-family: 'Open Sans', Helvetica, Arial, sans-serif;font-size: 16px\">Enseignements Pratiques Interdisciplinaires)\u00a0<\/strong><strong>en coll\u00e8gE (2016)<\/strong><\/h5>\n<\/li>\n<\/ul>\n<pre style=\"text-align: center\"><strong>&gt; Acc\u00e9der au fichier\u00a0<a href=\"https:\/\/ent2d.ac-bordeaux.fr\/disciplines\/italien\/wp-content\/uploads\/sites\/12\/2016\/11\/EPI-italien.pdf\" target=\"_blank\" rel=\"noopener\">EPI italien<\/a><\/strong>\n\nTableau (non exhaustif) de croisements possibles entre l'italien et les autres disciplines \nen lien avec les diff\u00e9rents programmes par niveau.<\/pre>\n<ul>\n<li>\n<h5>Annales DU Baccalaur\u00e9at <b>(BCG &amp; BTN &#8211; LVA &amp; LVB)<\/b><\/h5>\n<\/li>\n<\/ul>\n<pre style=\"text-align: center\"><a href=\"https:\/\/ent2d.ac-bordeaux.fr\/disciplines\/italien\/ressources\/annales\/\" target=\"_blank\" rel=\"noopener\"><strong>&gt; Acc\u00e9der \u00e0 la page<\/strong><\/a><\/pre>\n<ul>\n<li>\n<h5>Ressources pour le cycle terminal<\/h5>\n<\/li>\n<\/ul>\n<pre style=\"text-align: center\"><strong>Notions\u00a0:<\/strong> Mythes et h\u00e9ros <strong>\/<\/strong> Espaces et \u00e9changes \n<strong>\/<\/strong> Lieux et formes du pouvoir <strong>\/<\/strong> L\u2019id\u00e9e de progr\u00e8s<\/pre>\n<pre style=\"text-align: center\"><a href=\"http:\/\/cache.media.eduscol.education.fr\/file\/LV\/48\/7\/RESS_LGT_cycle_terminal_LV_italien_236487.pdf\" target=\"_blank\" rel=\"noopener\"><strong>&gt; Documents d\u2019accompagnement<\/strong><\/a><strong>\u00a0 \/\u00a0<a href=\"http:\/\/www.cafepedagogique.net\/lesdossiers\/Pages\/2012\/bb_2012_italien.aspx\" target=\"_blank\" rel=\"noopener\">Dossier complet<\/a><\/strong>\u00a0sur le nouveau BAC (Caf\u00e9 p\u00e9dagogique).\n\n<strong><a href=\"http:\/\/montaigne-bordeaux.fr\/wp-content\/uploads\/2013\/02\/Il-potere-ad-Atene-e-a-Roma.pdf\">&gt; Il potere ad Atene e a Roma<\/a><\/strong>\u00a0(PDF), conf\u00e9rence de Maria Luisa Giampietro,\net sa\u00a0<a href=\"http:\/\/montaigne-bordeaux.fr\/wp-content\/uploads\/2013\/02\/Conference-Maria-Louisa-Giampetro-fr.pdf\">traduction en fran\u00e7ais<\/a>\u00a0par les \u00e9l\u00e8ves de Kh\u00e2gne du Lyc\u00e9e Montaigne.\n\n<strong>&gt; Support de s\u00e9quence sur la la\u00efcit\u00e9 en cycle terminal<\/strong> &gt;\u00a0<a href=\"http:\/\/disciplines.ac-bordeaux.fr\/interlangues\/uploads\/rubriques\/88\/file\/Oral2LaicitaCAPES15.pdf\" target=\"_blank\" rel=\"noopener\">Sujet<\/a>\u00a0<small>PDF\u00a0<strong>\/\u00a0<\/strong><\/small><a href=\"https:\/\/ent2d.ac-bordeaux.fr\/disciplines\/italien\/wp-content\/uploads\/sites\/12\/2016\/06\/Oral2LaicitaCAPES15AlexisChiara.mp3\" target=\"_blank\" rel=\"noopener\">Audio<\/a>\u00a0<small>MP3 \n(tir\u00e9 d'un sujet de CAPES)<\/small><\/pre>\n<ul>\n<li>\n<h5>Stagiaires\u00a0: grilles d\u2019observation<\/h5>\n<\/li>\n<\/ul>\n<pre style=\"text-align: center\"><strong><a href=\"http:\/\/disciplines.ac-bordeaux.fr\/interlangues\/uploads\/rubriques\/88\/file\/GrilleAideObservationPratiquesEnseignant.pdf\" target=\"_blank\" rel=\"noopener\">&gt; Grille d\u2019aide \u00e0 l\u2019observation des pratiques de l\u2019enseignant de LV<\/a>\u00a0<\/strong>\n\n<strong><a href=\"http:\/\/disciplines.ac-bordeaux.fr\/interlangues\/uploads\/rubriques\/88\/file\/GrilleObservationProfesseurStagiaireEnSituation.pdf\" target=\"_blank\" rel=\"noopener\">&gt; Grille d\u2019observation du professeur stagiaire en situation<\/a><\/strong><\/pre>\n","protected":false},"excerpt":{"rendered":"<p>Si vous souhaitez enrichir cet espace, contactez votre IA-IPR, M. Labb\u00e9, ou\u00a0Mme\u00a0Sabathier, co-administratrice et co-r\u00e9f\u00e9rente du site. Outils num\u00e9riques de capture &gt; Acc\u00e9der \u00e0 la page Stages PAF &gt;\u00a0Acc\u00e9der \u00e0 &#8230;<\/p>\n","protected":false},"author":41,"featured_media":467,"parent":0,"menu_order":1,"comment_status":"closed","ping_status":"closed","template":"","meta":{"footnotes":""},"class_list":["post-31","page","type-page","status-publish","has-post-thumbnail","hentry"],"_links":{"self":[{"href":"https:\/\/ent2d.ac-bordeaux.fr\/disciplines\/italien\/wp-json\/wp\/v2\/pages\/31","targetHints":{"allow":["GET"]}}],"collection":[{"href":"https:\/\/ent2d.ac-bordeaux.fr\/disciplines\/italien\/wp-json\/wp\/v2\/pages"}],"about":[{"href":"https:\/\/ent2d.ac-bordeaux.fr\/disciplines\/italien\/wp-json\/wp\/v2\/types\/page"}],"author":[{"embeddable":true,"href":"https:\/\/ent2d.ac-bordeaux.fr\/disciplines\/italien\/wp-json\/wp\/v2\/users\/41"}],"replies":[{"embeddable":true,"href":"https:\/\/ent2d.ac-bordeaux.fr\/disciplines\/italien\/wp-json\/wp\/v2\/comments?post=31"}],"version-history":[{"count":43,"href":"https:\/\/ent2d.ac-bordeaux.fr\/disciplines\/italien\/wp-json\/wp\/v2\/pages\/31\/revisions"}],"predecessor-version":[{"id":1655,"href":"https:\/\/ent2d.ac-bordeaux.fr\/disciplines\/italien\/wp-json\/wp\/v2\/pages\/31\/revisions\/1655"}],"wp:featuredmedia":[{"embeddable":true,"href":"https:\/\/ent2d.ac-bordeaux.fr\/disciplines\/italien\/wp-json\/wp\/v2\/media\/467"}],"wp:attachment":[{"href":"https:\/\/ent2d.ac-bordeaux.fr\/disciplines\/italien\/wp-json\/wp\/v2\/media?parent=31"}],"curies":[{"name":"wp","href":"https:\/\/api.w.org\/{rel}","templated":true}]}}