{"id":829,"date":"2024-10-07T17:26:22","date_gmt":"2024-10-07T15:26:22","guid":{"rendered":"https:\/\/ent2d.ac-bordeaux.fr\/disciplines\/electrotechnique\/?page_id=829"},"modified":"2025-09-24T14:54:33","modified_gmt":"2025-09-24T12:54:33","slug":"challenge-melec-top-12-nouvelle-aquitaine-3eme-edition","status":"publish","type":"page","link":"https:\/\/ent2d.ac-bordeaux.fr\/disciplines\/electrotechnique\/actions-et-challenges\/challenge-melec-top12-nouvelle-aquitaine\/challenge-melec-top-12-nouvelle-aquitaine-3eme-edition\/","title":{"rendered":"CHALLENGE MELEC TOP 12 Nouvelle-Aquitaine &#8211; 3\u00e8me \u00e9dition 2025"},"content":{"rendered":"\n<p><strong>Retour en vid\u00e9o sur la 3\u00e8me \u00e9dition 2025 (monteur-r\u00e9alisateur : Monsieur Abderrahim OUAHAB)<\/strong><\/p>\n\n\n\n<p>F\u00e9licitations aux laur\u00e9ats de la 3\u00e9me \u00e9dition : 1er Quentin MAHE et Cl\u00e9ment DELPONT du LP L\u00e9onard de Vinci P\u00e9rigueux ; 2\u00e8me Mohamed-Lamine CISSE &amp; C\u00e9dric CLUZEAU du LP Cabanis Brive ; 3\u00e8me Nathan Cochenet Bekkara et Sacha Desmoulin-Hostein.<strong> <\/strong><\/p>\n\n\n<div class=\"wp-block-image\">\n<figure class=\"aligncenter size-full\"><a href=\"https:\/\/www.lyceecharlespeguy.fr\/index?id_menu=4&amp;id_article=167&amp;rel=true\"><img loading=\"lazy\" decoding=\"async\" width=\"606\" height=\"234\" src=\"https:\/\/ent2d.ac-bordeaux.fr\/disciplines\/electrotechnique\/wp-content\/uploads\/sites\/20\/2025\/06\/image.png\" alt=\"\" class=\"wp-image-856\" srcset=\"https:\/\/ent2d.ac-bordeaux.fr\/disciplines\/electrotechnique\/wp-content\/uploads\/sites\/20\/2025\/06\/image.png 606w, https:\/\/ent2d.ac-bordeaux.fr\/disciplines\/electrotechnique\/wp-content\/uploads\/sites\/20\/2025\/06\/image-300x116.png 300w\" sizes=\"auto, (max-width: 606px) 100vw, 606px\" \/><\/a><\/figure>\n<\/div>\n\n\n<p>La r\u00e9gion acad\u00e9mique Nouvelle-Aquitaine (acad\u00e9mies de Bordeaux, Limoges et Poitiers), en partenariat avec les entreprises Legrand, Sonepar et Chauvin-Arnoux, a organis\u00e9 en 2024-2025 la <strong>3e \u00e9dition du Challenge MELEC Top 12<\/strong>, destin\u00e9 aux \u00e9l\u00e8ves et apprentis de premi\u00e8re Bac Pro MELEC.<\/p>\n\n\n\n<p>Ce concours poursuit trois objectifs majeurs :<\/p>\n\n\n\n<ul class=\"wp-block-list\">\n<li>soutenir les enseignants en proposant un cadre p\u00e9dagogique concret pour enrichir leurs s\u00e9quences ;<\/li>\n\n\n\n<li>valoriser les m\u00e9tiers et formations de l\u2019\u00e9lectricit\u00e9 \u00e0 travers des \u00e9preuves en lien avec la transition \u00e9nerg\u00e9tique et le maintien \u00e0 domicile ;<\/li>\n\n\n\n<li>renforcer le lien \u00e9cole-entreprise avec des mises en situation professionnelles et l\u2019implication de jurys issus du monde \u00e9conomique.<\/li>\n<\/ul>\n\n\n\n<p>Le challenge s\u2019est d\u00e9roul\u00e9 en plusieurs \u00e9tapes :<\/p>\n\n\n\n<ul class=\"wp-block-list\">\n<li><strong>inscriptions<\/strong> via M@gist\u00e8re entre le 7 octobre et le 20 d\u00e9cembre 2024 ;<\/li>\n\n\n\n<li><strong>dossier technique<\/strong> et <strong>vid\u00e9o client<\/strong> pr\u00e9par\u00e9s par les candidats, remis au plus tard le 11 avril 2025 ;<\/li>\n\n\n\n<li><strong>finale r\u00e9gionale<\/strong> du 20 au 22 mai 2025 au lyc\u00e9e professionnel Charles P\u00e9guy \u00e0 Eysines (Gironde), o\u00f9 les 12 bin\u00f4mes finalistes ont r\u00e9alis\u00e9 et mis en service une installation compl\u00e8te dans un temps imparti de 10 heures. L\u2019\u00e9v\u00e9nement a permis de mobiliser fortement les \u00e9quipes p\u00e9dagogiques, d\u2019offrir aux \u00e9l\u00e8ves une exp\u00e9rience professionnalisante et de mettre en lumi\u00e8re les atouts de la fili\u00e8re \u00e9lectrotechnique. Gr\u00e2ce au soutien des partenaires industriels, chaque finaliste est reparti avec du mat\u00e9riel de pointe issu de son installation.<\/li>\n<\/ul>\n\n\n\n<p>L\u2019\u00e9v\u00e9nement a permis de mobiliser fortement les \u00e9quipes p\u00e9dagogiques, d\u2019offrir aux \u00e9l\u00e8ves une exp\u00e9rience professionnalisante et de mettre en lumi\u00e8re les atouts de la fili\u00e8re \u00e9lectrotechnique. Gr\u00e2ce au soutien des partenaires industriels, chaque finaliste est reparti avec du mat\u00e9riel de pointe issu de son installation.<\/p>\n","protected":false},"excerpt":{"rendered":"<p>Retour en vid\u00e9o sur la 3\u00e8me \u00e9dition 2025 (monteur-r\u00e9alisateur : Monsieur Abderrahim OUAHAB) F\u00e9licitations aux laur\u00e9ats de la 3\u00e9me \u00e9dition : 1er Quentin MAHE et Cl\u00e9ment DELPONT du LP L\u00e9onard de Vinci P\u00e9rigueux ; 2\u00e8me Mohamed-Lamine CISSE &amp; C\u00e9dric CLUZEAU du LP Cabanis Brive ; 3\u00e8me Nathan Cochenet Bekkara et Sacha Desmoulin-Hostein. La r\u00e9gion acad\u00e9mique &hellip; <\/p>\n<p><a class=\"more-link block-button\" href=\"https:\/\/ent2d.ac-bordeaux.fr\/disciplines\/electrotechnique\/actions-et-challenges\/challenge-melec-top12-nouvelle-aquitaine\/challenge-melec-top-12-nouvelle-aquitaine-3eme-edition\/\">Lire la Suite &raquo;<\/a><\/p>\n","protected":false},"author":95,"featured_media":0,"parent":832,"menu_order":0,"comment_status":"closed","ping_status":"closed","template":"","meta":{"footnotes":""},"class_list":["post-829","page","type-page","status-publish","hentry","nodate"],"_links":{"self":[{"href":"https:\/\/ent2d.ac-bordeaux.fr\/disciplines\/electrotechnique\/wp-json\/wp\/v2\/pages\/829","targetHints":{"allow":["GET"]}}],"collection":[{"href":"https:\/\/ent2d.ac-bordeaux.fr\/disciplines\/electrotechnique\/wp-json\/wp\/v2\/pages"}],"about":[{"href":"https:\/\/ent2d.ac-bordeaux.fr\/disciplines\/electrotechnique\/wp-json\/wp\/v2\/types\/page"}],"author":[{"embeddable":true,"href":"https:\/\/ent2d.ac-bordeaux.fr\/disciplines\/electrotechnique\/wp-json\/wp\/v2\/users\/95"}],"replies":[{"embeddable":true,"href":"https:\/\/ent2d.ac-bordeaux.fr\/disciplines\/electrotechnique\/wp-json\/wp\/v2\/comments?post=829"}],"version-history":[{"count":5,"href":"https:\/\/ent2d.ac-bordeaux.fr\/disciplines\/electrotechnique\/wp-json\/wp\/v2\/pages\/829\/revisions"}],"predecessor-version":[{"id":886,"href":"https:\/\/ent2d.ac-bordeaux.fr\/disciplines\/electrotechnique\/wp-json\/wp\/v2\/pages\/829\/revisions\/886"}],"up":[{"embeddable":true,"href":"https:\/\/ent2d.ac-bordeaux.fr\/disciplines\/electrotechnique\/wp-json\/wp\/v2\/pages\/832"}],"wp:attachment":[{"href":"https:\/\/ent2d.ac-bordeaux.fr\/disciplines\/electrotechnique\/wp-json\/wp\/v2\/media?parent=829"}],"curies":[{"name":"wp","href":"https:\/\/api.w.org\/{rel}","templated":true}]}}