{"id":588,"date":"2024-07-24T09:51:11","date_gmt":"2024-07-24T07:51:11","guid":{"rendered":"https:\/\/ent2d.ac-bordeaux.fr\/disciplines\/electrotechnique\/?page_id=588"},"modified":"2025-06-30T11:19:12","modified_gmt":"2025-06-30T09:19:12","slug":"liens","status":"publish","type":"page","link":"https:\/\/ent2d.ac-bordeaux.fr\/disciplines\/electrotechnique\/liens\/","title":{"rendered":"Liens"},"content":{"rendered":"\n<figure class=\"wp-block-table\"><table><tbody><tr><td><strong>Orientation &#8211; Formation<\/strong><\/td><td><\/td><\/tr><tr><td>Cap M\u00e9tiers Nouvelle-Aquitaine<\/td><td><a href=\"https:\/\/www.cap-metiers.pro\/\" target=\"_blank\" rel=\"noreferrer noopener\">https:\/\/www.cap-metiers.pro\/<\/a><\/td><\/tr><tr><td>Onisep<\/td><td><a href=\"https:\/\/www.onisep.fr\/\" target=\"_blank\" rel=\"noreferrer noopener\">https:\/\/www.onisep.fr\/<\/a><\/td><\/tr><tr><td>La d\u00e9couverte des m\u00e9tiers au coll\u00e8ge<\/td><td><a href=\"https:\/\/eduscol.education.fr\/3875\/la-decouverte-des-metiers-au-college\" target=\"_blank\" rel=\"noreferrer noopener\">https:\/\/eduscol.education.fr\/3875\/la-decouverte-des-metiers-au-college<\/a><\/td><\/tr><tr><td>Le BAC PRO<\/td><td><a href=\"https:\/\/eduscol.education.fr\/1916\/le-baccalaureat-professionnel\" target=\"_blank\" rel=\"noreferrer noopener\">https:\/\/eduscol.education.fr\/1916\/le-baccalaureat-professionnel<\/a><\/td><\/tr><tr><td>Le CAP<\/td><td><a href=\"https:\/\/eduscol.education.fr\/1923\/le-certificat-d-aptitude-professionnelle-cap\" target=\"_blank\" rel=\"noreferrer noopener\">https:\/\/eduscol.education.fr\/1923\/le-certificat-d-aptitude-professionnelle-cap<\/a><\/td><\/tr><tr><td>Le BP<\/td><td><a href=\"https:\/\/eduscol.education.fr\/1915\/le-brevet-professionnel-bp\" target=\"_blank\" rel=\"noreferrer noopener\">https:\/\/eduscol.education.fr\/1915\/le-brevet-professionnel-bp<\/a><\/td><\/tr><tr><td>Les CS<\/td><td><a href=\"https:\/\/eduscol.education.fr\/1903\/la-mention-complementaire-de-niveau-4\" target=\"_blank\" rel=\"noreferrer noopener\">https:\/\/eduscol.education.fr\/1903\/la-mention-complementaire-de-niveau-4<\/a><\/td><\/tr><tr><td>Forindustrie<\/td><td><a href=\"https:\/\/www.forindustrie.fr\/\" target=\"_blank\" rel=\"noreferrer noopener\">https:\/\/www.forindustrie.fr\/<\/a><\/td><\/tr><tr><td>Les familles de m\u00e9tiers en 2DE professionnelle<\/td><td><a href=\"https:\/\/www.education.gouv.fr\/reussir-au-lycee\/les-familles-de-metiers-en-2de-professionnelle-324404\" target=\"_blank\" rel=\"noreferrer noopener\">https:\/\/www.education.gouv.fr\/reussir-au-lycee\/les-familles-de-metiers-en-2de-professionnelle-324404<\/a><\/td><\/tr><\/tbody><\/table><\/figure>\n\n\n\n<figure class=\"wp-block-table\"><table><tbody><tr><td><strong>Ressources<\/strong><\/td><td><\/td><\/tr><tr><td>Eduscol STI<\/td><td><a href=\"https:\/\/eduscol.education.fr\/sti\/formations\/bac-pro\/bac-pro-metiers-de-lelectricite-et-de-ses-environnements-connectes-melec\" target=\"_blank\" rel=\"noreferrer noopener\">https:\/\/eduscol.education.fr\/sti\/formations\/bac-pro\/bac-pro-metiers-de-lelectricite-et-de-ses-environnements-connectes-melec<\/a><\/td><\/tr><tr><td>R\u00e9forme des lyc\u00e9es professionnels<\/td><td><a href=\"https:\/\/eduscol.education.fr\/2224\/reforme-des-lycees-professionnels\" target=\"_blank\" rel=\"noreferrer noopener\">https:\/\/eduscol.education.fr\/2224\/reforme-des-lycees-professionnels<\/a><\/td><\/tr><\/tbody><\/table><\/figure>\n\n\n\n<figure class=\"wp-block-image size-full\"><a href=\"https:\/\/www.monavenirdanslenucleaire.fr\/a-propos-de-l-universite-des-metiers-du-nucleaire2\"><img loading=\"lazy\" decoding=\"async\" width=\"281\" height=\"87\" src=\"https:\/\/ent2d.ac-bordeaux.fr\/disciplines\/electrotechnique\/wp-content\/uploads\/sites\/20\/2025\/06\/image-1.png\" alt=\"\" class=\"wp-image-859\" \/><\/a><\/figure>\n","protected":false},"excerpt":{"rendered":"<p>Orientation &#8211; Formation Cap M\u00e9tiers Nouvelle-Aquitaine https:\/\/www.cap-metiers.pro\/ Onisep https:\/\/www.onisep.fr\/ La d\u00e9couverte des m\u00e9tiers au coll\u00e8ge https:\/\/eduscol.education.fr\/3875\/la-decouverte-des-metiers-au-college Le BAC PRO https:\/\/eduscol.education.fr\/1916\/le-baccalaureat-professionnel Le CAP https:\/\/eduscol.education.fr\/1923\/le-certificat-d-aptitude-professionnelle-cap Le BP https:\/\/eduscol.education.fr\/1915\/le-brevet-professionnel-bp Les CS https:\/\/eduscol.education.fr\/1903\/la-mention-complementaire-de-niveau-4 Forindustrie https:\/\/www.forindustrie.fr\/ Les familles de m\u00e9tiers en 2DE professionnelle https:\/\/www.education.gouv.fr\/reussir-au-lycee\/les-familles-de-metiers-en-2de-professionnelle-324404 Ressources Eduscol STI https:\/\/eduscol.education.fr\/sti\/formations\/bac-pro\/bac-pro-metiers-de-lelectricite-et-de-ses-environnements-connectes-melec R\u00e9forme des lyc\u00e9es professionnels https:\/\/eduscol.education.fr\/2224\/reforme-des-lycees-professionnels<\/p>\n","protected":false},"author":95,"featured_media":0,"parent":0,"menu_order":0,"comment_status":"closed","ping_status":"closed","template":"","meta":{"footnotes":""},"class_list":["post-588","page","type-page","status-publish","hentry","nodate"],"_links":{"self":[{"href":"https:\/\/ent2d.ac-bordeaux.fr\/disciplines\/electrotechnique\/wp-json\/wp\/v2\/pages\/588","targetHints":{"allow":["GET"]}}],"collection":[{"href":"https:\/\/ent2d.ac-bordeaux.fr\/disciplines\/electrotechnique\/wp-json\/wp\/v2\/pages"}],"about":[{"href":"https:\/\/ent2d.ac-bordeaux.fr\/disciplines\/electrotechnique\/wp-json\/wp\/v2\/types\/page"}],"author":[{"embeddable":true,"href":"https:\/\/ent2d.ac-bordeaux.fr\/disciplines\/electrotechnique\/wp-json\/wp\/v2\/users\/95"}],"replies":[{"embeddable":true,"href":"https:\/\/ent2d.ac-bordeaux.fr\/disciplines\/electrotechnique\/wp-json\/wp\/v2\/comments?post=588"}],"version-history":[{"count":10,"href":"https:\/\/ent2d.ac-bordeaux.fr\/disciplines\/electrotechnique\/wp-json\/wp\/v2\/pages\/588\/revisions"}],"predecessor-version":[{"id":860,"href":"https:\/\/ent2d.ac-bordeaux.fr\/disciplines\/electrotechnique\/wp-json\/wp\/v2\/pages\/588\/revisions\/860"}],"wp:attachment":[{"href":"https:\/\/ent2d.ac-bordeaux.fr\/disciplines\/electrotechnique\/wp-json\/wp\/v2\/media?parent=588"}],"curies":[{"name":"wp","href":"https:\/\/api.w.org\/{rel}","templated":true}]}}