{"id":414,"date":"2018-10-01T08:37:44","date_gmt":"2018-10-01T06:37:44","guid":{"rendered":"https:\/\/ent2d.ac-bordeaux.fr\/disciplines\/electrotechnique\/?page_id=414"},"modified":"2024-07-24T12:27:23","modified_gmt":"2024-07-24T10:27:23","slug":"concours-general-des-metiers-eleec-2018","status":"publish","type":"page","link":"https:\/\/ent2d.ac-bordeaux.fr\/disciplines\/electrotechnique\/actions-et-challenges\/concours-general-des-metiers\/concours-general-des-metiers-eleec-2018\/","title":{"rendered":"Concours g\u00e9n\u00e9ral des m\u00e9tiers MELEC 2018"},"content":{"rendered":"<div id=\"colgauche\">\n<div class=\"region region-content\">\n<div id=\"block-system-main\" class=\"block block-system clearfix\">\n<div class=\"content\">\n<div class=\"node node-concours-examen view-mode-full clearfix\">\n<div class=\"ds-right\">\n<div class=\"field-group-htabs-wrapper  group-principal field-group-htabs\">\n<h3 class=\"element-invisible\"><a href=\"_wp_link_placeholder\" data-wplink-edit=\"true\">Lien vers la page<\/a><\/h3>\n<div class=\"horizontal-tabs clearfix\">\n<div class=\"horizontal-tabs-panes horizontal-tabs-processed\">\n<fieldset class=\"group-description field-group-htab form-wrapper horizontal-tabs-pane\">\n<div class=\"fieldset-wrapper\">\n<div class=\"field field-name-body field-type-text-with-summary field-label-hidden\">\n<div class=\"field-items\">\n<div class=\"field-item even\">\n<p><u><strong>Supports d&rsquo;\u00e9tude :<\/strong><\/u><\/p>\n<ul>\n<li>Partie \u00e9crite : Unit\u00e9 de valorisation \u00e9nerg\u00e9tique de Vaux Le P\u00e9nil : Am\u00e9lioration de la performance \u00e9nerg\u00e9tique de l\u2019installation avec l\u2019objectif d\u2019atteindre une efficacit\u00e9 \u00e9nerg\u00e9tique de 80% en respect de la directive europ\u00e9enne.<\/li>\n<li>Partie Pratique : Dans le cadre de l\u2019accueil des jeux olympiques de 2024, la Soci\u00e9t\u00e9 du Grand Paris et la r\u00e9gion \u00cele-de-France se sont engag\u00e9es \u00e0 d\u00e9velopper des structures d\u2019accueil innovantes et \u00e9nerg\u00e9tiquement performantes. Trois Chantiers \u00e9taient propos\u00e9s aux candidats\n<ul>\n<li>Chantier 1 &#8211; S\u00e9curisation des lieux d\u2019accueils des commissaires olympiques.<\/li>\n<li>Chantier 2 &#8211; Am\u00e9liorations des \u00e9quipements des lieux d\u2019h\u00e9bergements individuels existants, pour les commissaires olympiques.<\/li>\n<li>Chantier 3 &#8211; D\u00e9veloppement des espaces ext\u00e9rieurs de d\u00e9tente des athl\u00e8tes.<\/li>\n<\/ul>\n<\/li>\n<\/ul>\n<\/div>\n<\/div>\n<\/div>\n<\/div>\n<\/fieldset>\n<\/div>\n<\/div>\n<\/div>\n<\/div>\n<div class=\"ds-footer\">\n<div class=\"field field-name-field-epreuve field-type-entityreference field-label-hidden\">\n<div class=\"field-items\">\n<div class=\"field-item even\">\n<div class=\"node node-sujet-epreuve node-promoted view-mode-contenus_associes clearfix\">\n<div class=\"ds-header\">\n<div class=\"field field-name-title field-type-ds field-label-hidden\">\n<div class=\"field-items\">\n<div class=\"field-item even\">\n<div class=\"non-souligne\"><a href=\"http:\/\/eduscol.education.fr\/sti\/concours_examens\/epreuve-ecrite-concours-general-des-metiers-bac-pro-eelec-2018\">\u00c9preuve \u00c9crite &#8211; Concours G\u00e9n\u00e9ral des M\u00e9tiers &#8211; Bac Pro ELEEC &#8211; 2018<\/a><\/div>\n<\/div>\n<\/div>\n<\/div>\n<\/div>\n<div class=\"ds-left\">\n<div class=\"field field-name-field-image field-type-image field-label-hidden\">\n<div class=\"field-items\">\n<div class=\"field-item even\"><a href=\"http:\/\/eduscol.education.fr\/sti\/concours_examens\/epreuve-ecrite-concours-general-des-metiers-bac-pro-eelec-2018\"><img loading=\"lazy\" decoding=\"async\" title=\"Unit\u00e9 de valorisation \u00e9nerg\u00e9tique de Vaux Le P\u00e9nil\" src=\"http:\/\/eduscol.education.fr\/sti\/system\/files\/styles\/mini-vignette-copy\/private\/images\/concours-examens\/9993\/9993-paste-1528814145.png?itok=7gREcUSg\" alt=\"Unit\u00e9 de valorisation \u00e9nerg\u00e9tique de Vaux Le P\u00e9nil\" width=\"80\" height=\"80\" \/><\/a><\/div>\n<\/div>\n<\/div>\n<\/div>\n<div class=\"ds-right\">\n<div class=\"field field-name-body field-type-text-with-summary field-label-hidden\">\n<div class=\"field-items\">\n<div class=\"field-item even\">Unit\u00e9 de valorisation \u00e9nerg\u00e9tique de Vaux Le P\u00e9nil : Am\u00e9lioration de la performance \u00e9nerg\u00e9tique de l\u2019installation avec l\u2019objectif d\u2019atteindre une efficacit\u00e9 \u00e9nerg\u00e9tique de 80% en respect de la directive europ\u00e9enne.<\/div>\n<\/div>\n<\/div>\n<div class=\"field field-name-type-de-contenu field-type-ds field-label-hidden\">\n<div class=\"field-items\">\n<div class=\"field-item even\"><\/div>\n<\/div>\n<\/div>\n<\/div>\n<\/div>\n<\/div>\n<div class=\"field-item odd\">\n<div class=\"node node-sujet-epreuve node-promoted view-mode-contenus_associes clearfix\">\n<div class=\"ds-header\">\n<div class=\"field field-name-title field-type-ds field-label-hidden\">\n<div class=\"field-items\">\n<div class=\"field-item even\">\n<div class=\"non-souligne\"><a href=\"http:\/\/eduscol.education.fr\/sti\/concours_examens\/epreuve-pratique-concours-general-bac-pro-eelec-2018\">\u00c9preuve Pratique &#8211; Concours G\u00e9n\u00e9ral &#8211; Bac Pro ELEEC &#8211; 2018<\/a><\/div>\n<\/div>\n<\/div>\n<\/div>\n<\/div>\n<div class=\"ds-left\">\n<div class=\"field field-name-field-image field-type-image field-label-hidden\">\n<div class=\"field-items\">\n<div class=\"field-item even\"><a href=\"http:\/\/eduscol.education.fr\/sti\/concours_examens\/epreuve-pratique-concours-general-bac-pro-eelec-2018\"><img loading=\"lazy\" decoding=\"async\" title=\"CGM 2018\" src=\"http:\/\/eduscol.education.fr\/sti\/system\/files\/styles\/mini-vignette-copy\/private\/images\/concours-examens\/9998\/9998-paste-1528819718.png?itok=JFotASN3\" alt=\"CGM 2018\" width=\"80\" height=\"80\" \/><\/a><\/div>\n<\/div>\n<\/div>\n<\/div>\n<div class=\"ds-right\">\n<div class=\"field field-name-body field-type-text-with-summary field-label-hidden\">\n<div class=\"field-items\">\n<div class=\"field-item even\">Les 3 chantiers propos\u00e9s : S\u00e9curisation des lieux d\u2019accueils des commissaires olympiques, Am\u00e9liorations des \u00e9quipements des lieux d\u2019h\u00e9bergements individuels existants, D\u00e9veloppement des espaces ext\u00e9rieurs de d\u00e9tente des athl\u00e8tes.<\/div>\n<\/div>\n<\/div>\n<div class=\"field field-name-type-de-contenu field-type-ds field-label-hidden\">\n<div class=\"field-items\">\n<div class=\"field-item even\"><\/div>\n<\/div>\n<\/div>\n<\/div>\n<\/div>\n<\/div>\n<\/div>\n<\/div>\n<\/div>\n<\/div>\n<\/div>\n<\/div>\n<\/div>\n<\/div>\n","protected":false},"excerpt":{"rendered":"<p>Lien vers la page Supports d&rsquo;\u00e9tude : Partie \u00e9crite : Unit\u00e9 de valorisation \u00e9nerg\u00e9tique de Vaux Le P\u00e9nil : Am\u00e9lioration de la performance \u00e9nerg\u00e9tique de l\u2019installation avec l\u2019objectif d\u2019atteindre une efficacit\u00e9 \u00e9nerg\u00e9tique de 80% en respect de la directive europ\u00e9enne. Partie Pratique : Dans le cadre de l\u2019accueil des jeux olympiques de 2024, la Soci\u00e9t\u00e9 &hellip; <\/p>\n<p><a class=\"more-link block-button\" href=\"https:\/\/ent2d.ac-bordeaux.fr\/disciplines\/electrotechnique\/actions-et-challenges\/concours-general-des-metiers\/concours-general-des-metiers-eleec-2018\/\">Lire la Suite &raquo;<\/a><\/p>\n","protected":false},"author":95,"featured_media":0,"parent":145,"menu_order":0,"comment_status":"closed","ping_status":"closed","template":"","meta":{"footnotes":""},"class_list":["post-414","page","type-page","status-publish","hentry","nodate"],"_links":{"self":[{"href":"https:\/\/ent2d.ac-bordeaux.fr\/disciplines\/electrotechnique\/wp-json\/wp\/v2\/pages\/414","targetHints":{"allow":["GET"]}}],"collection":[{"href":"https:\/\/ent2d.ac-bordeaux.fr\/disciplines\/electrotechnique\/wp-json\/wp\/v2\/pages"}],"about":[{"href":"https:\/\/ent2d.ac-bordeaux.fr\/disciplines\/electrotechnique\/wp-json\/wp\/v2\/types\/page"}],"author":[{"embeddable":true,"href":"https:\/\/ent2d.ac-bordeaux.fr\/disciplines\/electrotechnique\/wp-json\/wp\/v2\/users\/95"}],"replies":[{"embeddable":true,"href":"https:\/\/ent2d.ac-bordeaux.fr\/disciplines\/electrotechnique\/wp-json\/wp\/v2\/comments?post=414"}],"version-history":[{"count":4,"href":"https:\/\/ent2d.ac-bordeaux.fr\/disciplines\/electrotechnique\/wp-json\/wp\/v2\/pages\/414\/revisions"}],"predecessor-version":[{"id":670,"href":"https:\/\/ent2d.ac-bordeaux.fr\/disciplines\/electrotechnique\/wp-json\/wp\/v2\/pages\/414\/revisions\/670"}],"up":[{"embeddable":true,"href":"https:\/\/ent2d.ac-bordeaux.fr\/disciplines\/electrotechnique\/wp-json\/wp\/v2\/pages\/145"}],"wp:attachment":[{"href":"https:\/\/ent2d.ac-bordeaux.fr\/disciplines\/electrotechnique\/wp-json\/wp\/v2\/media?parent=414"}],"curies":[{"name":"wp","href":"https:\/\/api.w.org\/{rel}","templated":true}]}}