{"id":102,"date":"2019-09-29T16:14:10","date_gmt":"2019-09-29T14:14:10","guid":{"rendered":"https:\/\/ent2d.ac-bordeaux.fr\/disciplines\/economie-gestion\/?page_id=102"},"modified":"2022-03-08T12:45:30","modified_gmt":"2022-03-08T11:45:30","slug":"a-propos","status":"publish","type":"page","link":"https:\/\/ent2d.ac-bordeaux.fr\/disciplines\/economie-gestion\/","title":{"rendered":"Accueil"},"content":{"rendered":"\n<p>La transformation de la voie professionnelle amorc\u00e9e en 2018 fixe un cap ambitieux pour le lyc\u00e9e professionnel\u00a0: elle engage les \u00e9l\u00e8ves dans des parcours d&#8217;excellence, v\u00e9ritables tremplins vers une insertion professionnelle imm\u00e9diate ou une poursuite d&#8217;\u00e9tudes r\u00e9ussie.\u00a0Elle valorise l&#8217;enseignement professionnel aupr\u00e8s des acteurs \u00e9conomiques, par la recherche d&#8217;une meilleure ad\u00e9quation entre formation et comp\u00e9tences m\u00e9tiers attendues.\u00a0<\/p>\n\n\n\n<p>Le bachelier sera amen\u00e9 \u00e0 \u00e9voluer dans un monde professionnel en mutation dont il devra percevoir les enjeux afin d\u2019y prendre pleinement sa place.<\/p>\n\n\n\n<p>\u00c0 ce double titre, la science \u00e9conomique et les sciences de gestion permettent d\u2019\u00e9clairer la compr\u00e9hension de l\u2019environnement professionnel du futur bachelier professionnel. Cet enseignement pr\u00e9sent dans l\u2019ensemble des fili\u00e8res poursuit plusieurs enjeux.<\/p>\n\n\n\n<p>L&#8217;objectif est de mettre \u00e0 disposition des informations et des ressources vari\u00e9es. D\u00e8s la rentr\u00e9e 2022, il vous permettra de choisir des formations et de vous y inscrire.<\/p>\n\n\n\n<p>Ce site est destin\u00e9 \u00e0 \u00e9voluer afin de r\u00e9pondre \u00e0 vos besoins dans le cadre de votre d\u00e9marche de d\u00e9veloppement professionnel. <\/p>\n\n\n\n<p>Je vous remercie de votre engagement au service de la r\u00e9ussite des \u00e9l\u00e8ves de la voie professionnelle.<\/p>\n\n\n\n<p> <\/p>\n\n\n\n<p class=\"has-text-align-right\"><strong>Val\u00e9rie Bach\u00e8re <\/strong><\/p>\n\n\n\n<p class=\"has-text-align-right\"><strong>IEN Economie et Gestion<\/strong><\/p>\n\n\n\n<p><\/p>\n","protected":false},"excerpt":{"rendered":"<p>La transformation de la voie professionnelle amorc\u00e9e en 2018 fixe un cap ambitieux pour le lyc\u00e9e professionnel\u00a0: elle engage les<\/p>\n","protected":false},"author":1947,"featured_media":0,"parent":0,"menu_order":0,"comment_status":"closed","ping_status":"closed","template":"","meta":{"_bbp_topic_count":0,"_bbp_reply_count":0,"_bbp_total_topic_count":0,"_bbp_total_reply_count":0,"_bbp_voice_count":0,"_bbp_anonymous_reply_count":0,"_bbp_topic_count_hidden":0,"_bbp_reply_count_hidden":0,"_bbp_forum_subforum_count":0,"footnotes":""},"class_list":["post-102","page","type-page","status-publish","hentry"],"_links":{"self":[{"href":"https:\/\/ent2d.ac-bordeaux.fr\/disciplines\/economie-gestion\/wp-json\/wp\/v2\/pages\/102","targetHints":{"allow":["GET"]}}],"collection":[{"href":"https:\/\/ent2d.ac-bordeaux.fr\/disciplines\/economie-gestion\/wp-json\/wp\/v2\/pages"}],"about":[{"href":"https:\/\/ent2d.ac-bordeaux.fr\/disciplines\/economie-gestion\/wp-json\/wp\/v2\/types\/page"}],"author":[{"embeddable":true,"href":"https:\/\/ent2d.ac-bordeaux.fr\/disciplines\/economie-gestion\/wp-json\/wp\/v2\/users\/1947"}],"replies":[{"embeddable":true,"href":"https:\/\/ent2d.ac-bordeaux.fr\/disciplines\/economie-gestion\/wp-json\/wp\/v2\/comments?post=102"}],"version-history":[{"count":21,"href":"https:\/\/ent2d.ac-bordeaux.fr\/disciplines\/economie-gestion\/wp-json\/wp\/v2\/pages\/102\/revisions"}],"predecessor-version":[{"id":983,"href":"https:\/\/ent2d.ac-bordeaux.fr\/disciplines\/economie-gestion\/wp-json\/wp\/v2\/pages\/102\/revisions\/983"}],"wp:attachment":[{"href":"https:\/\/ent2d.ac-bordeaux.fr\/disciplines\/economie-gestion\/wp-json\/wp\/v2\/media?parent=102"}],"curies":[{"name":"wp","href":"https:\/\/api.w.org\/{rel}","templated":true}]}}