{"id":1767,"date":"2020-04-16T18:27:51","date_gmt":"2020-04-16T16:27:51","guid":{"rendered":"https:\/\/ent2d.ac-bordeaux.fr\/disciplines\/commerce-vente\/?page_id=1767"},"modified":"2020-04-16T21:19:14","modified_gmt":"2020-04-16T19:19:14","slug":"le-nouveau-programme-en-economie-droit","status":"publish","type":"page","link":"https:\/\/ent2d.ac-bordeaux.fr\/disciplines\/commerce-vente\/renovation-de-nos-formations-tout-sur-la-renovation-des-baccalaureats-et-des-cap-dans-nos-filieres\/le-nouveau-programme-en-economie-droit\/","title":{"rendered":"Le nouveau programme en \u00e9conomie droit"},"content":{"rendered":"<p style=\"text-align: center\"><span style=\"font-size: 12pt\"><strong>Document officiel<\/strong><\/span><\/p>\n<table style=\"height: 148px\" width=\"617\">\n<tbody>\n<tr>\n<td style=\"width: 605px\">\n<p><div id=\"attachment_1721\" style=\"width: 160px\" class=\"wp-caption aligncenter\"><a href=\"https:\/\/ent2d.ac-bordeaux.fr\/disciplines\/commerce-vente\/wp-content\/uploads\/sites\/15\/2020\/04\/programme_bac_pro_economie-droit_voie_professionnelle.pdf\" target=\"_blank\" rel=\"noopener noreferrer\"><img loading=\"lazy\" decoding=\"async\" aria-describedby=\"caption-attachment-1721\" class=\"wp-image-1721 size-thumbnail\" src=\"https:\/\/ent2d.ac-bordeaux.fr\/disciplines\/commerce-vente\/wp-content\/uploads\/sites\/15\/2020\/04\/1200px-PDF_file_icon.svg-150x150.png\" alt=\"\" width=\"150\" height=\"150\" \/><\/a><p id=\"caption-attachment-1721\" class=\"wp-caption-text\">Le programme officiel en \u00e9conomie droit pour les fili\u00e8res professionnelles tertiaires<\/p><\/div><\/td>\n<\/tr>\n<\/tbody>\n<\/table>\n<p style=\"text-align: center\"><span style=\"font-size: 12pt\"><strong>Document de pr\u00e9sentation et exemples de s\u00e9ances<\/strong><\/span><\/p>\n<table style=\"height: 192px\" width=\"620\">\n<tbody>\n<tr>\n<td style=\"width: 298.5px;text-align: center\" colspan=\"2\">\n<p><div id=\"attachment_1721\" style=\"width: 160px\" class=\"wp-caption aligncenter\"><a href=\"https:\/\/ent2d.ac-bordeaux.fr\/disciplines\/commerce-vente\/wp-content\/uploads\/sites\/15\/2020\/04\/Eco-droit-2020.pdf\" target=\"_blank\" rel=\"noopener noreferrer\"><img loading=\"lazy\" decoding=\"async\" aria-describedby=\"caption-attachment-1721\" class=\"wp-image-1721 size-thumbnail\" src=\"https:\/\/ent2d.ac-bordeaux.fr\/disciplines\/commerce-vente\/wp-content\/uploads\/sites\/15\/2020\/04\/1200px-PDF_file_icon.svg-150x150.png\" alt=\"\" width=\"150\" height=\"150\" \/><\/a><p id=\"caption-attachment-1721\" class=\"wp-caption-text\">Infographie de pr\u00e9sentation du programme d&rsquo;\u00e9conomie droit<\/p><\/div><\/td>\n<\/tr>\n<tr>\n<td style=\"width: 298.5px;text-align: center\">\n<p><div id=\"attachment_1720\" style=\"width: 160px\" class=\"wp-caption aligncenter\"><a href=\"https:\/\/ent2d.ac-bordeaux.fr\/disciplines\/commerce-vente\/wp-content\/uploads\/sites\/15\/2020\/04\/S\u00e9ance-MA-Eco-droit.docx\" target=\"_blank\" rel=\"noopener noreferrer\"><img loading=\"lazy\" decoding=\"async\" aria-describedby=\"caption-attachment-1720\" class=\"wp-image-1720 size-thumbnail\" src=\"https:\/\/ent2d.ac-bordeaux.fr\/disciplines\/commerce-vente\/wp-content\/uploads\/sites\/15\/2020\/04\/1200px-Microsoft_Office_Word_2018\u2013present.svg-150x150.png\" alt=\"\" width=\"150\" height=\"150\" \/><\/a><p id=\"caption-attachment-1720\" class=\"wp-caption-text\">Exemple de s\u00e9ance \u00e9co-droit en lien avec la terminale BCP MA<\/p><\/div><\/td>\n<td style=\"width: 298.5px;text-align: center\">\n<p><div id=\"attachment_1720\" style=\"width: 160px\" class=\"wp-caption aligncenter\"><a href=\"https:\/\/ent2d.ac-bordeaux.fr\/disciplines\/commerce-vente\/wp-content\/uploads\/sites\/15\/2020\/04\/S\u00e9ance-r\u00e9f\u00e9rentiel-\u00e9conomie-droit-2FMRC.docx\" target=\"_blank\" rel=\"noopener noreferrer\"><img loading=\"lazy\" decoding=\"async\" aria-describedby=\"caption-attachment-1720\" class=\"wp-image-1720 size-thumbnail\" src=\"https:\/\/ent2d.ac-bordeaux.fr\/disciplines\/commerce-vente\/wp-content\/uploads\/sites\/15\/2020\/04\/1200px-Microsoft_Office_Word_2018\u2013present.svg-150x150.png\" alt=\"\" width=\"150\" height=\"150\" \/><\/a><p id=\"caption-attachment-1720\" class=\"wp-caption-text\">Exemple de s\u00e9ance \u00e9co-droit en lien avec la seconde FMRC<\/p><\/div><\/td>\n<\/tr>\n<\/tbody>\n<\/table>\n<p style=\"text-align: center\"><strong><span style=\"font-size: 12pt\">Lien CERPEG<\/span><\/strong><\/p>\n<div id=\"attachment_1639\" style=\"width: 406px\" class=\"wp-caption aligncenter\"><a href=\"http:\/\/www.cerpeg.fr\/cerpeg\/index.php\/menu-accueil-ressources\/economie-droit\/232-module-2-la-consommation-des-menages\" target=\"_blank\" rel=\"noopener noreferrer\"><img loading=\"lazy\" decoding=\"async\" aria-describedby=\"caption-attachment-1639\" class=\"wp-image-1639 size-full\" src=\"https:\/\/ent2d.ac-bordeaux.fr\/disciplines\/commerce-vente\/wp-content\/uploads\/sites\/15\/2020\/03\/cerpeg.png\" alt=\"\" width=\"396\" height=\"127\" srcset=\"https:\/\/ent2d.ac-bordeaux.fr\/disciplines\/commerce-vente\/wp-content\/uploads\/sites\/15\/2020\/03\/cerpeg.png 396w, https:\/\/ent2d.ac-bordeaux.fr\/disciplines\/commerce-vente\/wp-content\/uploads\/sites\/15\/2020\/03\/cerpeg-300x96.png 300w\" sizes=\"auto, (max-width: 396px) 100vw, 396px\" \/><\/a><p id=\"caption-attachment-1639\" class=\"wp-caption-text\">Exemple de s\u00e9ance propos\u00e9 par le CERPEG<\/p><\/div>\n","protected":false},"excerpt":{"rendered":"<p>Document officiel Document de pr\u00e9sentation et exemples de s\u00e9ances Lien CERPEG<\/p>\n","protected":false},"author":51,"featured_media":0,"parent":1710,"menu_order":5,"comment_status":"closed","ping_status":"closed","template":"","meta":{"_bbp_topic_count":0,"_bbp_reply_count":0,"_bbp_total_topic_count":0,"_bbp_total_reply_count":0,"_bbp_voice_count":0,"_bbp_anonymous_reply_count":0,"_bbp_topic_count_hidden":0,"_bbp_reply_count_hidden":0,"_bbp_forum_subforum_count":0,"footnotes":""},"class_list":["post-1767","page","type-page","status-publish","hentry","nodate"],"_links":{"self":[{"href":"https:\/\/ent2d.ac-bordeaux.fr\/disciplines\/commerce-vente\/wp-json\/wp\/v2\/pages\/1767","targetHints":{"allow":["GET"]}}],"collection":[{"href":"https:\/\/ent2d.ac-bordeaux.fr\/disciplines\/commerce-vente\/wp-json\/wp\/v2\/pages"}],"about":[{"href":"https:\/\/ent2d.ac-bordeaux.fr\/disciplines\/commerce-vente\/wp-json\/wp\/v2\/types\/page"}],"author":[{"embeddable":true,"href":"https:\/\/ent2d.ac-bordeaux.fr\/disciplines\/commerce-vente\/wp-json\/wp\/v2\/users\/51"}],"replies":[{"embeddable":true,"href":"https:\/\/ent2d.ac-bordeaux.fr\/disciplines\/commerce-vente\/wp-json\/wp\/v2\/comments?post=1767"}],"version-history":[{"count":4,"href":"https:\/\/ent2d.ac-bordeaux.fr\/disciplines\/commerce-vente\/wp-json\/wp\/v2\/pages\/1767\/revisions"}],"predecessor-version":[{"id":1797,"href":"https:\/\/ent2d.ac-bordeaux.fr\/disciplines\/commerce-vente\/wp-json\/wp\/v2\/pages\/1767\/revisions\/1797"}],"up":[{"embeddable":true,"href":"https:\/\/ent2d.ac-bordeaux.fr\/disciplines\/commerce-vente\/wp-json\/wp\/v2\/pages\/1710"}],"wp:attachment":[{"href":"https:\/\/ent2d.ac-bordeaux.fr\/disciplines\/commerce-vente\/wp-json\/wp\/v2\/media?parent=1767"}],"curies":[{"name":"wp","href":"https:\/\/api.w.org\/{rel}","templated":true}]}}