{"id":456,"date":"2017-09-25T19:14:54","date_gmt":"2017-09-25T17:14:54","guid":{"rendered":"https:\/\/ent2d.ac-bordeaux.fr\/disciplines\/clesjustice64\/?page_id=456"},"modified":"2017-09-29T14:07:24","modified_gmt":"2017-09-29T12:07:24","slug":"tables-des-archives-justice-en-bearn","status":"publish","type":"page","link":"https:\/\/ent2d.ac-bordeaux.fr\/disciplines\/clesjustice64\/justice-en-bearn\/tables-des-archives-justice-en-bearn\/","title":{"rendered":"Tables des archives justice en B\u00e9arn"},"content":{"rendered":"<h1 style=\"text-align: center\"><strong>Tables des archives justice en B\u00e9arn<\/strong><\/h1>\n<p>&nbsp;<\/p>\n<h2>Moyen Age<\/h2>\n<ul>\n<li><a href=\"https:\/\/ent2d.ac-bordeaux.fr\/disciplines\/clesjustice64\/wp-content\/uploads\/sites\/19\/2017\/09\/C677.pdf\" target=\"_blank\" rel=\"noopener\">Introduction du for g\u00e9n\u00e9ral de B\u00e9arn, d\u00e9but XVe s<\/a>\u00a0&#8211; C 677 (Archives d\u00e9partementales des Pyr\u00e9n\u00e9es-Atlantiques) [PDF &#8211; 135 Ko]<\/li>\n<li><a class=\"screenshot\" title=\"PDF - 364 Ko\" href=\"https:\/\/ent2d.ac-bordeaux.fr\/disciplines\/clesjustice64\/wp-content\/uploads\/sites\/19\/2017\/09\/E300.pdf\" target=\"_blank\" rel=\"documents\/MoyenAge\/TH_E300.jpg noopener\">Registre de la vicomt\u00e9 de B\u00e9arn (1343-1388) : hommages pr\u00eat\u00e9s \u00e0 El\u00e9onore de Comminges et Gaston F\u00e9bus par les habitants du Vic-Bilh et les nobles de la Cour des ch\u00eanes d\u2019Escur\u00e8s<\/a>\u00a0&#8211; E 300 (Archives d\u00e9partementales des Pyr\u00e9n\u00e9es-Atlantiques) [PDF &#8211; 364 Ko]<\/li>\n<li><a class=\"screenshot\" title=\"PDF - 377 Ko\" href=\"https:\/\/ent2d.ac-bordeaux.fr\/disciplines\/clesjustice64\/wp-content\/uploads\/sites\/19\/2017\/09\/8FI422_2-1.pdf\" target=\"_blank\" rel=\"documents\/MoyenAge\/TH_8FI422_2.jpg noopener\">La tour Moncade, reste du ch\u00e2teau vicomtal<\/a>\u00a0&#8211; 8Fi 422 (Archives d\u00e9partementales des Pyr\u00e9n\u00e9es-Atlantiques) [PDF &#8211; 377 Ko]<\/li>\n<li><a class=\"screenshot\" title=\"PDF - 120 Ko\" href=\"https:\/\/ent2d.ac-bordeaux.fr\/disciplines\/clesjustice64\/wp-content\/uploads\/sites\/19\/2017\/09\/8FI422_1-1.pdf\" target=\"_blank\" rel=\"documents\/MoyenAge\/TH_8FI422_1.jpg noopener\">Les remparts d\u2019Orthez, restes du ch\u00e2teau vicomtal<\/a>\u00a0&#8211; 8Fi 422 (Archives d\u00e9partementales des Pyr\u00e9n\u00e9es-Atlantiques) [PDF &#8211; 120 Ko]<\/li>\n<li><a class=\"screenshot\" title=\"PDF - 9 188 Ko\" href=\"https:\/\/ent2d.ac-bordeaux.fr\/disciplines\/clesjustice64\/wp-content\/uploads\/sites\/19\/2017\/09\/E302-1.pdf\" target=\"_blank\" rel=\"documents\/MoyenAge\/TH_ E302.jpg noopener\">Registre de la vicomt\u00e9 de B\u00e9arn (1371-1376) : jugement rendu par F\u00e9bus dans la vigne du ch\u00e2teau d\u2019Orthez<\/a>\u00a0&#8211; E 302 (Archives d\u00e9partementales des Pyr\u00e9n\u00e9es-Atlantiques) [PDF &#8211; 9 188 Ko]<\/li>\n<li><a class=\"screenshot\" title=\"PDF - 4 160 Ko\" href=\"https:\/\/ent2d.ac-bordeaux.fr\/disciplines\/clesjustice64\/wp-content\/uploads\/sites\/19\/2017\/09\/E302_04-1.pdf\" target=\"_blank\" rel=\"documents\/MoyenAge\/TH_E302_04.jpg noopener\">Registre de la vicomt\u00e9 de B\u00e9arn (1371-1376) : jugement d\u2019un adult\u00e8re rendu par Gaston F\u00e9bus<\/a>\u00a0&#8211; E 302 (Archives d\u00e9partementales des Pyr\u00e9n\u00e9es-Atlantiques) [PDF &#8211; 4 160 Ko]<\/li>\n<li><a class=\"screenshot\" title=\"PDF - 3 330 Ko\" href=\"https:\/\/ent2d.ac-bordeaux.fr\/disciplines\/clesjustice64\/wp-content\/uploads\/sites\/19\/2017\/09\/Febus_Salomon.pdf\" target=\"_blank\" rel=\"documents\/MoyenAge\/TH_Febus_Salomon.jpg noopener\">Article \u00ab Quand F\u00e9bus rendait des jugements dignes de Salomon \u00bb, Pays basque et B\u00e9arn n\u00b0 477 &#8211; janvier 1982<\/a>\u00a0&#8211; DL 636 BIB U 83 (Archives d\u00e9partementales des Pyr\u00e9n\u00e9es-Atlantiques) [PDF &#8211; 3 330 Ko]<\/li>\n<li><a class=\"screenshot\" title=\"PDF - 5 027 Ko\" href=\"https:\/\/ent2d.ac-bordeaux.fr\/disciplines\/clesjustice64\/wp-content\/uploads\/sites\/19\/2017\/09\/8FI485.pdf\" target=\"_blank\" rel=\"documents\/MoyenAge\/TH_8Fi445_00106.jpg noopener\">Ch\u00e2teau de Pau sous Gaston F\u00e9bus, restitution<\/a>\u00a0&#8211; 8Fi 445 (Archives d\u00e9partementales des Pyr\u00e9n\u00e9es-Atlantiques) [PDF &#8211; 5 027 Ko]<\/li>\n<li><a class=\"screenshot\" title=\"PDF - 3 875 Ko\" href=\"https:\/\/ent2d.ac-bordeaux.fr\/disciplines\/clesjustice64\/wp-content\/uploads\/sites\/19\/2017\/09\/8Fi445_102-1.pdf\" target=\"_blank\" rel=\"documents\/MoyenAge\/TH_8Fi445_102.jpg noopener\">Ch\u00e2teau de Pau et paysans B\u00e9arnais au XVe s, restitution<\/a>\u00a0&#8211; 9Fi 155 (Archives d\u00e9partementales des Pyr\u00e9n\u00e9es-Atlantiques) [PDF &#8211; 3 875 Ko]<\/li>\n<\/ul>\n<p>&nbsp;<\/p>\n<h2>Temps modernes<\/h2>\n<p>&nbsp;<\/p>\n<ul>\n<li><a class=\"screenshot\" title=\"PDF - 1 921 Ko\" href=\"https:\/\/ent2d.ac-bordeaux.fr\/disciplines\/clesjustice64\/wp-content\/uploads\/sites\/19\/2017\/09\/FRAD064009_1FI52-1.pdf\" target=\"_blank\" rel=\"documents\/modernes\/TH_FRAD064009_1FI52.jpg noopener\">Copie d\u2019un plan de Pau trac\u00e9 en 1773<\/a>\u00a0&#8211; 1FI 52 (Archives d\u00e9partementales des Pyr\u00e9n\u00e9es-Atlantiques) [PDF &#8211; 1 921 Ko]<\/li>\n<li><a class=\"screenshot\" title=\"PDF - 261 Ko\" href=\"https:\/\/ent2d.ac-bordeaux.fr\/disciplines\/clesjustice64\/wp-content\/uploads\/sites\/19\/2017\/09\/FRAD064009_11Fi63-1.pdf\" target=\"_blank\" rel=\"documents\/modernes\/TH_FRAD064009_11Fi63.jpg noopener\">Gravure figurant le Parlement Navarre<\/a>\u00a0&#8211; 11Fi 63 (Archives d\u00e9partementales des Pyr\u00e9n\u00e9es-Atlantiques) [PDF &#8211; 261 Ko]<\/li>\n<li><a class=\"screenshot\" title=\"PDF - 5 531 Ko\" href=\"https:\/\/ent2d.ac-bordeaux.fr\/disciplines\/clesjustice64\/wp-content\/uploads\/sites\/19\/2017\/09\/C161_01.pdf\" target=\"_blank\" rel=\"documents\/modernes\/TH_C161_01.jpg noopener\">Plan de la prison du donjon du ch\u00e2teau de Pau<\/a>\u00a0&#8211; C 161 (Archives d\u00e9partementales des Pyr\u00e9n\u00e9es-Atlantiques) [PDF &#8211; 5 531 Ko]<\/li>\n<li><a class=\"screenshot\" title=\"PDF - 18 012 Ko\" href=\"https:\/\/ent2d.ac-bordeaux.fr\/disciplines\/clesjustice64\/wp-content\/uploads\/sites\/19\/2017\/09\/B4804.pdf\" target=\"_blank\" rel=\"documents\/modernes\/TH_B4804.jpg noopener\">Incendie au Palais du Parlement, le 23 janvier 1716 : arr\u00eat rendu sur rapport au premier bureau de la Grand chambre<\/a>\u00a0&#8211; B 4804 (Archives d\u00e9partementales des Pyr\u00e9n\u00e9es-Atlantiques) [PDF &#8211; 18 012 Ko]<\/li>\n<li><a class=\"screenshot\" title=\"PDF - 15 713 Ko\" href=\"https:\/\/ent2d.ac-bordeaux.fr\/disciplines\/clesjustice64\/wp-content\/uploads\/sites\/19\/2017\/09\/BIBP57.pdf\" target=\"_blank\" rel=\"documents\/modernes\/TH_BIBP57.jpg noopener\">Lettre de gr\u00e2ce, 1756 (transcription dactylographi\u00e9e)<\/a>\u00a0&#8211; BIB P 57 (Archives d\u00e9partementales des Pyr\u00e9n\u00e9es-Atlantiques) [PDF &#8211; 15 713 Ko]<\/li>\n<\/ul>\n<p>&nbsp;<\/p>\n<h2>Temps contemporains<\/h2>\n<p>&nbsp;<\/p>\n<ul>\n<li><a class=\"screenshot\" title=\"PDF - 25 274 Ko\" href=\"https:\/\/ent2d.ac-bordeaux.fr\/disciplines\/clesjustice64\/wp-content\/uploads\/sites\/19\/2017\/09\/C1374.pdf\" target=\"_blank\" rel=\"documents\/contemporains\/TH_C1374.jpg noopener\">Cahier de dol\u00e9ances d\u2019Anoye<\/a>\u00a0&#8211; C 1374 (Archives d\u00e9partementales des Pyr\u00e9n\u00e9es-Atlantiques) [PDF &#8211; 25 274 Ko]<\/li>\n<li><a class=\"screenshot\" title=\"PDF - 4 372 Ko\" href=\"https:\/\/ent2d.ac-bordeaux.fr\/disciplines\/clesjustice64\/wp-content\/uploads\/sites\/19\/2017\/09\/E2355.pdf\" target=\"_blank\" rel=\"documents\/contemporains\/TH_E2355.jpg noopener\">Cahier de dol\u00e9ances de Pau, transcription d\u2019extraits<\/a>\u00a0&#8211; E 2355 (Archives d\u00e9partementales des Pyr\u00e9n\u00e9es-Atlantiques) [PDF &#8211; 4 372 Ko]<\/li>\n<li><a class=\"screenshot\" title=\"PDF - 47 690 Ko\" href=\"https:\/\/ent2d.ac-bordeaux.fr\/disciplines\/clesjustice64\/wp-content\/uploads\/sites\/19\/2017\/09\/C1375-1.pdf\" target=\"_blank\" rel=\"documents\/contemporains\/TH_C1375.jpg noopener\">Cahier de dol\u00e9ances de Castetpugon<\/a>\u00a0&#8211; C 1375 (Archives d\u00e9partementales des Pyr\u00e9n\u00e9es-Atlantiques) [PDF &#8211; 47 690 Ko]<\/li>\n<li><a class=\"screenshot\" title=\"PDF - 117 199 Ko\" href=\"http:\/\/www.crdp-aquitaine.fr\/cles_justice\/documents\/contemporains\/BIBU659.pdf\" target=\"_blank\" rel=\"documents\/contemporains\/TH_BIBU659.jpg noopener\">Cahier de dol\u00e9ances du Labourd<\/a>\u00a0&#8211; BIB U 659 (Archives d\u00e9partementales des Pyr\u00e9n\u00e9es-Atlantiques) [PDF &#8211; 117 199 Ko]<\/li>\n<li><a class=\"screenshot\" title=\"PDF - 4 577 Ko\" href=\"https:\/\/ent2d.ac-bordeaux.fr\/disciplines\/clesjustice64\/wp-content\/uploads\/sites\/19\/2017\/09\/c826.pdf\" target=\"_blank\" rel=\"documents\/contemporains\/TH_c826.jpg noopener\">Cahier des griefs de l\u2019assembl\u00e9e des \u00c9tats de B\u00e9arn, mai-juin 1789<\/a>\u00a0&#8211; C 826 (Archives d\u00e9partementales des Pyr\u00e9n\u00e9es-Atlantiques) [PDF &#8211; 4 577 Ko]<\/li>\n<li><a class=\"screenshot\" title=\"PDF - 4 144 Ko\" href=\"https:\/\/ent2d.ac-bordeaux.fr\/disciplines\/clesjustice64\/wp-content\/uploads\/sites\/19\/2017\/09\/1L2_2.pdf\" target=\"_blank\" rel=\"documents\/contemporains\/TH_1L2_2.jpg noopener\">Lettre patente royale concernant les d\u00e9tenus, 26 mars 1790<\/a>\u00a0&#8211; 1L 2\/2 (Archives d\u00e9partementales des Pyr\u00e9n\u00e9es-Atlantiques) [PDF &#8211; 4 144 Ko]<\/li>\n<li><a class=\"screenshot\" title=\"PDF - 13 107 Ko\" href=\"https:\/\/ent2d.ac-bordeaux.fr\/disciplines\/clesjustice64\/wp-content\/uploads\/sites\/19\/2017\/09\/82J4.pdf\" target=\"_blank\" rel=\"documents\/contemporains\/TH_82J4.jpg noopener\">Proclamation royale sur l\u2019organisation judiciaire du 24 ao\u00fbt 1790<\/a>\u00a0&#8211; 82 J 4 (Archives d\u00e9partementales des Pyr\u00e9n\u00e9es-Atlantiques) [PDF &#8211; 13 107 Ko]<\/li>\n<li><a class=\"screenshot\" title=\"PDF - 630 Ko\" href=\"https:\/\/ent2d.ac-bordeaux.fr\/disciplines\/clesjustice64\/wp-content\/uploads\/sites\/19\/2017\/09\/1L2_2.pdf\" target=\"_blank\" rel=\"documents\/contemporains\/TH_1L2.2b.jpg noopener\">Proclamation royale sur l\u2019organisation judiciaire, 11 septembre 1790<\/a>\u00a0&#8211; 1L 2\/2 (Archives d\u00e9partementales des Pyr\u00e9n\u00e9es-Atlantiques) [PDF &#8211; 630 Ko]<\/li>\n<li><a class=\"screenshot\" title=\"PDF - 323 Ko\" href=\"https:\/\/ent2d.ac-bordeaux.fr\/disciplines\/clesjustice64\/wp-content\/uploads\/sites\/19\/2017\/09\/1L2.1.pdf\" target=\"_blank\" rel=\"documents\/contemporains\/TH_1L2_1.jpg noopener\">Proclamation royale sur le choix de Pau comme chef-lieu du d\u00e9partement, d\u00e9cr\u00e9t\u00e9 le 4 octobre 1790<\/a>\u00a0&#8211; 1L 2\/1 (Archives d\u00e9partementales des Pyr\u00e9n\u00e9es-Atlantiques) [PDF &#8211; 323 Ko]<\/li>\n<li><a class=\"screenshot\" title=\"PDF - 187 Ko\" href=\"https:\/\/ent2d.ac-bordeaux.fr\/disciplines\/clesjustice64\/wp-content\/uploads\/sites\/19\/2017\/09\/11Fi62.pdf\" target=\"_blank\" rel=\"documents\/contemporains\/TH_11Fi62.jpg noopener\">Le palais de justice de Pau<\/a>\u00a0&#8211; 11Fi 62 (Archives d\u00e9partementales des Pyr\u00e9n\u00e9es-Atlantiques) [PDF &#8211; 187 Ko]<\/li>\n<li><a class=\"screenshot\" title=\"PDF - 118 Ko\" href=\"https:\/\/ent2d.ac-bordeaux.fr\/disciplines\/clesjustice64\/wp-content\/uploads\/sites\/19\/2017\/09\/8FI102-1.pdf\" target=\"_blank\" rel=\"documents\/contemporains\/TH_8FI102.jpg noopener\">Le palais de justice de Bayonne<\/a>\u00a0&#8211; 8Fi 102 (Archives d\u00e9partementales des Pyr\u00e9n\u00e9es-Atlantiques) [PDF &#8211; 118 Ko]<\/li>\n<li><a class=\"screenshot\" title=\"PDF - 114 Ko\" href=\"https:\/\/ent2d.ac-bordeaux.fr\/disciplines\/clesjustice64\/wp-content\/uploads\/sites\/19\/2017\/09\/8FI485-1.pdf\" target=\"_blank\" rel=\"documents\/contemporains\/TH_8FI485.jpg noopener\">Le palais de justice de Saint-Palais<\/a>\u00a0&#8211; 11Fi 485 (Archives d\u00e9partementales des Pyr\u00e9n\u00e9es-Atlantiques) [PDF &#8211; 114 Ko]<\/li>\n<li><a class=\"screenshot\" title=\"PDF - 137 Ko\" href=\"https:\/\/ent2d.ac-bordeaux.fr\/disciplines\/clesjustice64\/wp-content\/uploads\/sites\/19\/2017\/09\/8FI422_1.pdf\" target=\"_blank\" rel=\"documents\/contemporains\/TH_8FI422.jpg noopener\">Le palais de justice d\u2019Oloron-Sainte-Marie<\/a>\u00a0&#8211; 8Fi 422 (Archives d\u00e9partementales des Pyr\u00e9n\u00e9es-Atlantiques) [PDF &#8211; 137 Ko]<\/li>\n<li><a class=\"screenshot\" title=\"PDF - 3 817 Ko\" href=\"https:\/\/ent2d.ac-bordeaux.fr\/disciplines\/clesjustice64\/wp-content\/uploads\/sites\/19\/2017\/09\/carte64_1790.pdf\" target=\"_blank\" rel=\"documents\/contemporains\/TH_carte64_1790.jpg noopener\">Premi\u00e8re carte du d\u00e9partement des Basses-Pyr\u00e9n\u00e9es cr\u00e9\u00e9 par d\u00e9cret du 8 f\u00e9vrier 1790<\/a>\u00a0&#8211; non-cot\u00e9e (Archives d\u00e9partementales des Pyr\u00e9n\u00e9es-Atlantiques) [PDF &#8211; 3 817 Ko]<\/li>\n<li><a class=\"screenshot\" title=\"PDF - 18 669 Ko\" href=\"https:\/\/ent2d.ac-bordeaux.fr\/disciplines\/clesjustice64\/wp-content\/uploads\/sites\/19\/2017\/09\/1J1776.29-1.pdf\" target=\"_blank\" rel=\"documents\/contemporains\/TH_1J1776.29.jpg noopener\">Placard de l\u2019arr\u00eat\u00e9 de cr\u00e9ation du comit\u00e9 surveillance de Pau<\/a>\u00a0&#8211; 1J 1776\/29 (Archives d\u00e9partementales des Pyr\u00e9n\u00e9es-Atlantiques) [PDF &#8211; 18 669 Ko]<\/li>\n<li><a class=\"screenshot\" title=\"PDF - 2 594 Ko\" href=\"https:\/\/ent2d.ac-bordeaux.fr\/disciplines\/clesjustice64\/wp-content\/uploads\/sites\/19\/2017\/09\/1L23-1.pdf\" target=\"_blank\" rel=\"documents\/contemporains\/TH_1L23.jpg noopener\">Placard sur l\u2019organisation du gouvernement r\u00e9volutionnaire informant de la cr\u00e9ation de la commission extraordinaire dans les Hautes et Basses-Pyr\u00e9n\u00e9es, 12 germinal an II (1er avril 1794)<\/a>\u00a0&#8211; 1L 23 (Archives d\u00e9partementales des Pyr\u00e9n\u00e9es-Atlantiques) [PDF &#8211; 2 594 Ko]<\/li>\n<li><a class=\"screenshot\" title=\"PDF - 5 486 Ko\" href=\"https:\/\/ent2d.ac-bordeaux.fr\/disciplines\/clesjustice64\/wp-content\/uploads\/sites\/19\/2017\/09\/1L24.pdf\" target=\"_blank\" rel=\"documents\/contemporains\/TH_1L24.jpg noopener\">Placard d\u2019un jugement rendu le 12 Germinal An II par la commission extraordinaire : condamnation de Jeanne Candau Lucarr\u00e9<\/a>\u00a0&#8211; 1L 24 (Archives d\u00e9partementales des Pyr\u00e9n\u00e9es-Atlantiques) [PDF &#8211; 5 486 Ko]<\/li>\n<li><a class=\"screenshot\" title=\"PDF - 2 366 Ko\" href=\"http:\/\/www.crdp-aquitaine.fr\/cles_justice\/documents\/contemporains\/1L24b.pdf\" target=\"_blank\" rel=\"documents\/contemporains\/TH_1L24b.jpg noopener\">Placard d\u2019un jugement rendu le 12 Germinal An II par la commission extraordinaire : condamnation de Bernard Guichot<\/a>\u00a0&#8211; 1L 24 (Archives d\u00e9partementales des Pyr\u00e9n\u00e9es-Atlantiques) [PDF &#8211; 2 366 Ko]<\/li>\n<li><a class=\"screenshot\" title=\"PDF - 5 875 Ko\" href=\"http:\/\/www.crdp-aquitaine.fr\/cles_justice\/documents\/contemporains\/1L24c.pdf\" target=\"_blank\" rel=\"documents\/contemporains\/TH_1L24c.jpg noopener\">Placard d\u2019un jugement rendu le 12 Germinal An II par la commission extraordinaire : condamnation de Pierre Lafon<\/a>\u00a0&#8211; 1L 24 (Archives d\u00e9partementales des Pyr\u00e9n\u00e9es-Atlantiques) [PDF &#8211; 5 875 Ko]<\/li>\n<li><a class=\"screenshot\" title=\"PDF - 21 799 Ko\" href=\"https:\/\/ent2d.ac-bordeaux.fr\/disciplines\/clesjustice64\/wp-content\/uploads\/sites\/19\/2017\/09\/1J288.pdf\" target=\"_blank\" rel=\"documents\/contemporains\/TH_1J288.jpg noopener\">Echange de lettres entre le ministre de la justice et l\u2019accusateur public des Basses-Pyr\u00e9n\u00e9es<\/a>\u00a0&#8211; 1J 288 (Archives d\u00e9partementales des Pyr\u00e9n\u00e9es-Atlantiques) 8 pages \u00e0 regrouper en 1 PDF [PDF &#8211; 21 799 Ko]<\/li>\n<li><a class=\"screenshot\" title=\"PDF - 1 361 Ko\" href=\"https:\/\/ent2d.ac-bordeaux.fr\/disciplines\/clesjustice64\/wp-content\/uploads\/sites\/19\/2017\/09\/U3065.pdf\" target=\"_blank\" rel=\"documents\/contemporains\/TH_U3065.jpg noopener\">Le palais de justice de Pau et l\u2019\u00e9glise Saint-Jacques au XIXe s.<\/a>\u00a0&#8211; BIB U 3065 (Archives d\u00e9partementales des Pyr\u00e9n\u00e9es-Atlantiques) [PDF &#8211; 1 361 Ko]<\/li>\n<li><a class=\"screenshot\" title=\"PDF - 382 Ko\" href=\"https:\/\/ent2d.ac-bordeaux.fr\/disciplines\/clesjustice64\/wp-content\/uploads\/sites\/19\/2017\/09\/8FI445.pdf\" target=\"_blank\" rel=\"documents\/contemporains\/TH_8FI445.jpg noopener\">Le palais justice de Pau au XIXe s.<\/a>\u00a0&#8211; 8FI 445 (Archives d\u00e9partementales des Pyr\u00e9n\u00e9es-Atlantiques) [PDF &#8211; 382 Ko]<\/li>\n<\/ul>\n","protected":false},"excerpt":{"rendered":"<p>Tables des archives justice en B\u00e9arn &nbsp; Moyen Age Introduction du for g\u00e9n\u00e9ral de B\u00e9arn, d\u00e9but XVe s\u00a0&#8211; C 677 (Archives d\u00e9partementales des Pyr\u00e9n\u00e9es-Atlantiques) [PDF &#8211; 135 Ko] Registre de la vicomt\u00e9 de B\u00e9arn (1343-1388) : hommages pr\u00eat\u00e9s \u00e0 El\u00e9onore de Comminges et Gaston F\u00e9bus par les habitants du Vic-Bilh et les nobles de la &hellip; <\/p>\n<p><a class=\"more-link block-button\" href=\"https:\/\/ent2d.ac-bordeaux.fr\/disciplines\/clesjustice64\/justice-en-bearn\/tables-des-archives-justice-en-bearn\/\">Lire la Suite &raquo;<\/a><\/p>\n","protected":false},"author":62,"featured_media":0,"parent":351,"menu_order":0,"comment_status":"closed","ping_status":"closed","template":"","meta":{"footnotes":""},"class_list":["post-456","page","type-page","status-publish","hentry","nodate"],"_links":{"self":[{"href":"https:\/\/ent2d.ac-bordeaux.fr\/disciplines\/clesjustice64\/wp-json\/wp\/v2\/pages\/456","targetHints":{"allow":["GET"]}}],"collection":[{"href":"https:\/\/ent2d.ac-bordeaux.fr\/disciplines\/clesjustice64\/wp-json\/wp\/v2\/pages"}],"about":[{"href":"https:\/\/ent2d.ac-bordeaux.fr\/disciplines\/clesjustice64\/wp-json\/wp\/v2\/types\/page"}],"author":[{"embeddable":true,"href":"https:\/\/ent2d.ac-bordeaux.fr\/disciplines\/clesjustice64\/wp-json\/wp\/v2\/users\/62"}],"replies":[{"embeddable":true,"href":"https:\/\/ent2d.ac-bordeaux.fr\/disciplines\/clesjustice64\/wp-json\/wp\/v2\/comments?post=456"}],"version-history":[{"count":8,"href":"https:\/\/ent2d.ac-bordeaux.fr\/disciplines\/clesjustice64\/wp-json\/wp\/v2\/pages\/456\/revisions"}],"predecessor-version":[{"id":519,"href":"https:\/\/ent2d.ac-bordeaux.fr\/disciplines\/clesjustice64\/wp-json\/wp\/v2\/pages\/456\/revisions\/519"}],"up":[{"embeddable":true,"href":"https:\/\/ent2d.ac-bordeaux.fr\/disciplines\/clesjustice64\/wp-json\/wp\/v2\/pages\/351"}],"wp:attachment":[{"href":"https:\/\/ent2d.ac-bordeaux.fr\/disciplines\/clesjustice64\/wp-json\/wp\/v2\/media?parent=456"}],"curies":[{"name":"wp","href":"https:\/\/api.w.org\/{rel}","templated":true}]}}