{"id":521,"date":"2023-11-14T11:41:46","date_gmt":"2023-11-14T10:41:46","guid":{"rendered":"https:\/\/ent2d.ac-bordeaux.fr\/disciplines\/stms\/?page_id=172"},"modified":"2023-11-14T11:41:46","modified_gmt":"2023-11-14T10:41:46","slug":"apres-un-bac-st2s","status":"publish","type":"page","link":"https:\/\/ent2d.ac-bordeaux.fr\/disciplines\/biotechnologies-sante-social\/apres-un-bac-st2s\/","title":{"rendered":"Apr\u00e8s un bac ST2S"},"content":{"rendered":"<ul style=\"list-style-type: circle\">\n<li style=\"text-align: justify\"><span style=\"font-family: trebuchet ms, geneva, sans-serif;font-size: 12pt\">Que faire avec un bac ST2S, le lien avec le site de l&#8217;<strong><span style=\"color: #99cc00\"><a style=\"color: #99cc00\" href=\"http:\/\/www.onisep.fr\/Choisir-mes-etudes\/Apres-le-bac\/Que-faire-apres-le-bac\/Que-faire-apres-le-bac-ST2S-sciences-et-technologies-de-la-sante-et-du-social\" target=\"_blank\" rel=\"noopener noreferrer\">ONISEP<\/a><\/span><\/strong> permettra de r\u00e9pondre \u00e0 cette question. Il est important de s&#8217;attarder sur la page <\/span><span style=\"font-family: trebuchet ms, geneva, sans-serif;font-size: 12pt\">&#8220;<a href=\"http:\/\/www.terminales2020-2021.fr\/\" target=\"_blank\" rel=\"noopener noreferrer\"><strong><span style=\"color: #99cc00\"><span style=\"color: #99cc00\">Terminales 202\/2021&#8243; : pour mieux accompagner l\u2019\u00e9l\u00e8ve vers l\u2019enseignement sup\u00e9rieur<\/span><\/span><\/strong><\/a>&#8220;.\n<p><\/p>\n<p><\/p><\/span><\/li>\n<li><span style=\"font-family: trebuchet ms, geneva, sans-serif\"><img loading=\"lazy\" decoding=\"async\" class=\"alignnone size-medium wp-image-480\" src=\"https:\/\/ent2d.ac-bordeaux.fr\/disciplines\/biotechnologies-sante-social\/wp-content\/uploads\/sites\/66\/2019\/02\/Screenshot_2019-02-28-Parcoursup-fr-300x51.png\" alt=\"\" width=\"300\" height=\"51\">&#8220;<\/span><span style=\"font-family: trebuchet ms, geneva, sans-serif\"><strong><span style=\"color: #99cc00\"><a style=\"color: #99cc00\" href=\"https:\/\/www.parcoursup.fr\/\" target=\"_blank\" rel=\"noopener noreferrer\">&nbsp;Parcours<\/a><\/span><\/strong><\/span><span style=\"font-family: trebuchet ms, geneva, sans-serif\"><strong><span style=\"color: #99cc00\"><a style=\"color: #99cc00\" href=\"https:\/\/www.parcoursup.fr\/\">up<\/a><\/span><\/strong>&#8220;, site qui <\/span><span style=\"font-family: trebuchet ms, geneva, sans-serif\">permet a<\/span><span style=\"font-family: trebuchet ms, geneva, sans-serif\">ux \u00e9l\u00e8ves futurs \u00e9tudiants de faire leur choix de formation dans le sup\u00e9rieur pour les formations en lien avec cette plateforme.\n<p><\/p>\n<p><\/p><\/span><\/li>\n<li><span style=\"font-family: trebuchet ms, geneva, sans-serif\">les attendus \u00e0 conna\u00eetre&nbsp; li\u00e9es pour l&#8217;acc\u00e8s aux formations d&#8217;infirmiers :&nbsp; <strong><a href=\"https:\/\/ent2d.ac-bordeaux.fr\/disciplines\/biotechnologies-sante-social\/wp-content\/uploads\/sites\/66\/2019\/02\/9_du_3_janvier_2019_relatif_au_cadre-national-sur-les-attendus-de-la-formation-conduisant-au-DEI1.pdf\"><span style=\"color: #99cc00\">9_du_3_janvier_2019_relatif_au_cadre&#8211; national sur les attendus de la formation conduisant au DEI(1)<\/span><\/a> <\/strong>et sociales : <strong><span style=\"color: #99cc00\"><a style=\"color: #99cc00\" href=\"https:\/\/ent2d.ac-bordeaux.fr\/disciplines\/biotechnologies-sante-social\/wp-content\/uploads\/sites\/66\/2019\/02\/arrete-relative-au-cadre-national-sur-les-attendus-des-formations-sociales.pdf\">arrete relative au cadre national sur les attendus des formations sociales<\/a><\/span><\/strong>.\n<p><\/p>\n<p><\/p><\/span><\/li>\n<li><span style=\"font-family: trebuchet ms, geneva, sans-serif\">les attendus \u00e0 conna\u00eetre pour les orientations suivantes :&nbsp;<\/span>\n<ul style=\"list-style-type: disc\">\n<li><a href=\"https:\/\/ent2d.ac-bordeaux.fr\/disciplines\/biotechnologies-sante-social\/wp-content\/uploads\/sites\/66\/2021\/03\/attendus-BUT.pdf\" target=\"_blank\" rel=\"noopener noreferrer\"><strong><span style=\"font-family: trebuchet ms, geneva, sans-serif;color: #99cc00\">Attendus BUT<\/span><\/strong><\/a><\/li>\n<li><span style=\"font-family: trebuchet ms, geneva, sans-serif;color: #99cc00\"><a style=\"color: #99cc00\" href=\"https:\/\/ent2d.ac-bordeaux.fr\/disciplines\/biotechnologies-sante-social\/wp-content\/uploads\/sites\/66\/2019\/03\/Attendus-BTS.pdf\" target=\"_blank\" rel=\"noopener noreferrer\"><strong>Attendus BT<\/strong>S<\/a><\/span><\/li>\n<\/ul>\n<\/li>\n<\/ul>\n<ul style=\"list-style-type: circle\">\n<li style=\"text-align: justify\"><span style=\"font-family: trebuchet ms, geneva, sans-serif;font-size: 12pt\">Vous trouverez ici les liens permettant d&#8217;acc\u00e9der aux r\u00e9f\u00e9rentiels des diff\u00e9rents BTS :<\/span>\n<ul style=\"list-style-type: disc\">\n<li style=\"text-align: justify\"><span style=\"font-family: trebuchet ms, geneva, sans-serif;font-size: 12pt\"><span style=\"color: #000000\"><strong><span style=\"color: #99cc00\"><a style=\"color: #99cc00\" href=\"https:\/\/enqdip.sup.adc.education.fr\/bts\/referentiel\/BTS_ServPresSectSanitaireSocial.pdf\" target=\"_blank\" rel=\"noopener noreferrer\">BTS SP3S<\/a><\/span>&nbsp;<\/strong><\/span><strong><span style=\"color: #99cc00\"><span style=\"color: #000000\"> :<\/span> <\/span><\/strong><span style=\"color: #99cc00\"><span style=\"color: #000000\">Services et prestations des&nbsp; secteurs sanitaire et social&nbsp;<\/span><\/span><\/span><\/li>\n<\/ul>\n<ul style=\"list-style-type: disc\">\n<li style=\"text-align: justify\"><span style=\"color: #99cc00\"><a style=\"color: #99cc00\" href=\"https:\/\/enqdip.sup.adc.education.fr\/bts\/referentiel\/BTS_EconomieSocFam.pdf\" target=\"_blank\" rel=\"noopener noreferrer\"><strong><span style=\"font-family: trebuchet ms, geneva, sans-serif;font-size: 12pt\">BTS ESF<\/span><\/strong><\/a><\/span><span style=\"font-family: trebuchet ms, geneva, sans-serif;font-size: 12pt;color: #99cc00\"> &nbsp;&nbsp; <span style=\"color: #000000\">: Economie Sociale Familiale<\/span><\/span><\/li>\n<li><span style=\"color: #99cc00\"><a style=\"color: #99cc00\" href=\"https:\/\/enqdip.sup.adc.education.fr\/bts\/referentiel\/BTS_metiers_services_environnement.pdf\" target=\"_blank\" rel=\"noopener noreferrer\"><span style=\"font-family: trebuchet ms, geneva, sans-serif\">BTS MSE&nbsp;<\/span><\/a><span style=\"font-family: trebuchet ms, geneva, sans-serif\"> &nbsp;&nbsp; <span style=\"color: #000000\">: M\u00e9tiers des services \u00e0 l&#8217;environnement<\/span><\/span><\/span><\/li>\n<li><span style=\"color: #99cc00\"><span style=\"font-family: trebuchet ms, geneva, sans-serif\"><span style=\"color: #99cc00\"><a style=\"color: #99cc00\" href=\"https:\/\/enqdip.sup.adc.education.fr\/bts\/referentiel\/BTS_metiers_esthetique_cosmetique_parfumerie.pdf\" target=\"_blank\" rel=\"noopener noreferrer\">BTS MECP<\/a><\/span>&nbsp;<\/span><span style=\"font-family: trebuchet ms, geneva, sans-serif\"> <span style=\"color: #000000\">: M\u00e9tiers esth\u00e9tique, cosm\u00e9tique et parfumerie&nbsp; <\/span><\/span><\/span><\/li>\n<li><span style=\"color: #99cc00\"><span style=\"font-family: trebuchet ms, geneva, sans-serif\"><a href=\"https:\/\/enqdip.sup.adc.education.fr\/bts\/referentiel\/BTS_analysesBiologieMedicale.pdf\" target=\"_blank\" rel=\"noopener noreferrer\"><span style=\"color: #99cc00\">BTS ABM<\/span><\/a>&nbsp;<\/span><span style=\"font-family: trebuchet ms, geneva, sans-serif\"> &nbsp; <span style=\"color: #000000\">: Analyses de biologie m\u00e9dicale<\/span> &nbsp;&nbsp;&nbsp;&nbsp;&nbsp;&nbsp; <\/span><\/span><\/li>\n<li><span style=\"color: #99cc00\"><span style=\"font-family: trebuchet ms, geneva, sans-serif\"><a style=\"color: #99cc00\" href=\"https:\/\/enqdip.sup.adc.education.fr\/bts\/referentiel\/BTS_Bioqualite.pdf\" target=\"_blank\" rel=\"noopener noreferrer\">BTS Bioqualit\u00e9<\/a> <span style=\"color: #000000\">: Qualit\u00e9 dans les industries alimentaires et bio-industries<\/span><\/span><\/span><\/li>\n<li><span style=\"font-family: trebuchet ms, geneva, sans-serif\"><span style=\"color: #99cc00\"><a style=\"color: #99cc00\" href=\"https:\/\/enqdip.sup.adc.education.fr\/bts\/referentiel\/BTS_MetiersCoiffure.pdf\" target=\"_blank\" rel=\"noopener noreferrer\">BTS M\u00e9tiers de la coiffure<\/a> <br><\/span><br><\/span><\/li>\n<\/ul>\n<\/li>\n<li><span style=\"font-family: trebuchet ms, geneva, sans-serif\">Vous trouverez \u00e9galement deux liens&nbsp; :<\/span>\n<ul style=\"list-style-type: disc\">\n<li><span style=\"font-family: trebuchet ms, geneva, sans-serif\"><span style=\"color: #99cc00\"><a style=\"color: #99cc00\" href=\"https:\/\/enqdip.sup.adc.education.fr\/bts\/referentiel\/DTS_IMRT.pdf\" target=\"_blank\" rel=\"noopener noreferrer\"><strong>DTS IMRT<\/strong><\/a><strong> &nbsp; : <span style=\"color: #000000\">Dipl\u00f4me de technicien sup\u00e9rieur imagerie m\u00e9dicale et radiologie th\u00e9rapeutique<\/span><\/strong><\/span><\/span><\/li>\n<li><span style=\"font-family: trebuchet ms, geneva, sans-serif\">Les<\/span><span style=\"color: #99cc00\"> <a style=\"color: #99cc00\" href=\"https:\/\/solidarites-sante.gouv.fr\/metiers-et-concours\/les-metiers-du-travail-social\/reforme-des-diplomes-en-travail-social\/\"><strong><span style=\"font-family: trebuchet ms, geneva, sans-serif\">nouveaux r\u00e9f\u00e9rentiels des formations de niveaux II en travail social<\/span><\/strong><\/a><\/span><\/li>\n<\/ul>\n<\/li>\n<\/ul>\n\n\n<figure class=\"wp-block-image alignright\"><a href=\"https:\/\/solidarites-sante.gouv.fr\/metiers-et-concours\/les-metiers-du-travail-social\/reforme-des-diplomes-en-travail-social\/\"><img loading=\"lazy\" decoding=\"async\" width=\"1024\" height=\"510\" src=\"https:\/\/ent2d.ac-bordeaux.fr\/disciplines\/biotechnologies-sante-social\/wp-content\/uploads\/sites\/66\/2019\/04\/image-2-1024x510.png\" alt=\"\" class=\"wp-image-1315\" srcset=\"https:\/\/ent2d.ac-bordeaux.fr\/disciplines\/biotechnologies-sante-social\/wp-content\/uploads\/sites\/66\/2019\/04\/image-2-1024x510.png 1024w, https:\/\/ent2d.ac-bordeaux.fr\/disciplines\/biotechnologies-sante-social\/wp-content\/uploads\/sites\/66\/2019\/04\/image-2-300x149.png 300w, https:\/\/ent2d.ac-bordeaux.fr\/disciplines\/biotechnologies-sante-social\/wp-content\/uploads\/sites\/66\/2019\/04\/image-2-768x383.png 768w, https:\/\/ent2d.ac-bordeaux.fr\/disciplines\/biotechnologies-sante-social\/wp-content\/uploads\/sites\/66\/2019\/04\/image-2.png 1098w\" sizes=\"auto, (max-width: 1024px) 100vw, 1024px\" \/><\/a><figcaption class=\"wp-element-caption\">Site du minist\u00e8re des solidarit\u00e9s et de la sant\u00e9 : r\u00e9forme des dipl\u00f4mes en travail social<\/figcaption><\/figure>\n","protected":false},"excerpt":{"rendered":"<p>Que faire avec un bac ST2S, le lien avec le site de l&#8217;ONISEP permettra de r\u00e9pondre \u00e0 cette question. Il<\/p>\n","protected":false},"author":1774,"featured_media":4829,"parent":0,"menu_order":0,"comment_status":"closed","ping_status":"closed","template":"","meta":{"_bbp_topic_count":0,"_bbp_reply_count":0,"_bbp_total_topic_count":0,"_bbp_total_reply_count":0,"_bbp_voice_count":0,"_bbp_anonymous_reply_count":0,"_bbp_topic_count_hidden":0,"_bbp_reply_count_hidden":0,"_bbp_forum_subforum_count":0,"footnotes":""},"class_list":["post-521","page","type-page","status-publish","has-post-thumbnail","hentry"],"_links":{"self":[{"href":"https:\/\/ent2d.ac-bordeaux.fr\/disciplines\/biotechnologies-sante-social\/wp-json\/wp\/v2\/pages\/521","targetHints":{"allow":["GET"]}}],"collection":[{"href":"https:\/\/ent2d.ac-bordeaux.fr\/disciplines\/biotechnologies-sante-social\/wp-json\/wp\/v2\/pages"}],"about":[{"href":"https:\/\/ent2d.ac-bordeaux.fr\/disciplines\/biotechnologies-sante-social\/wp-json\/wp\/v2\/types\/page"}],"author":[{"embeddable":true,"href":"https:\/\/ent2d.ac-bordeaux.fr\/disciplines\/biotechnologies-sante-social\/wp-json\/wp\/v2\/users\/1774"}],"replies":[{"embeddable":true,"href":"https:\/\/ent2d.ac-bordeaux.fr\/disciplines\/biotechnologies-sante-social\/wp-json\/wp\/v2\/comments?post=521"}],"version-history":[{"count":27,"href":"https:\/\/ent2d.ac-bordeaux.fr\/disciplines\/biotechnologies-sante-social\/wp-json\/wp\/v2\/pages\/521\/revisions"}],"predecessor-version":[{"id":4830,"href":"https:\/\/ent2d.ac-bordeaux.fr\/disciplines\/biotechnologies-sante-social\/wp-json\/wp\/v2\/pages\/521\/revisions\/4830"}],"wp:featuredmedia":[{"embeddable":true,"href":"https:\/\/ent2d.ac-bordeaux.fr\/disciplines\/biotechnologies-sante-social\/wp-json\/wp\/v2\/media\/4829"}],"wp:attachment":[{"href":"https:\/\/ent2d.ac-bordeaux.fr\/disciplines\/biotechnologies-sante-social\/wp-json\/wp\/v2\/media?parent=521"}],"curies":[{"name":"wp","href":"https:\/\/api.w.org\/{rel}","templated":true}]}}