{"id":892,"date":"2018-10-22T22:14:52","date_gmt":"2018-10-22T20:14:52","guid":{"rendered":"https:\/\/ent2d.ac-bordeaux.fr\/disciplines\/allemand\/?page_id=892"},"modified":"2020-10-22T18:33:10","modified_gmt":"2020-10-22T16:33:10","slug":"cycle-terminal-voie-technologique","status":"publish","type":"page","link":"https:\/\/ent2d.ac-bordeaux.fr\/disciplines\/allemand\/cycle-terminal-voie-technologique\/","title":{"rendered":"Cycle terminal &#8211; voie technologique"},"content":{"rendered":"<h4>Les informations de cette page concernent les s\u00e9ries\u00a0<strong>Sciences et Technologies de la Sant\u00e9 et du Social\u00a0<span class=\"textegris\">(<abbr title=\"Sciences et technologies de la sant\u00e9 et du social\">ST2S<\/abbr>)<\/span>, Sciences et Technologies de Laboratoire\u00a0<span class=\"textegris\">(<abbr title=\"Sciences et technologies de laboratoire (fili\u00e8re et baccalaur\u00e9at)\">STL<\/abbr>)<\/span>, Sciences et Technologies du Design et des Arts Appliqu\u00e9s\u00a0<span class=\"textegris\">(<abbr title=\"sciences et technologies du design et des arts appliqu\u00e9s\">STD2A<\/abbr>)<\/span>, Sciences et Technologies de l\u2019Industrie et du D\u00e9veloppement Durable<span class=\"textegris\">\u00a0(STI2D)<\/span>, Sciences et Technologies du Management et de la Gestion\u00a0<span class=\"textegris\">(<abbr title=\"Sciences et technologies du management et de la gestion\">STMG<\/abbr>)<\/span>, Sciences et Technologies de l\u2019H\u00f4tellerie et de la Restauration<span class=\"textegris\">\u00a0(STHR)<\/span>\u00a0<\/strong>et\u00a0<strong>Techniques de la Musique et de la Danse\u00a0<span class=\"textegris\">(TMD)<\/span>.\u00a0<\/strong><span class=\"texterose\">Pour la s\u00e9rie\u00a0<strong>STAV<\/strong>, merci de consulter\u00a0<a href=\"https:\/\/www.ac-strasbourg.fr\/pedagogie\/langues\/programmes-et-textes-officiels\/lycee\/horaires-et-enseignements\/stav-2021\/\" target=\"_top\" rel=\"noopener noreferrer\">la page d\u00e9di\u00e9e<\/a><\/span>.<\/h4>\n<p class=\"fondgris\"><strong>Enseignements communs obligatoires<\/strong><\/p>\n<table>\n<thead>\n<tr>\n<th><\/th>\n<th colspan=\"2\" rowspan=\"1\" scope=\"col\">Premi\u00e8re<\/th>\n<th>Terminale<\/th>\n<\/tr>\n<\/thead>\n<tbody>\n<tr>\n<td><span class=\"texterose\"><strong>LVA et LVB<\/strong><\/span><\/p>\n<p><sup><span class=\"textegris\"><strong>La LVA est \u00e9trang\u00e8re. La LVB peut \u00eatre \u00e9trang\u00e8re ou r\u00e9gionale.<\/strong><\/span><\/sup><\/td>\n<td colspan=\"2\" rowspan=\"1\">4h*<\/td>\n<td>4h*<\/td>\n<\/tr>\n<tr>\n<td><span class=\"texterose\"><strong>* DONT Enseignement technologique en LVA (ETLV)<\/strong><\/span><\/td>\n<td class=\"align-centre\" colspan=\"2\">1h<\/td>\n<td class=\"align-centre\">1h<\/td>\n<\/tr>\n<\/tbody>\n<\/table>\n<p><sup><span class=\"textegris\"><strong>*<\/strong><strong>Dans la s\u00e9rie STHR, l&rsquo;une des deux langues vivantes doit \u00eatre obligatoirement l&rsquo;anglais.<\/strong><\/span><\/sup><\/p>\n<p class=\"align-justifie\"><sup>L\u2019horaire \u00e9l\u00e8ve indiqu\u00e9 correspond \u00e0 une enveloppe globalis\u00e9e pour ces deux langues vivantes. \u00c0 l\u2019enseignement d\u2019une LVE peut s\u2019ajouter une heure avec un assistant de langue. L\u2019enseignement technologique en LVA est pris en charge conjointement par un enseignant d\u2019une discipline technologique et un enseignant de langue vivante.<\/sup><\/p>\n<h4 style=\"text-align: center\"><span style=\"color: #0000ff\">Voie Technologique &#8211; Le baccalaur\u00e9at sciences et technologies de l&rsquo;agronomie et du vivant (STAV)<\/span><\/h4>\n<div id=\"mainContent\"><img decoding=\"async\" class=\"blankImgFloat\" src=\"https:\/\/www.ac-strasbourg.fr\/fileadmin\/templates\/commun\/img\/blank.gif\" \/><\/p>\n<div id=\"section\" class=\"\">\n<div id=\"c41104\" class=\"c-item cty-txtimg clo-std\">\n<div class=\"csc-textpic-text\">\n<h5><span style=\"color: #ff00ff\">Enseignements communs<\/span><\/h5>\n<table>\n<thead>\n<tr class=\"align-centre\">\n<th><\/th>\n<th colspan=\"2\" rowspan=\"1\" scope=\"col\">Premi\u00e8re et Terminale<\/th>\n<th>Coefficient<\/th>\n<\/tr>\n<\/thead>\n<tbody>\n<tr class=\"align-centre\">\n<td><span class=\"texterose\"><strong class=\"aucune\">Langue Vivante 1<\/strong><\/span><\/td>\n<td colspan=\"2\" rowspan=\"1\">2h<\/td>\n<td>Oral (1) + CCF (2)<\/td>\n<\/tr>\n<tr class=\"align-centre\">\n<td rowspan=\"1\"><span class=\"texterose\"><strong class=\"aucune\">Langue Vivante 2<\/strong><\/span><\/td>\n<td colspan=\"2\" rowspan=\"1\">1,30h<\/td>\n<td rowspan=\"1\">Oral (1)\u00a0 + CCF (2)<\/td>\n<\/tr>\n<\/tbody>\n<\/table>\n<h5><span style=\"color: #ff00ff\">Enseignements facultatifs<\/span><\/h5>\n<table>\n<tbody>\n<tr class=\"align-centre\">\n<th><\/th>\n<th colspan=\"2\" rowspan=\"1\" scope=\"col\">Premi\u00e8re et Terminale<\/th>\n<th class=\"align-centre\">Coefficient<\/th>\n<\/tr>\n<tr class=\"align-centre\">\n<td><span class=\"texterose\"><strong class=\"aucune\">Langue Vivante 3<br \/>\n<\/strong><\/span><\/td>\n<td colspan=\"2\" rowspan=\"1\">2 \u00e0 3h<\/td>\n<td>CCF<\/td>\n<\/tr>\n<\/tbody>\n<\/table>\n<\/div>\n<\/div>\n<div id=\"c41109\" class=\"c-item cty-txtimg clo-std\">\n<div class=\"csc-textpic-text\">\n<p>*CCF : Contr\u00f4le en Cours de Formation<\/p>\n<h4 style=\"text-align: center\"><span style=\"color: #0000ff\">Voie technologique &#8211; s\u00e9rie Sciences et technologies de la sant\u00e9 et du social<\/span><\/h4>\n<div id=\"mainContent\"><img decoding=\"async\" class=\"blankImgFloat\" src=\"https:\/\/www.ac-strasbourg.fr\/fileadmin\/templates\/commun\/img\/blank.gif\" \/><\/p>\n<div id=\"section\" class=\"\">\n<div id=\"c54574\" class=\"c-item cty-txtimg clo-std\">\n<div class=\"csc-textpic-text\">\n<h5><span style=\"color: #ff00ff\">Enseignements communs obligatoires<\/span><\/h5>\n<table>\n<thead>\n<tr class=\"align-centre\">\n<th><\/th>\n<th colspan=\"2\" rowspan=\"1\" scope=\"col\">Premi\u00e8re et Terminale<\/th>\n<th>Coefficient<\/th>\n<\/tr>\n<\/thead>\n<tbody>\n<tr class=\"align-centre\">\n<td><span class=\"texterose\"><strong class=\"aucune\">LV1 et LV2*<br \/>\n<\/strong><\/span><\/td>\n<td colspan=\"2\" rowspan=\"1\">3h<\/td>\n<td>2<\/td>\n<\/tr>\n<\/tbody>\n<\/table>\n<p class=\"align-justifie\"><span class=\"textegris\">*La langue vivante 1 est \u00e9trang\u00e8re. La langue vivante 2 peut \u00eatre \u00e9trang\u00e8re ou r\u00e9gionale.<strong><br \/>\n<\/strong><\/span><\/p>\n<p class=\"align-justifie astuce\">L&rsquo;\u00e9valuation des langues vivantes comprend une \u00e9preuve \u00e9crite de 2h lors des \u00e9preuves terminales du baccalaur\u00e9at et une \u00e9preuve orale d&rsquo;une dur\u00e9e de 20 minutes \u00e9valu\u00e9e dans le cadre de l&rsquo;ECA (<em>\u00c9valuation en Cours d&rsquo;Ann\u00e9e<\/em>). La liste des \u00e9preuves est disponible dans la<span class=\"texterose\"> <a class=\"lienSansIcone\" href=\"http:\/\/www.education.gouv.fr\/pid25535\/bulletin_officiel.html?cid_bo=76422\" target=\"_blank\" rel=\"noopener noreferrer\">note de service n\u00b0 2014-003 du 13-1-2014<\/a><\/span><\/p>\n<p class=\"anoter align-justifie\">Les \u00e9preuves de langue vivante \u00e9trang\u00e8re \u00e9valuent les comp\u00e9tences <strong>\u00e9crites et orales<\/strong> d\u00e9finies par arr\u00eat\u00e9 du ministre charg\u00e9 de l&rsquo;\u00e9ducation nationale.<\/p>\n<h4 style=\"text-align: center\"><span style=\"color: #0000ff\">Voie Technologique &#8211; s\u00e9rie Sciences et technologies du design et des arts appliqu\u00e9s (<abbr title=\"sciences et technologies du design et des arts appliqu\u00e9s\">STD2A<\/abbr>)<\/span><\/h4>\n<div id=\"mainContent\"><img decoding=\"async\" class=\"blankImgFloat\" src=\"https:\/\/www.ac-strasbourg.fr\/fileadmin\/templates\/commun\/img\/blank.gif\" \/><\/p>\n<div id=\"section\" class=\"\">\n<div id=\"c54585\" class=\"c-item cty-txtimg clo-std\">\n<div class=\"csc-textpic-text\">\n<h5><span style=\"color: #ff00ff\">Enseignements communs obligatoires<\/span><\/h5>\n<table>\n<thead>\n<tr class=\"align-centre\">\n<th><\/th>\n<th colspan=\"2\" rowspan=\"1\" scope=\"col\">Premi\u00e8re et Terminale<\/th>\n<th>Coefficient<\/th>\n<\/tr>\n<\/thead>\n<tbody>\n<tr class=\"align-centre\">\n<td class=\"align-gauche\"><span class=\"texterose\"><strong class=\"aucune\">LV1 et LV2*<br \/>\n<\/strong><\/span><\/td>\n<td colspan=\"2\" rowspan=\"1\">3h<\/td>\n<td>2<\/td>\n<\/tr>\n<\/tbody>\n<\/table>\n<p class=\"align-justifie\"><span class=\"textegris\">*La langue vivante 1 est \u00e9trang\u00e8re. La langue vivante 2 peut \u00eatre \u00e9trang\u00e8re ou r\u00e9gionale.<\/span><\/p>\n<p class=\"align-justifie astuce\">L&rsquo;\u00e9valuation des langues vivantes comprend une \u00e9preuve \u00e9crite de 2h lors des \u00e9preuves terminales du baccalaur\u00e9at et une \u00e9preuve orale d&rsquo;une dur\u00e9e de 20 minutes \u00e9valu\u00e9e dans le cadre de l&rsquo;ECA (<em>\u00c9valuation en Cours d&rsquo;Ann\u00e9e<\/em>). La liste des \u00e9preuves est disponible dans la<span class=\"texterose\"> <a class=\"lienSansIcone\" href=\"http:\/\/www.education.gouv.fr\/pid25535\/bulletin_officiel.html?cid_bo=76422\" target=\"_blank\" rel=\"noopener noreferrer\">note de service n\u00b0 2014-003 du 13-1-2014<\/a><\/span><\/p>\n<p class=\"anoter align-justifie\">Les \u00e9preuves de langue vivante \u00e9trang\u00e8re \u00e9valuent les comp\u00e9tences <strong>\u00e9crites et orales<\/strong> d\u00e9finies par arr\u00eat\u00e9 du ministre charg\u00e9 de l&rsquo;\u00e9ducation nationale.<\/p>\n<h4 style=\"text-align: center\"><span style=\"color: #0000ff\">Voie technologique &#8211; s\u00e9rie Sciences et technologies de l&rsquo;h\u00f4tellerie et de la restauration (STHR)<\/span><\/h4>\n<div id=\"mainContent\"><img decoding=\"async\" class=\"blankImgFloat\" src=\"https:\/\/www.ac-strasbourg.fr\/fileadmin\/templates\/commun\/img\/blank.gif\" \/><\/p>\n<div id=\"section\" class=\"\">\n<div id=\"c41172\" class=\"c-item cty-txtimg clo-std\">\n<div class=\"csc-textpic-text\">\n<h5><span style=\"color: #ff00ff\">Enseignements communs obligatoires<\/span><\/h5>\n<table>\n<thead>\n<tr class=\"align-centre\">\n<th><\/th>\n<th colspan=\"2\" rowspan=\"1\" scope=\"col\">Premi\u00e8re et Terminale<\/th>\n<th>Coefficient<\/th>\n<\/tr>\n<\/thead>\n<tbody>\n<tr class=\"align-centre\">\n<td class=\"align-gauche\"><span class=\"texterose\"><strong class=\"aucune\">LV1 et LV2*<br \/>\n<\/strong><\/span><\/td>\n<td colspan=\"2\" rowspan=\"1\">4h<\/td>\n<td>4<\/td>\n<\/tr>\n<\/tbody>\n<\/table>\n<p><span class=\"textegris\">* L&rsquo;une des deux langues vivantes doit \u00eatre obligatoirement l&rsquo;anglais.<\/span><\/p>\n<h5><span style=\"color: #ff00ff\">Enseignements facultatifs (au choix)<\/span><\/h5>\n<table>\n<tbody>\n<tr class=\"align-centre\">\n<th><\/th>\n<th colspan=\"2\" rowspan=\"1\" scope=\"col\">Premi\u00e8re et Terminale<\/th>\n<th class=\"align-centre\">Coefficient<\/th>\n<\/tr>\n<tr class=\"align-centre\">\n<td class=\"align-gauche\"><span class=\"texterose\"><strong class=\"aucune\">LV3*<br \/>\n<\/strong><\/span><\/td>\n<td colspan=\"2\" rowspan=\"1\">3h<\/td>\n<td>seuls les points au-dessus de 10 sont pris en compte dans le calcul de la moyenne et sont multipli\u00e9s par deux.<\/td>\n<\/tr>\n<\/tbody>\n<\/table>\n<p><span class=\"textegris\">* La LV2 ou LV3 peuvent \u00eatre \u00e9trang\u00e8res ou r\u00e9gionales<\/span><\/p>\n<h4 style=\"text-align: center\"><span style=\"color: #0000ff\">Voie technologique &#8211; s\u00e9rie Sciences et technologies de l&rsquo;industrie et du<\/span> <span style=\"color: #0000ff\">d\u00e9veloppement durable (STI2D) et Sciences et technologies de laboratoire (<abbr title=\"Sciences et technologies de laboratoire (fili\u00e8re et baccalaur\u00e9at)\">STL<\/abbr>)<\/span><\/h4>\n<div id=\"mainContent\"><img decoding=\"async\" class=\"blankImgFloat\" src=\"https:\/\/www.ac-strasbourg.fr\/fileadmin\/templates\/commun\/img\/blank.gif\" \/><\/p>\n<div id=\"section\" class=\"\">\n<div id=\"c54617\" class=\"c-item cty-txtimg clo-std\">\n<div class=\"csc-textpic-text\">\n<h5><span style=\"color: #ff00ff\">Enseignements communs obligatoires<\/span><\/h5>\n<table>\n<thead>\n<tr class=\"align-centre\">\n<th><\/th>\n<th colspan=\"2\" rowspan=\"1\" scope=\"col\">Premi\u00e8re et Terminale<\/th>\n<th>Coefficient<\/th>\n<\/tr>\n<\/thead>\n<tbody>\n<tr class=\"align-centre\">\n<td class=\"align-gauche\"><span class=\"texterose\"><strong class=\"aucune\">LV1 et LV2*<br \/>\n<\/strong><\/span><\/td>\n<td colspan=\"2\" rowspan=\"1\">3h<\/td>\n<td>2<\/td>\n<\/tr>\n<\/tbody>\n<\/table>\n<p class=\"align-justifie\"><span class=\"textegris\">*La langue vivante 1 est \u00e9trang\u00e8re. La langue vivante 2 peut \u00eatre \u00e9trang\u00e8re ou r\u00e9gionale.<\/span><\/p>\n<h5><span style=\"color: #ff00ff\">Enseignements technologiques communs<\/span><\/h5>\n<table>\n<thead>\n<tr class=\"align-centre\">\n<th><\/th>\n<th colspan=\"2\" rowspan=\"1\" scope=\"col\">Premi\u00e8re et Terminale<\/th>\n<th>Coefficient<\/th>\n<\/tr>\n<\/thead>\n<tbody>\n<tr class=\"align-centre\">\n<td class=\"align-gauche\"><span class=\"texterose\"><strong class=\"aucune\">Enseignement technologique en Langue Vivante 1<br \/>\n<\/strong><\/span><\/td>\n<td colspan=\"2\" rowspan=\"1\">1h<\/td>\n<td>2<\/td>\n<\/tr>\n<\/tbody>\n<\/table>\n<p class=\"align-justifie\"><span class=\"textegris\">* Enseignement pris en charge par deux enseignants (LV1 et Sciences et Technologies industrielles)<strong><br \/>\n<\/strong><\/span><\/p>\n<p class=\"align-justifie astuce\">L&rsquo;\u00e9valuation des langues vivantes comprend une \u00e9preuve \u00e9crite de 2h lors des \u00e9preuves terminales du baccalaur\u00e9at et une \u00e9preuve orale d&rsquo;une dur\u00e9e de 20 minutes \u00e9valu\u00e9e dans le cadre de l&rsquo;ECA (<em>\u00c9valuation en Cours d&rsquo;Ann\u00e9e<\/em>). L&rsquo;enseignement technologique en LV1 fait l&rsquo;objet d&rsquo;une \u00e9valuation orale en cours d&rsquo;ann\u00e9e. La liste des \u00e9preuves est disponible dans la<span class=\"texterose\"> <a class=\"lienSansIcone\" href=\"http:\/\/www.education.gouv.fr\/pid25535\/bulletin_officiel.html?cid_bo=76422\" target=\"_blank\" rel=\"noopener noreferrer\">note de service n\u00b0 2014-003 du 13-1-2014<\/a><\/span><\/p>\n<p class=\"anoter align-justifie\">Les \u00e9preuves de langue vivante \u00e9trang\u00e8re \u00e9valuent les comp\u00e9tences <strong>\u00e9crites et orales<\/strong> d\u00e9finies par arr\u00eat\u00e9 du ministre charg\u00e9 de l&rsquo;\u00e9ducation nationale.<\/p>\n<div id=\"mainContent\">\n<div id=\"section\" class=\"\">\n<div id=\"c54617\" class=\"c-item cty-txtimg clo-std\">\n<div class=\"csc-textpic-text\">\n<p class=\"align-justifie\">\n<h5><span style=\"color: #ff00ff\">Enseignements technologiques communs<\/span><\/h5>\n<table>\n<thead>\n<tr class=\"align-centre\">\n<th><\/th>\n<th colspan=\"2\" rowspan=\"1\" scope=\"col\">Premi\u00e8re et Terminale<\/th>\n<th>Coefficient<\/th>\n<\/tr>\n<\/thead>\n<tbody>\n<tr class=\"align-centre\">\n<td class=\"align-gauche\"><span class=\"texterose\"><strong class=\"aucune\">Enseignement technologique en Langue Vivante 1<br \/>\n<\/strong><\/span><\/td>\n<td colspan=\"2\" rowspan=\"1\">1h<\/td>\n<td>2<\/td>\n<\/tr>\n<\/tbody>\n<\/table>\n<p class=\"align-justifie\"><span class=\"textegris\">* Enseignement pris en charge par deux enseignants (LV1 et Sciences et Technologies industrielles)<strong><br \/>\n<\/strong><\/span><\/p>\n<p class=\"align-justifie astuce\">L&rsquo;\u00e9valuation des langues vivantes comprend une \u00e9preuve \u00e9crite de 2h lors des \u00e9preuves terminales du baccalaur\u00e9at et une \u00e9preuve orale d&rsquo;une dur\u00e9e de 20 minutes \u00e9valu\u00e9e dans le cadre de l&rsquo;ECA (<em>\u00c9valuation en Cours d&rsquo;Ann\u00e9e<\/em>). L&rsquo;enseignement technologique en LV1 fait l&rsquo;objet d&rsquo;une \u00e9valuation orale en cours d&rsquo;ann\u00e9e. La liste des \u00e9preuves est disponible dans la<span class=\"texterose\"> <a class=\"lienSansIcone\" href=\"http:\/\/www.education.gouv.fr\/pid25535\/bulletin_officiel.html?cid_bo=76422\" target=\"_blank\" rel=\"noopener noreferrer\">note de service n\u00b0 2014-003 du 13-1-2014<\/a><\/span><\/p>\n<p class=\"anoter align-justifie\">Les \u00e9preuves de langue vivante \u00e9trang\u00e8re \u00e9valuent les comp\u00e9tences <strong>\u00e9crites et orales<\/strong> d\u00e9finies par arr\u00eat\u00e9 du ministre charg\u00e9 de l&rsquo;\u00e9ducation nationale.<\/p>\n<h4 style=\"text-align: center\"><span style=\"color: #0000ff\">Voie technologique &#8211; s\u00e9rie Sciences et technologies du management et de la gestion (<abbr title=\"Sciences et technologies du management et de la gestion\">STMG<\/abbr>)<\/span><\/h4>\n<div id=\"mainContent\">\n<h5><span style=\"color: #ff00ff\"><img decoding=\"async\" class=\"blankImgFloat\" src=\"https:\/\/www.ac-strasbourg.fr\/fileadmin\/templates\/commun\/img\/blank.gif\" \/><\/span><\/h5>\n<div id=\"section\" class=\"\">\n<div id=\"c41158\" class=\"c-item cty-txtimg clo-std\">\n<div class=\"csc-textpic-text\">\n<h5><span style=\"color: #ff00ff\"><strong>Enseignements communs<\/strong><\/span><\/h5>\n<table>\n<thead>\n<tr class=\"align-centre\">\n<th><\/th>\n<th colspan=\"2\" rowspan=\"1\" scope=\"col\">Premi\u00e8re<\/th>\n<th>Terminale<\/th>\n<th>Coefficient<\/th>\n<\/tr>\n<\/thead>\n<tbody>\n<tr class=\"align-centre\">\n<td><span class=\"texterose\"><strong class=\"aucune\">LV1 et LV2*<br \/>\n<\/strong><\/span><\/td>\n<td colspan=\"2\" rowspan=\"1\">4h30<\/td>\n<td>5h<\/td>\n<td>LV1 (3) LV2 (2)<\/td>\n<\/tr>\n<\/tbody>\n<\/table>\n<p class=\"align-justifie\"><span class=\"textegris\">*La langue vivante 1 est \u00e9trang\u00e8re. La langue vivante 2 peut \u00eatre \u00e9trang\u00e8re ou r\u00e9gionale.<\/span><\/p>\n<p class=\"align-justifie astuce\">L&rsquo;\u00e9valuation des langues vivantes comprend une \u00e9preuve \u00e9crite de 2h lors des \u00e9preuves terminales du baccalaur\u00e9at et une \u00e9preuve orale d&rsquo;une dur\u00e9e de 20 minutes \u00e9valu\u00e9e dans le cadre de l&rsquo;ECA (<em>\u00c9valuation en Cours d&rsquo;Ann\u00e9e<\/em>). La liste des \u00e9preuves est disponible dans la<span class=\"texterose\"> <a class=\"lienSansIcone\" href=\"http:\/\/www.education.gouv.fr\/pid25535\/bulletin_officiel.html?cid_bo=76422\" target=\"_blank\" rel=\"noopener noreferrer\">note de service n\u00b0 2014-003 du 13-1-2014<\/a><\/span><\/p>\n<p class=\"anoter align-justifie\">Les \u00e9preuves de langue vivante \u00e9trang\u00e8re \u00e9valuent les comp\u00e9tences <strong>\u00e9crites et orales<\/strong> d\u00e9finies par arr\u00eat\u00e9 du ministre charg\u00e9 de l&rsquo;\u00e9ducation nationale.<\/p>\n<\/div>\n<\/div>\n<\/div>\n<\/div>\n<\/div>\n<\/div>\n<\/div>\n<\/div>\n<\/div>\n<\/div>\n<\/div>\n<\/div>\n<\/div>\n<\/div>\n<\/div>\n<\/div>\n<\/div>\n<\/div>\n<\/div>\n<\/div>\n<\/div>\n<\/div>\n<\/div>\n<\/div>\n<\/div>\n<\/div>\n<\/div>\n<\/div>\n","protected":false},"excerpt":{"rendered":"<p>Les informations de cette page concernent les s\u00e9ries\u00a0Sciences et Technologies de la Sant\u00e9 et du Social\u00a0(ST2S), Sciences et Technologies de Laboratoire\u00a0(STL), Sciences et Technologies du Design et des Arts Appliqu\u00e9s\u00a0(STD2A), &#8230;<\/p>\n","protected":false},"author":33,"featured_media":430,"parent":0,"menu_order":0,"comment_status":"closed","ping_status":"closed","template":"template-fullwidth.php","meta":{"footnotes":""},"class_list":["post-892","page","type-page","status-publish","has-post-thumbnail","hentry"],"_links":{"self":[{"href":"https:\/\/ent2d.ac-bordeaux.fr\/disciplines\/allemand\/wp-json\/wp\/v2\/pages\/892","targetHints":{"allow":["GET"]}}],"collection":[{"href":"https:\/\/ent2d.ac-bordeaux.fr\/disciplines\/allemand\/wp-json\/wp\/v2\/pages"}],"about":[{"href":"https:\/\/ent2d.ac-bordeaux.fr\/disciplines\/allemand\/wp-json\/wp\/v2\/types\/page"}],"author":[{"embeddable":true,"href":"https:\/\/ent2d.ac-bordeaux.fr\/disciplines\/allemand\/wp-json\/wp\/v2\/users\/33"}],"replies":[{"embeddable":true,"href":"https:\/\/ent2d.ac-bordeaux.fr\/disciplines\/allemand\/wp-json\/wp\/v2\/comments?post=892"}],"version-history":[{"count":4,"href":"https:\/\/ent2d.ac-bordeaux.fr\/disciplines\/allemand\/wp-json\/wp\/v2\/pages\/892\/revisions"}],"predecessor-version":[{"id":1470,"href":"https:\/\/ent2d.ac-bordeaux.fr\/disciplines\/allemand\/wp-json\/wp\/v2\/pages\/892\/revisions\/1470"}],"wp:featuredmedia":[{"embeddable":true,"href":"https:\/\/ent2d.ac-bordeaux.fr\/disciplines\/allemand\/wp-json\/wp\/v2\/media\/430"}],"wp:attachment":[{"href":"https:\/\/ent2d.ac-bordeaux.fr\/disciplines\/allemand\/wp-json\/wp\/v2\/media?parent=892"}],"curies":[{"name":"wp","href":"https:\/\/api.w.org\/{rel}","templated":true}]}}