{"id":881,"date":"2018-10-22T22:03:48","date_gmt":"2018-10-22T20:03:48","guid":{"rendered":"https:\/\/ent2d.ac-bordeaux.fr\/disciplines\/allemand\/?page_id=881"},"modified":"2018-10-22T22:11:11","modified_gmt":"2018-10-22T20:11:11","slug":"cycle-terminal-voie-generale","status":"publish","type":"page","link":"https:\/\/ent2d.ac-bordeaux.fr\/disciplines\/allemand\/cycle-terminal-voie-generale\/","title":{"rendered":"Cycle terminal voie g\u00e9n\u00e9rale"},"content":{"rendered":"<h4 style=\"text-align: center\"><span style=\"color: #0000ff\">Voie G\u00e9n\u00e9rale &#8211; S\u00e9rie Economique<\/span><\/h4>\n<div id=\"mainContent\">\n<p><img decoding=\"async\" class=\"blankImgFloat\" src=\"https:\/\/www.ac-strasbourg.fr\/fileadmin\/templates\/commun\/img\/blank.gif\" \/><\/p>\n<div id=\"section\" class=\"\">\n<div id=\"c41085\" class=\"c-item cty-txtimg clo-std\">\n<div class=\"csc-textpic-text\">\n<h5><span style=\"color: #ff00ff\"><strong>Enseignements communs<\/strong><\/span><\/h5>\n<p>&nbsp;<\/p>\n<table>\n<thead>\n<tr class=\"align-centre\">\n<th><\/th>\n<th scope=\"col\">Premi\u00e8re<\/th>\n<th scope=\"col\">Terminale<\/th>\n<th>Coefficient<\/th>\n<\/tr>\n<\/thead>\n<tbody>\n<tr class=\"align-centre\">\n<td><span class=\"texterose\"><strong class=\"aucune\">LV1 et LV2*<\/strong><\/span><\/td>\n<td>4h30<\/td>\n<td>4h<\/td>\n<td>LV1 (3) &#8211; LV2 (2)<\/td>\n<\/tr>\n<\/tbody>\n<\/table>\n<h5><span style=\"color: #ff00ff\"><strong>Enseignements facultatifs<\/strong><\/span><\/h5>\n<p>&nbsp;<\/p>\n<table>\n<tbody>\n<tr class=\"align-centre\">\n<th><\/th>\n<th scope=\"col\">Premi\u00e8re<\/th>\n<th scope=\"col\">Terminale<\/th>\n<th class=\"align-centre\">Coefficient<\/th>\n<\/tr>\n<tr class=\"align-centre\">\n<td><span class=\"texterose\"><strong class=\"aucune\">LV3*<\/strong><\/span><\/td>\n<td>3h<\/td>\n<td>3h<\/td>\n<td>\n<p class=\"align-justifie\">Pour les \u00e9preuves facultatives ne sont retenus que les points sup\u00e9rieurs \u00e0 la moyenne de 10 sur 20.<\/p>\n<p class=\"align-justifie\">Dans la mesure o\u00f9 il s&rsquo;agit de la premi\u00e8re \u00e9preuve facultative \u00e0 laquelle le candidat a choisi de s&rsquo;inscrire, les points sont multipli\u00e9s par deux.<\/p>\n<\/td>\n<\/tr>\n<\/tbody>\n<\/table>\n<\/div>\n<\/div>\n<div id=\"c54564\" class=\"c-item cty-txtimg clo-std\">\n<div class=\"csc-textpic-text\">\n<p>\u00a0<span class=\"textegris\">* La LV2 ou la LV3 peuvent \u00eatre \u00e9trang\u00e8res ou r\u00e9gionales.<\/span><\/p>\n<p class=\"pourinfo align-justifie\"><a href=\"https:\/\/ent2d.ac-bordeaux.fr\/disciplines\/allemand\/wp-content\/uploads\/sites\/11\/2018\/10\/Information.png\"><img loading=\"lazy\" decoding=\"async\" class=\"alignnone wp-image-877\" src=\"https:\/\/ent2d.ac-bordeaux.fr\/disciplines\/allemand\/wp-content\/uploads\/sites\/11\/2018\/10\/Information-300x200.png\" alt=\"\" width=\"56\" height=\"37\" \/><\/a>Un m\u00eame enseignement ne peut \u00eatre choisi au titre des enseignements d&rsquo;exploration et de l&rsquo;enseignement facultatif<\/p>\n<p class=\"pourinfo align-justifie\"><a href=\"https:\/\/ent2d.ac-bordeaux.fr\/disciplines\/allemand\/wp-content\/uploads\/sites\/11\/2018\/10\/Information.png\"><img loading=\"lazy\" decoding=\"async\" class=\"alignnone wp-image-877\" src=\"https:\/\/ent2d.ac-bordeaux.fr\/disciplines\/allemand\/wp-content\/uploads\/sites\/11\/2018\/10\/Information-300x200.png\" alt=\"\" width=\"56\" height=\"37\" \/><\/a>Enseignement auquel peut s\u2019ajouter une heure avec un assistant de langue<\/p>\n<h4 style=\"text-align: center\"><span style=\"color: #0000ff\">Voie G\u00e9n\u00e9rale &#8211; S\u00e9rie Litt\u00e9raire<\/span><\/h4>\n<div id=\"mainContent\">\n<p><img decoding=\"async\" class=\"blankImgFloat\" src=\"https:\/\/www.ac-strasbourg.fr\/fileadmin\/templates\/commun\/img\/blank.gif\" \/><\/p>\n<div id=\"section\" class=\"\">\n<div id=\"c54554\" class=\"c-item cty-txtimg clo-std\">\n<div class=\"csc-textpic-text\">\n<h5><span style=\"color: #ff00ff\">Enseignements Communs<\/span><\/h5>\n<p>&nbsp;<\/p>\n<table>\n<thead>\n<tr class=\"align-centre\">\n<th><\/th>\n<th scope=\"col\">Premi\u00e8re<\/th>\n<th scope=\"col\">Terminale<\/th>\n<th>Coefficient<\/th>\n<\/tr>\n<\/thead>\n<tbody>\n<tr class=\"align-centre\">\n<td><span class=\"texterose\"><strong class=\"aucune\">LV1 et LV2*<\/strong><\/span><\/td>\n<td>4h30<\/td>\n<td>4h<\/td>\n<td>LV1 (4) &#8211; LV2 (4)<\/td>\n<\/tr>\n<\/tbody>\n<\/table>\n<h6><\/h6>\n<h5><span style=\"color: #ff00ff\">Enseignements sp\u00e9cifiques obligatoires<\/span><\/h5>\n<p>&nbsp;<\/p>\n<table>\n<tbody>\n<tr class=\"align-centre\">\n<th><\/th>\n<th scope=\"col\">Premi\u00e8re<\/th>\n<th scope=\"col\">Terminale<\/th>\n<th>Coefficient<\/th>\n<\/tr>\n<tr class=\"align-centre\">\n<td><span class=\"texterose\"><strong class=\"aucune\">Litt\u00e9rature \u00e9trang\u00e8re en langue \u00e9trang\u00e8re (LELE)<\/strong><\/span><\/td>\n<td>2h<\/td>\n<td>1h30<\/td>\n<td>1<\/td>\n<\/tr>\n<\/tbody>\n<\/table>\n<h6><\/h6>\n<h5><span style=\"color: #ff00ff\">Un enseignement obligatoire au choix (1\u00e8re) ou de sp\u00e9cialit\u00e9 (terminale)\u00a0:<\/span><\/h5>\n<p>&nbsp;<\/p>\n<table>\n<tbody>\n<tr class=\"align-centre\">\n<th><\/th>\n<th scope=\"col\">Premi\u00e8re<\/th>\n<th scope=\"col\">Terminale<\/th>\n<th class=\"align-centre\">Coefficient<\/th>\n<\/tr>\n<tr class=\"align-centre\">\n<td><span class=\"texterose\"><strong class=\"aucune\">LV3*<\/strong><\/span><\/td>\n<td>3h<\/td>\n<td>3h<\/td>\n<td>4<\/td>\n<td><\/td>\n<\/tr>\n<tr class=\"align-centre\">\n<td rowspan=\"1\"><strong><span class=\"texterose\">Langues Vivantes Approfondie (LVA) 1 ou 2<\/span><\/strong><\/td>\n<td rowspan=\"1\">3h<\/td>\n<td rowspan=\"1\">3h<\/td>\n<td rowspan=\"1\">4<\/td>\n<td rowspan=\"1\"><\/td>\n<\/tr>\n<\/tbody>\n<\/table>\n<\/div>\n<\/div>\n<div id=\"c54693\" class=\"c-item cty-txtimg clo-std\">\n<div class=\"csc-textpic-text\">\n<h5><span style=\"color: #ff00ff\">Un enseignement facultatif au choix :<\/span><\/h5>\n<p>&nbsp;<\/p>\n<table>\n<tbody>\n<tr class=\"align-centre\">\n<th><\/th>\n<th scope=\"col\">Premi\u00e8re<\/th>\n<th scope=\"col\">Terminale<\/th>\n<th class=\"align-centre\">Coefficient<\/th>\n<\/tr>\n<tr class=\"align-centre\">\n<td>&nbsp;<\/p>\n<p><span class=\"texterose\"><strong class=\"aucune\">Langue Vivante 3*<\/strong><\/span><\/td>\n<td>&nbsp;<\/p>\n<p>3h<\/td>\n<td>&nbsp;<\/p>\n<p>3h<\/td>\n<td>\n<p class=\"align-justifie\">Pour les \u00e9preuves facultatives ne sont retenus que les points sup\u00e9rieurs \u00e0 la moyenne de 10 sur 20.<\/p>\n<p class=\"align-justifie\">Dans la mesure o\u00f9 il s&rsquo;agit de la premi\u00e8re \u00e9preuve facultative \u00e0 laquelle le candidat a choisi de s&rsquo;inscrire, les points sont multipli\u00e9s par deux.<\/p>\n<\/td>\n<td><\/td>\n<\/tr>\n<\/tbody>\n<\/table>\n<\/div>\n<\/div>\n<div id=\"c54565\" class=\"c-item cty-txtimg clo-std\">\n<div class=\"csc-textpic-text\">\u00a0<span class=\"textegris\">* La LV2 ou la LV3 peuvent \u00eatre \u00e9trang\u00e8res ou r\u00e9gionales.<\/span><\/div>\n<div><\/div>\n<\/div>\n<div class=\"csc-textpic-text\">\n<p class=\"pourinfo align-justifie\"><a href=\"https:\/\/ent2d.ac-bordeaux.fr\/disciplines\/allemand\/wp-content\/uploads\/sites\/11\/2018\/10\/Information.png\"><img loading=\"lazy\" decoding=\"async\" class=\"alignnone wp-image-877\" src=\"https:\/\/ent2d.ac-bordeaux.fr\/disciplines\/allemand\/wp-content\/uploads\/sites\/11\/2018\/10\/Information-300x200.png\" alt=\"\" width=\"56\" height=\"37\" \/><\/a>Un m\u00eame enseignement ne peut \u00eatre choisi au titre des enseignements d&rsquo;exploration et de l&rsquo;enseignement facultatif<\/p>\n<p class=\"pourinfo align-justifie\"><a href=\"https:\/\/ent2d.ac-bordeaux.fr\/disciplines\/allemand\/wp-content\/uploads\/sites\/11\/2018\/10\/Information.png\"><img loading=\"lazy\" decoding=\"async\" class=\"alignnone wp-image-877\" src=\"https:\/\/ent2d.ac-bordeaux.fr\/disciplines\/allemand\/wp-content\/uploads\/sites\/11\/2018\/10\/Information-300x200.png\" alt=\"\" width=\"56\" height=\"37\" \/><\/a>Enseignement auquel peut s\u2019ajouter une heure avec un assistant de langue.<\/p>\n<h4 style=\"text-align: center\"><span style=\"color: #0000ff\">Voie G\u00e9n\u00e9rale &#8211; S\u00e9rie Scientifique<\/span><\/h4>\n<div id=\"mainContent\">\n<p><img decoding=\"async\" class=\"blankImgFloat\" src=\"https:\/\/www.ac-strasbourg.fr\/fileadmin\/templates\/commun\/img\/blank.gif\" \/><\/p>\n<div id=\"section\" class=\"\">\n<div id=\"c41075\" class=\"c-item cty-txtimg clo-std\">\n<div class=\"csc-textpic-text\">\n<h5><span style=\"color: #ff00ff\">Enseignements communs<\/span><\/h5>\n<p>&nbsp;<\/p>\n<table>\n<thead>\n<tr class=\"align-centre\">\n<th><\/th>\n<th scope=\"col\">Premi\u00e8re<\/th>\n<th scope=\"col\">Terminale<\/th>\n<th>Coefficient<\/th>\n<\/tr>\n<\/thead>\n<tbody>\n<tr class=\"align-centre\">\n<td><span class=\"texterose\"><strong class=\"aucune\">LV1 et LV2*<\/strong><\/span><\/td>\n<td>4h30<\/td>\n<td>4h<\/td>\n<td>LV1 (3) &#8211; LV2 (2)<\/td>\n<\/tr>\n<\/tbody>\n<\/table>\n<h5><\/h5>\n<h5><span style=\"color: #ff00ff\">Enseignements facultatifs<\/span><\/h5>\n<p>&nbsp;<\/p>\n<table>\n<tbody>\n<tr class=\"align-centre\">\n<th><\/th>\n<th scope=\"col\">Premi\u00e8re<\/th>\n<th scope=\"col\">Terminale<\/th>\n<th class=\"align-centre\">Coefficient<\/th>\n<\/tr>\n<tr class=\"align-centre\">\n<td><span class=\"texterose\"><strong class=\"aucune\">LV3*<\/strong><\/span><\/td>\n<td>3h<\/td>\n<td>3h<\/td>\n<td>\n<p class=\"align-justifie\">Pour les \u00e9preuves facultatives ne sont retenus que les points sup\u00e9rieurs \u00e0 la moyenne de 10 sur 20.<\/p>\n<p class=\"align-justifie\">Dans la mesure o\u00f9 il s&rsquo;agit de la premi\u00e8re \u00e9preuve facultative \u00e0 laquelle le candidat a choisi de s&rsquo;inscrire, les points sont multipli\u00e9s par deux.<\/p>\n<\/td>\n<\/tr>\n<\/tbody>\n<\/table>\n<\/div>\n<\/div>\n<div id=\"c54563\" class=\"c-item cty-txtimg clo-std\">\n<div class=\"csc-textpic-text\">\u00a0<span class=\"textegris\">* La LV2 ou la LV3 peuvent \u00eatre \u00e9trang\u00e8res ou r\u00e9gionales.<\/span><\/div>\n<div class=\"csc-textpic-text\"><a href=\"https:\/\/ent2d.ac-bordeaux.fr\/disciplines\/allemand\/wp-content\/uploads\/sites\/11\/2018\/10\/Information.png\"><img loading=\"lazy\" decoding=\"async\" class=\"alignnone wp-image-877\" src=\"https:\/\/ent2d.ac-bordeaux.fr\/disciplines\/allemand\/wp-content\/uploads\/sites\/11\/2018\/10\/Information-300x200.png\" alt=\"\" width=\"56\" height=\"37\" \/><\/a>Un m\u00eame enseignement ne peut \u00eatre choisi au titre des enseignements d&rsquo;exploration et de l&rsquo;enseignement facultatif<\/div>\n<div><\/div>\n<div class=\"csc-textpic-text\"><a href=\"https:\/\/ent2d.ac-bordeaux.fr\/disciplines\/allemand\/wp-content\/uploads\/sites\/11\/2018\/10\/Information.png\"><img loading=\"lazy\" decoding=\"async\" class=\"alignnone wp-image-877\" src=\"https:\/\/ent2d.ac-bordeaux.fr\/disciplines\/allemand\/wp-content\/uploads\/sites\/11\/2018\/10\/Information-300x200.png\" alt=\"\" width=\"56\" height=\"37\" \/><\/a>Enseignement auquel peut s\u2019ajouter une heure avec un assistant de langue<\/div>\n<\/div>\n<\/div>\n<\/div>\n<\/div>\n<\/div>\n<\/div>\n<\/div>\n<\/div>\n<\/div>\n<\/div>\n","protected":false},"excerpt":{"rendered":"<p>Voie G\u00e9n\u00e9rale &#8211; S\u00e9rie Economique Enseignements communs &nbsp; Premi\u00e8re Terminale Coefficient LV1 et LV2* 4h30 4h LV1 (3) &#8211; LV2 (2) Enseignements facultatifs &nbsp; Premi\u00e8re Terminale Coefficient LV3* 3h 3h &#8230;<\/p>\n","protected":false},"author":33,"featured_media":430,"parent":0,"menu_order":0,"comment_status":"closed","ping_status":"closed","template":"template-fullwidth.php","meta":{"footnotes":""},"class_list":["post-881","page","type-page","status-publish","has-post-thumbnail","hentry"],"_links":{"self":[{"href":"https:\/\/ent2d.ac-bordeaux.fr\/disciplines\/allemand\/wp-json\/wp\/v2\/pages\/881","targetHints":{"allow":["GET"]}}],"collection":[{"href":"https:\/\/ent2d.ac-bordeaux.fr\/disciplines\/allemand\/wp-json\/wp\/v2\/pages"}],"about":[{"href":"https:\/\/ent2d.ac-bordeaux.fr\/disciplines\/allemand\/wp-json\/wp\/v2\/types\/page"}],"author":[{"embeddable":true,"href":"https:\/\/ent2d.ac-bordeaux.fr\/disciplines\/allemand\/wp-json\/wp\/v2\/users\/33"}],"replies":[{"embeddable":true,"href":"https:\/\/ent2d.ac-bordeaux.fr\/disciplines\/allemand\/wp-json\/wp\/v2\/comments?post=881"}],"version-history":[{"count":8,"href":"https:\/\/ent2d.ac-bordeaux.fr\/disciplines\/allemand\/wp-json\/wp\/v2\/pages\/881\/revisions"}],"predecessor-version":[{"id":889,"href":"https:\/\/ent2d.ac-bordeaux.fr\/disciplines\/allemand\/wp-json\/wp\/v2\/pages\/881\/revisions\/889"}],"wp:featuredmedia":[{"embeddable":true,"href":"https:\/\/ent2d.ac-bordeaux.fr\/disciplines\/allemand\/wp-json\/wp\/v2\/media\/430"}],"wp:attachment":[{"href":"https:\/\/ent2d.ac-bordeaux.fr\/disciplines\/allemand\/wp-json\/wp\/v2\/media?parent=881"}],"curies":[{"name":"wp","href":"https:\/\/api.w.org\/{rel}","templated":true}]}}