{"id":825,"date":"2018-10-22T18:22:31","date_gmt":"2018-10-22T16:22:31","guid":{"rendered":"https:\/\/ent2d.ac-bordeaux.fr\/disciplines\/allemand\/?page_id=825"},"modified":"2018-10-22T20:55:14","modified_gmt":"2018-10-22T18:55:14","slug":"programmes-denseignement-et-ressources-pour-le-cycle-terminal-voie-generale-et-technologique","status":"publish","type":"page","link":"https:\/\/ent2d.ac-bordeaux.fr\/disciplines\/allemand\/programmes-denseignement-et-ressources-pour-le-cycle-terminal-voie-generale-et-technologique\/","title":{"rendered":"Programmes d&rsquo;enseignement et ressources pour le cycle terminal (voie g\u00e9n\u00e9rale et technologique)"},"content":{"rendered":"<h4 style=\"text-align: center\"><span style=\"color: #0000ff\">Programmes d&rsquo;enseignement et ressources pour le cycle terminal (voie g\u00e9n\u00e9rale et technologique)<\/span><\/h4>\n<p>A savoir<\/p>\n<p><strong>Les programmes d&rsquo;enseignement vont \u00eatre revus pour les classes de premi\u00e8re et de terminale \u00e0 compter de la rentr\u00e9e 2019.<\/strong><\/p>\n<h5><strong>Programmes pour le cycle terminal du lyc\u00e9e g\u00e9n\u00e9ral et technologique<\/strong><\/h5>\n<p>Le programme du cycle terminal s&rsquo;inscrit dans la continuit\u00e9 des programmes du coll\u00e8ge et de la classe de seconde. Il prend appui sur le C.E.C.R.L et vise \u00e0 d\u00e9velopper l&rsquo;<strong>autonomie<\/strong>\u00a0de l&rsquo;\u00e9l\u00e8ve dans la\u00a0<strong>pratique<\/strong>\u00a0des langues vivantes dans les cinq activit\u00e9s langagi\u00e8res suivantes\u00a0: compr\u00e9hension de l&rsquo;oral et de l&rsquo;\u00e9crit\u00a0<em>(activit\u00e9s de r\u00e9ception<\/em>); expression orale en continu et expression \u00e9crite (<em>activit\u00e9s de production<\/em>); interaction orale.<\/p>\n<p>&nbsp;<\/p>\n<table width=\"0\">\n<tbody>\n<tr>\n<td><strong><a href=\"https:\/\/ent2d.ac-bordeaux.fr\/disciplines\/allemand\/wp-content\/uploads\/sites\/11\/2018\/10\/Lycee__Programmes_cycle_terminal__BO_n__9_du_30_septembre_2010.pdf\" target=\"_blank\" rel=\"noopener\">Enseignements communs de LV1 et de LV2<\/a><\/strong><\/td>\n<\/tr>\n<tr>\n<td><strong><a href=\"https:\/\/ent2d.ac-bordeaux.fr\/disciplines\/allemand\/wp-content\/uploads\/sites\/11\/2018\/10\/Lycee__Programmes_cycle_terminal__BO_n__9_du_30_septembre_2010-1.pdf\" target=\"_blank\" rel=\"noopener\">Enseignement facultatif de LV3<\/a><\/strong><\/td>\n<\/tr>\n<tr>\n<td><strong><a href=\"https:\/\/ent2d.ac-bordeaux.fr\/disciplines\/allemand\/wp-content\/uploads\/sites\/11\/2018\/10\/Lycee__Programmes_cycle_terminal__BO_n__9_du_30_septembre_2010-2.pdf\" target=\"_blank\" rel=\"noopener\">Enseignement sp\u00e9cifique de LV3 en s\u00e9rie litt\u00e9raire (L)<\/a><\/strong><\/td>\n<\/tr>\n<tr>\n<td><strong><a href=\"https:\/\/ent2d.ac-bordeaux.fr\/disciplines\/allemand\/wp-content\/uploads\/sites\/11\/2018\/10\/Lycee__Programmes_cycle_terminal__BO_n__9_du_30_septembre_2010-3.pdf\" target=\"_blank\" rel=\"noopener\">Enseignement sp\u00e9cifique de LV1 ou de LV2 approfondie en s\u00e9rie litt\u00e9raire (L)<\/a><\/strong><\/td>\n<\/tr>\n<tr>\n<td><strong><a href=\"https:\/\/ent2d.ac-bordeaux.fr\/disciplines\/allemand\/wp-content\/uploads\/sites\/11\/2018\/10\/Lycee__Programmes_cycle_terminal__BO_n__9_du_30_septembre_2010-4.pdf\" target=\"_blank\" rel=\"noopener\">Les objectifs g\u00e9n\u00e9raux de la discipline langues vivantes (\u00e9trang\u00e8res ou r\u00e9gionales)<\/a><\/strong><\/td>\n<\/tr>\n<tr>\n<td><strong><a href=\"https:\/\/ent2d.ac-bordeaux.fr\/disciplines\/allemand\/wp-content\/uploads\/sites\/11\/2018\/10\/langues_vivantes_155207.pdf\" target=\"_blank\" rel=\"noopener\">Descripteurs des capacit\u00e9s des niveaux A1 \u00e0 C1<\/a><\/strong><\/td>\n<\/tr>\n<tr>\n<td><strong><a href=\"http:\/\/www.education.gouv.fr\/cid53324\/mene1019738a.html\" target=\"_blank\" rel=\"noopener\">Programme d&rsquo;enseignement sp\u00e9cifique de LELE au cycle terminal de la s\u00e9rie litt\u00e9raire (L)<br \/>\n<\/a><\/strong><\/td>\n<\/tr>\n<tr>\n<td><strong><a href=\"https:\/\/ent2d.ac-bordeaux.fr\/disciplines\/allemand\/wp-content\/uploads\/sites\/11\/2018\/10\/LV_STI2D_STL_STD2A_171033.pdf\" target=\"_blank\" rel=\"noopener\">Enseignement de LV1 et LV2 dans les s\u00e9ries\u00a0STD2A, STI2D,\u00a0STL<\/a><\/strong><\/td>\n<\/tr>\n<tr>\n<td><strong><a href=\"https:\/\/ent2d.ac-bordeaux.fr\/disciplines\/allemand\/wp-content\/uploads\/sites\/11\/2018\/10\/1-Document_introductif_ETLV_225228.pdf\" target=\"_blank\" rel=\"noopener\">Enseignement technologique en langue vivante 1 dans les s\u00e9ries\u00a0STD2A, STI2D,\u00a0STL<\/a><\/strong><\/td>\n<\/tr>\n<tr>\n<td><a href=\"https:\/\/ent2d.ac-bordeaux.fr\/disciplines\/allemand\/wp-content\/uploads\/sites\/11\/2018\/10\/ensel565_annexe5_550170.pdf\" target=\"_blank\" rel=\"noopener\"><strong>Programme de langues vivantes du cycle terminal de la s\u00e9rie STHR<\/strong><\/a><\/td>\n<\/tr>\n<tr>\n<td><strong><a href=\"http:\/\/www.education.gouv.fr\/pid285\/bulletin_officiel.html?cid_bo=133002\" target=\"_blank\" rel=\"noopener\">ABIBAC &#8211; \u0152uvre obligatoire inscrite au programme d&rsquo;enseignement de langue et litt\u00e9rature pour les ann\u00e9es scolaires 2019-2020, 2020-2021 et 2021-2022<\/a><\/strong><\/td>\n<\/tr>\n<\/tbody>\n<\/table>\n<p><strong>En fin de classe de terminale g\u00e9n\u00e9rale et technologique, le niveau de comp\u00e9tence vis\u00e9 est en :<\/strong><\/p>\n<p>&nbsp;<\/p>\n<table width=\"0\">\n<tbody>\n<tr>\n<td><strong>Langue Vivante 1<\/strong><\/td>\n<td><strong>Langue Vivante 2<\/strong><\/td>\n<td><strong>Langue Vivante 3<\/strong><\/td>\n<td colspan=\"2\"><strong>Langue vivante approfondie<\/strong><\/td>\n<\/tr>\n<tr>\n<td colspan=\"3\"><\/td>\n<td><strong>Langue Vivante 1<\/strong><\/td>\n<td><strong>Langue Vivante 2<\/strong><\/td>\n<\/tr>\n<tr>\n<td><strong>B2<\/strong><\/td>\n<td><strong>B1<\/strong><\/td>\n<td><strong>A2<\/strong><\/td>\n<td><strong>C1<\/strong><\/td>\n<td><strong>B2<\/strong><\/td>\n<\/tr>\n<tr>\n<td>utilisateur ind\u00e9pendant<\/p>\n<p>(<em>niveau avanc\u00e9<\/em>)<\/td>\n<td>utilisateur ind\u00e9pendant<\/p>\n<p>(<em>niveau seuil<\/em>)<\/td>\n<td>utilisateur \u00e9l\u00e9mentaire<\/p>\n<p>(<em>niveau interm\u00e9diaire<\/em>)<\/td>\n<td>utilisateur exp\u00e9riment\u00e9<\/p>\n<p>(<em>autonome<\/em>)<\/td>\n<td>utilisateur ind\u00e9pendant<\/p>\n<p>(<em>niveau avanc\u00e9<\/em>)<\/td>\n<\/tr>\n<\/tbody>\n<\/table>\n<p>&nbsp;<\/p>\n<h6><strong>Banques d&rsquo;id\u00e9es de sujets d&rsquo;\u00e9tude pour le cycle terminal du lyc\u00e9e g\u00e9n\u00e9ral et technologique<\/strong><\/h6>\n<p>Les contextes d&rsquo;usage de la langue \u00e9tudi\u00e9e sont prioritairement dict\u00e9s par l&rsquo;entr\u00e9e culturelle\u00a0:<strong>\u00a0<\/strong><strong>\u00ab\u00a0Gestes fondateurs et mondes en mouvement\u00a0\u00bb.<\/strong><strong>\u00a0<\/strong>Cette entr\u00e9e est structur\u00e9e autour de quatre notions\u00a0:\u00a0<strong>mythes et h\u00e9ros, espaces et \u00e9changes,\u00a0 lieux et formes du pouvoir,\u00a0 l&rsquo;id\u00e9e de progr\u00e8s.<\/strong><strong>\u00a0<\/strong>Il revient \u00e0 chaque langue de d\u00e9cliner ces notions en <strong>probl\u00e9matiques inh\u00e9rentes<\/strong>\u00a0aux sp\u00e9cificit\u00e9s des aires culturelles et linguistiques \u00e9tudi\u00e9es.<\/p>\n<p>Ces ressources proviennent du site\u00a0<strong><a href=\"http:\/\/eduscol.education.fr\/cid65776\/ressources-pour-le-cycle-terminal.html\">Eduscol<\/a><\/strong>.<\/p>\n<p><a href=\"https:\/\/ent2d.ac-bordeaux.fr\/disciplines\/allemand\/wp-content\/uploads\/sites\/11\/2018\/10\/RESS_LGT_cycle_terminal_LV_allemand_sujets_etudes_230674.pdf\" target=\"_blank\" rel=\"noopener\">Ressources pour l\u2019allemand<\/a><\/p>\n<p><span style=\"color: #ff00ff\">Exemples de d\u00e9marches d\u00e9taill\u00e9es et simulation d&rsquo;expression orale de type bac<\/span><\/p>\n<p><a href=\"https:\/\/ent2d.ac-bordeaux.fr\/disciplines\/allemand\/wp-content\/uploads\/sites\/11\/2018\/10\/Demarche_detaillee-LGT-2013-Allemand.pdf\" target=\"_blank\" rel=\"noopener\">Ressources pour l&rsquo;allemand<\/a><\/p>\n<p><span style=\"color: #ff00ff\">Litt\u00e9rature \u00e9trang\u00e8re en langue \u00e9trang\u00e8re<\/span><\/p>\n<p><a href=\"https:\/\/ent2d.ac-bordeaux.fr\/disciplines\/allemand\/wp-content\/uploads\/sites\/11\/2018\/10\/RESS_LV_cycle_terminal_allemand_LELE_266418.pdf\" target=\"_blank\" rel=\"noopener\">Ressources pour l\u2019allemand<\/a><\/p>\n<p><span style=\"color: #ff00ff\">Litt\u00e9rature \u00e9trang\u00e8re en langue \u00e9trang\u00e8re : sc\u00e9narios p\u00e9dagogiques<\/span><\/p>\n<p><a href=\"https:\/\/ent2d.ac-bordeaux.fr\/disciplines\/allemand\/wp-content\/uploads\/sites\/11\/2018\/10\/scenario_interactif_LELE_allemand_13_05_2014_322361.pdf\" target=\"_blank\" rel=\"noopener\">Ressources pour l\u2019allemand<\/a><\/p>\n","protected":false},"excerpt":{"rendered":"<p>Programmes d&rsquo;enseignement et ressources pour le cycle terminal (voie g\u00e9n\u00e9rale et technologique) A savoir Les programmes d&rsquo;enseignement vont \u00eatre revus pour les classes de premi\u00e8re et de terminale \u00e0 compter &#8230;<\/p>\n","protected":false},"author":33,"featured_media":430,"parent":0,"menu_order":0,"comment_status":"closed","ping_status":"closed","template":"template-fullwidth.php","meta":{"footnotes":""},"class_list":["post-825","page","type-page","status-publish","has-post-thumbnail","hentry"],"_links":{"self":[{"href":"https:\/\/ent2d.ac-bordeaux.fr\/disciplines\/allemand\/wp-json\/wp\/v2\/pages\/825","targetHints":{"allow":["GET"]}}],"collection":[{"href":"https:\/\/ent2d.ac-bordeaux.fr\/disciplines\/allemand\/wp-json\/wp\/v2\/pages"}],"about":[{"href":"https:\/\/ent2d.ac-bordeaux.fr\/disciplines\/allemand\/wp-json\/wp\/v2\/types\/page"}],"author":[{"embeddable":true,"href":"https:\/\/ent2d.ac-bordeaux.fr\/disciplines\/allemand\/wp-json\/wp\/v2\/users\/33"}],"replies":[{"embeddable":true,"href":"https:\/\/ent2d.ac-bordeaux.fr\/disciplines\/allemand\/wp-json\/wp\/v2\/comments?post=825"}],"version-history":[{"count":19,"href":"https:\/\/ent2d.ac-bordeaux.fr\/disciplines\/allemand\/wp-json\/wp\/v2\/pages\/825\/revisions"}],"predecessor-version":[{"id":859,"href":"https:\/\/ent2d.ac-bordeaux.fr\/disciplines\/allemand\/wp-json\/wp\/v2\/pages\/825\/revisions\/859"}],"wp:featuredmedia":[{"embeddable":true,"href":"https:\/\/ent2d.ac-bordeaux.fr\/disciplines\/allemand\/wp-json\/wp\/v2\/media\/430"}],"wp:attachment":[{"href":"https:\/\/ent2d.ac-bordeaux.fr\/disciplines\/allemand\/wp-json\/wp\/v2\/media?parent=825"}],"curies":[{"name":"wp","href":"https:\/\/api.w.org\/{rel}","templated":true}]}}