{"id":553,"date":"2023-03-08T09:00:43","date_gmt":"2023-03-08T08:00:43","guid":{"rendered":"https:\/\/ent2d.ac-bordeaux.fr\/disciplines\/3pm\/?page_id=553"},"modified":"2023-03-08T09:07:18","modified_gmt":"2023-03-08T08:07:18","slug":"transformation-de-la-voie-professionnelle","status":"publish","type":"page","link":"https:\/\/ent2d.ac-bordeaux.fr\/disciplines\/3pm\/parcours-mgistere\/transformation-de-la-voie-professionnelle\/","title":{"rendered":"Transformation de la voie professionnelle"},"content":{"rendered":"\n<div class=\"wp-block-image\"><figure class=\"aligncenter size-full\"><a href=\"https:\/\/magistere.education.fr\/dgesco\/course\/view.php?id=1519\" target=\"_blank\" rel=\"noopener\"><img loading=\"lazy\" decoding=\"async\" width=\"162\" height=\"126\" src=\"https:\/\/ent2d.ac-bordeaux.fr\/disciplines\/3pm\/wp-content\/uploads\/sites\/74\/2023\/03\/image-28.png\" alt=\"\" class=\"wp-image-555\" \/><\/a><\/figure><\/div>\n\n\n\n<p><a href=\"https:\/\/magistere.education.fr\/dgesco\/course\/view.php?id=1519&amp;section=333\">Ce parcours m@gist\u00e8re <\/a>a \u00e9t\u00e9 con\u00e7u pour accompagner les \u00e9quipes \u00e9ducatives associ\u00e9es&nbsp; \u00e0 la mise en \u0153uvre de la classe de 3e pr\u00e9pa m\u00e9tiers.&nbsp;<\/p>\n\n\n\n<p>Les diff\u00e9rents modules r\u00e9pondent, sans exhaustivit\u00e9, aux principales questions qui se font jour. Ce parcours de formation propose :<\/p>\n\n\n\n<ul class=\"wp-block-list\"><li>des capsules vid\u00e9os, extraites des programmes nationaux de formation<\/li><li>des \u00e9l\u00e9ments d\u2019analyse, de r\u00e9flexion, de comparaison.&nbsp;<\/li><\/ul>\n\n\n\n<p>Les activit\u00e9s \u00e0 r\u00e9aliser ainsi que les exemples fournis permettent une meilleure prise en charge des coll\u00e9giens, \u00e9l\u00e8ves de cette classe de \u00ab 3e pr\u00e9pa m\u00e9tiers \u00bb dans la construction de leurs projets d\u2019orientation.&nbsp;<\/p>\n\n\n\n<p>Ce parcours aborde en particulier les questions autour du <strong>projet p\u00e9dagogique de la classe<\/strong> et la mise en \u0153uvre de <strong>l\u2019enseignement de la d\u00e9couverte professionnelle des m\u00e9tiers et des formations professionnelles<\/strong>.&nbsp;<\/p>\n\n\n\n<figure class=\"wp-block-image size-full\"><img loading=\"lazy\" decoding=\"async\" width=\"939\" height=\"215\" src=\"https:\/\/ent2d.ac-bordeaux.fr\/disciplines\/3pm\/wp-content\/uploads\/sites\/74\/2023\/03\/image-27.png\" alt=\"\" class=\"wp-image-554\" srcset=\"https:\/\/ent2d.ac-bordeaux.fr\/disciplines\/3pm\/wp-content\/uploads\/sites\/74\/2023\/03\/image-27.png 939w, https:\/\/ent2d.ac-bordeaux.fr\/disciplines\/3pm\/wp-content\/uploads\/sites\/74\/2023\/03\/image-27-300x69.png 300w, https:\/\/ent2d.ac-bordeaux.fr\/disciplines\/3pm\/wp-content\/uploads\/sites\/74\/2023\/03\/image-27-768x176.png 768w\" sizes=\"auto, (max-width: 939px) 100vw, 939px\" \/><\/figure>\n","protected":false},"excerpt":{"rendered":"<p>Ce parcours m@gist\u00e8re a \u00e9t\u00e9 con\u00e7u pour accompagner les \u00e9quipes \u00e9ducatives associ\u00e9es&nbsp; \u00e0 la mise en \u0153uvre de la classe de 3e pr\u00e9pa m\u00e9tiers.&nbsp; Les diff\u00e9rents modules r\u00e9pondent, sans exhaustivit\u00e9, aux principales questions qui se font jour. Ce parcours de formation propose : des capsules vid\u00e9os, extraites des programmes nationaux de formation des \u00e9l\u00e9ments d\u2019analyse, &hellip; <\/p>\n<p><a class=\"more-link btn\" href=\"https:\/\/ent2d.ac-bordeaux.fr\/disciplines\/3pm\/parcours-mgistere\/transformation-de-la-voie-professionnelle\/\">Lire la suite<\/a><\/p>\n","protected":false},"author":95,"featured_media":555,"parent":36,"menu_order":0,"comment_status":"closed","ping_status":"closed","template":"","meta":{"footnotes":""},"class_list":["post-553","page","type-page","status-publish","has-post-thumbnail","hentry","nodate","item-wrap"],"_links":{"self":[{"href":"https:\/\/ent2d.ac-bordeaux.fr\/disciplines\/3pm\/wp-json\/wp\/v2\/pages\/553","targetHints":{"allow":["GET"]}}],"collection":[{"href":"https:\/\/ent2d.ac-bordeaux.fr\/disciplines\/3pm\/wp-json\/wp\/v2\/pages"}],"about":[{"href":"https:\/\/ent2d.ac-bordeaux.fr\/disciplines\/3pm\/wp-json\/wp\/v2\/types\/page"}],"author":[{"embeddable":true,"href":"https:\/\/ent2d.ac-bordeaux.fr\/disciplines\/3pm\/wp-json\/wp\/v2\/users\/95"}],"replies":[{"embeddable":true,"href":"https:\/\/ent2d.ac-bordeaux.fr\/disciplines\/3pm\/wp-json\/wp\/v2\/comments?post=553"}],"version-history":[{"count":2,"href":"https:\/\/ent2d.ac-bordeaux.fr\/disciplines\/3pm\/wp-json\/wp\/v2\/pages\/553\/revisions"}],"predecessor-version":[{"id":557,"href":"https:\/\/ent2d.ac-bordeaux.fr\/disciplines\/3pm\/wp-json\/wp\/v2\/pages\/553\/revisions\/557"}],"up":[{"embeddable":true,"href":"https:\/\/ent2d.ac-bordeaux.fr\/disciplines\/3pm\/wp-json\/wp\/v2\/pages\/36"}],"wp:featuredmedia":[{"embeddable":true,"href":"https:\/\/ent2d.ac-bordeaux.fr\/disciplines\/3pm\/wp-json\/wp\/v2\/media\/555"}],"wp:attachment":[{"href":"https:\/\/ent2d.ac-bordeaux.fr\/disciplines\/3pm\/wp-json\/wp\/v2\/media?parent=553"}],"curies":[{"name":"wp","href":"https:\/\/api.w.org\/{rel}","templated":true}]}}